{"id":18693,"date":"2025-11-08T13:43:16","date_gmt":"2025-11-08T12:43:16","guid":{"rendered":"https:\/\/www.leslanguessansstress.fr\/?page_id=18693"},"modified":"2025-11-13T15:02:38","modified_gmt":"2025-11-13T14:02:38","slug":"etre-au-top-sans-stress","status":"publish","type":"page","link":"https:\/\/www.leslanguessansstress.fr\/","title":{"rendered":"\u00catre au top sans stress"},"content":{"rendered":"<p style=\"font-weight: 400; text-align: left;\"><span style=\"color: #000000; font-size: 14px; font-family: arial, helvetica, sans-serif;\">Information plus lisible depuis un PC.<\/span><\/p>\n<h1 style=\"font-weight: 400; text-align: left;\"><span style=\"color: #000080; font-size: 20px; font-family: arial, helvetica, sans-serif;\">Nos prestations pour \u00eatre au top avec les langues sans stress<\/span><\/h1>\n<h2 style=\"font-weight: 400; text-align: left;\"><span style=\"color: #ff6600; font-family: arial, helvetica, sans-serif; font-size: 16px;\">COURS DE LANGUES<\/span><\/h2>\n<h4 style=\"font-weight: 400; text-align: left;\"><span style=\"font-family: arial, helvetica, sans-serif; font-size: 14px;\"><a href=\"https:\/\/www.leslanguessansstress.fr\/index.php\/2025\/01\/23\/anglais-courant-professionnel-cpf\/\"><strong>ANGLAIS<\/strong><\/a><\/span><br \/>\n<span style=\"font-family: arial, helvetica, sans-serif; font-size: 14px;\"><a href=\"https:\/\/www.leslanguessansstress.fr\/index.php\/2025\/01\/24\/allemand-courant-professionnel-cpf\/\">\u00a0<strong>ALLEMAND<\/strong><\/a><\/span><br \/>\n<span style=\"font-family: arial, helvetica, sans-serif; font-size: 14px;\">\u00a0<a href=\"https:\/\/www.leslanguessansstress.fr\/index.php\/2025\/01\/22\/17271\/\"><strong>ESPAGNOL<\/strong><\/a><\/span><br \/>\n<span style=\"font-family: arial, helvetica, sans-serif; font-size: 14px;\">\u00a0<a href=\"https:\/\/www.leslanguessansstress.fr\/index.php\/2025\/01\/23\/italien-courant-professionnel-cpf\/\"><strong>ITALIEN<\/strong><\/a><\/span><br \/>\n<span style=\"font-family: arial, helvetica, sans-serif; font-size: 14px;\"><a href=\"https:\/\/www.leslanguessansstress.fr\/index.php\/2025\/01\/24\/francais-fle-courant-professionnel-cpf\/\">\u00a0<strong>FLE<\/strong><\/a>\u00a0<span style=\"color: #000080;\">\u2192 Fran\u00e7ais langue \u00e9trang\u00e8re <\/span><\/span><br \/>\n<span style=\"font-family: arial, helvetica, sans-serif; font-size: 14px;\"><span style=\"color: #000080;\"><strong><a href=\"https:\/\/www.leslanguessansstress.fr\/index.php\/2025\/06\/26\/17075\/\" target=\"_blank\" rel=\"noopener\">ANGLAIS AM\u00c9RICAIN<\/a><\/strong> (pr\u00e9paration TOEIC)<\/span><\/span><br \/>\n<span style=\"font-family: arial, helvetica, sans-serif; font-size: 14px;\"><a href=\"https:\/\/www.leslanguessansstress.fr\/index.php\/2024\/12\/30\/francais-ecrit-certification-le-robert\/\"><strong>FRAN\u00c7AIS perfectionnement \u00e9crit<\/strong><\/a> <span style=\"color: #000080;\">(certification LE ROBERT)<\/span><\/span><\/h4>\n<p style=\"font-weight: 400; text-align: left;\"><span style=\"color: #000080; font-family: arial, helvetica, sans-serif; font-size: 14px;\"><span style=\"text-decoration: underline;\">Cours et pr\u00e9paration certification linguistique parties \u00e9crite et orale<\/span>, tous niveaux de l\u2019initiation \u00e0 l\u2019enrichissement du langage en\u00a0:<\/span><br \/>\n<span style=\"color: #000080; font-family: arial, helvetica, sans-serif; font-size: 14px;\">&#8211; Communication dans la vie quotidienne,<\/span><br \/>\n<span style=\"color: #000080; font-family: arial, helvetica, sans-serif; font-size: 14px;\">&#8211; Langue courante en milieu professionnel \u00a0<\/span><br \/>\n<span style=\"color: #000080; font-family: arial, helvetica, sans-serif; font-size: 14px;\">&#8211; Par m\u00e9tier, secteur d\u2019activit\u00e9, <\/span><br \/>\n<span style=\"color: #000080; font-family: arial, helvetica, sans-serif; font-size: 14px;\">&#8211; Pr\u00e9paration au voyage. <\/span><br \/>\n<span style=\"color: #000080; font-family: arial, helvetica, sans-serif; font-size: 14px;\"><a href=\"https:\/\/www.leslanguessansstress.fr\/index.php\/2025\/11\/13\/18709\/\" target=\"_blank\" rel=\"noopener\">Modalit\u00e9s des cours et ateliers interactifs<\/a>\u00a0<\/span><br \/>\n<strong><span style=\"color: #008080; font-size: 14px; font-family: arial, helvetica, sans-serif;\"><a style=\"color: #008080;\" href=\"https:\/\/www.leslanguessansstress.fr\/index.php\/2025\/06\/18\/apprendre-les-langues-sans-stress-sous-hypnose\/\" target=\"_blank\" rel=\"noopener\">Apprendre les langues sous hypnose<\/a><\/span><\/strong><br \/>\n<span style=\"color: #000080; font-family: arial, helvetica, sans-serif; font-size: 14px;\"><strong><a href=\"https:\/\/www.leslanguessansstress.fr\/index.php\/2025\/04\/03\/bilingue-double-immersion\/\" target=\"_blank\" rel=\"noopener\">DOUBLE IMMERSION<\/a><\/strong> en anglais + au choix : allemand, espagnol, italien ou fran\u00e7ais FLE &#8211; module bilingue ludique ou professionnel<\/span><br \/>\n<span style=\"font-size: 14px; font-family: arial, helvetica, sans-serif;\"><span style=\"color: #ff6600;\"><a href=\"https:\/\/www.leslanguessansstress.fr\/index.php\/2025\/11\/02\/18627\/\" target=\"_blank\" rel=\"noopener\">Formations langues et hypnose certifiantes \u00e9ligibles CPF<\/a><\/span><span style=\"color: #000080;\"> ou sur simple demande :\u00a0<\/span><\/span><\/p>\n<h2 style=\"font-weight: 400; text-align: left;\"><span style=\"color: #ff6600; font-family: arial, helvetica, sans-serif; font-size: 14px;\">PRATIQUE ORALE DES LANGUES PAR LE JEU OU SOUS HYPNOSE\u00a0<\/span><\/h2>\n<p style=\"font-weight: 400; text-align: left;\"><span style=\"color: #000080; font-family: arial, helvetica, sans-serif; font-size: 14px;\">Pratique active orale selon votre niveau de progression individuel dans un programme d\u00e9termin\u00e9<\/span><br \/>\n<span style=\"color: #000080; font-family: arial, helvetica, sans-serif; font-size: 14px;\">Pr\u00e9paration aux \u00e9changes en public ou pr\u00e9sentation, entretien individuel<\/span><br \/>\n<span style=\"color: #000080; font-family: arial, helvetica, sans-serif; font-size: 14px;\">Absorption naturelle des structures de phrases sous hypnose pendant l&rsquo;\u00e9coute des dialogues entre locuteurs natifs <\/span><br \/>\n<span style=\"color: #000080; font-family: arial, helvetica, sans-serif; font-size: 14px;\">D\u00e9veloppement de la compr\u00e9hension et de l\u2019expression instinctive sous hypnose <\/span><br \/>\n<span style=\"color: #000080; font-family: arial, helvetica, sans-serif; font-size: 14px;\">Interaction dirig\u00e9e dans la langue d&rsquo;\u00e9tude pendant des jeux immersifs sur place <\/span><\/p>\n<h2 style=\"font-weight: 400; text-align: left;\"><span style=\"color: #008080; font-family: arial, helvetica, sans-serif; font-size: 14px;\">MA PRATIQUE DE L&rsquo;HYPNOSE PERMISSIVE<\/span><\/h2>\n<p style=\"text-align: left;\"><span style=\"color: #000080; font-family: arial, helvetica, sans-serif; font-size: 14px;\"><u>D\u00e9veloppement personnel selon situation ou \u00e9motion, ressenti<\/u> <\/span><br \/>\n<span style=\"color: #000080; font-family: arial, helvetica, sans-serif; font-size: 14px;\">\u00a0 \u00a0 \u00a0 ou<\/span><br \/>\n<span style=\"color: #000080; font-family: arial, helvetica, sans-serif; font-size: 14px;\"><u>Accompagnement cibl\u00e9<\/u>:\u00a0 \u00a0<\/span><br \/>\n<span style=\"color: #000080; font-family: arial, helvetica, sans-serif; font-size: 14px;\"><span style=\"color: #008080;\">\u2212<\/span> Etudes et examen<\/span><br \/>\n<span style=\"color: #000080; font-family: arial, helvetica, sans-serif; font-size: 14px;\"><span style=\"color: #008080;\">\u2013<\/span> Gestion et pr\u00e9vention du stress<\/span><br \/>\n<span style=\"color: #000080; font-family: arial, helvetica, sans-serif; font-size: 14px;\"><span style=\"color: #008080;\">\u2013<\/span> Anxi\u00e9t\u00e9 et angoisses<\/span><br \/>\n<span style=\"color: #000080; font-family: arial, helvetica, sans-serif; font-size: 14px;\"><span style=\"color: #008080;\">\u2013<\/span> Sommeil et nuits r\u00e9paratrices\u00a0<\/span><br \/>\n<span style=\"color: #000080; font-family: arial, helvetica, sans-serif; font-size: 14px;\"><span style=\"color: #008080;\">\u2013<\/span> Gestion du poids et de l&rsquo;image<\/span><br \/>\n<span style=\"color: #000080; font-family: arial, helvetica, sans-serif; font-size: 14px;\"><span style=\"color: #008080;\">\u2013<\/span> Addictions l\u00e9g\u00e8res<\/span><br \/>\n<span style=\"color: #000080; font-family: arial, helvetica, sans-serif; font-size: 14px;\"><span style=\"color: #008080;\">\u2013<\/span> Arr\u00eater de fumer<\/span><br \/>\n<span style=\"color: #000080; font-family: arial, helvetica, sans-serif; font-size: 14px;\"><span style=\"color: #008080;\">\u2013<\/span> Sant\u00e9 et gestion de la douleur\u00a0<\/span><br \/>\n<span style=\"color: #000080; font-family: arial, helvetica, sans-serif; font-size: 14px;\"><span style=\"color: #008080;\">\u2013<\/span> Estime de soi et confiance en soi<\/span><br \/>\n<span style=\"color: #000080; font-family: arial, helvetica, sans-serif; font-size: 14px;\"><span style=\"color: #008080;\">\u2013<\/span> Productivit\u00e9, finance, comp\u00e9tences\u00a0<\/span><br \/>\n<span style=\"color: #000080; font-family: arial, helvetica, sans-serif; font-size: 14px;\"><span style=\"color: #008080;\">\u2013<\/span> Relations saines\u00a0<\/span><br \/>\n<span style=\"color: #000080; font-family: arial, helvetica, sans-serif; font-size: 14px;\"><span style=\"color: #008080;\">\u2013<\/span> Sport<\/span><br \/>\n<span style=\"color: #000080; font-family: arial, helvetica, sans-serif; font-size: 14px;\"><span style=\"color: #008080;\">\u2013<\/span> Peurs et phobies<br \/>\n&#8230; \u00e0 votre \u00e9coute pour de nouvelles cibles \u00e0 travailler ensemble.<\/span><\/p>\n<h2 style=\"font-weight: 400; text-align: left;\"><span style=\"font-family: arial, helvetica, sans-serif; color: #ff6600; font-size: 14px;\">UN ACCOMPAGNEMENT D\u00c9DI\u00c9 EXCEPTIONNEL<\/span><\/h2>\n<p style=\"font-weight: 400; text-align: left;\"><span style=\"color: #000080; font-family: arial, helvetica, sans-serif; font-size: 14px;\">L\u2019intervenante, certifi\u00e9e en 5 langues, gestion du stress et pr\u00e9paration mentale du sportif, a une longue exp\u00e9rience dans l\u2019accompagnement des personnes voulant d\u00e9velopper une comp\u00e9tence, quitter une mauvaise habitude, g\u00e9rer la douleur et bien d\u2019autres situations en utilisant l\u2019hypnose, la m\u00e9ditation ou les jeux pour se sentir plus \u00e0 l\u2019aise dans une activit\u00e9 ou un contexte de vie, de travail ou des relations. \u00a0<\/span><\/p>\n<p style=\"font-weight: 400; text-align: left;\"><span style=\"color: #000080; font-family: arial, helvetica, sans-serif; font-size: 14px;\">Les s\u00e9ances sont toutes ax\u00e9es sur une situation que vous aurez mentionn\u00e9e vouloir travailler, en individuel ou en micro groupe, ce qui signifie que vous pouvez \u00eatre s\u00fbr d\u2019obtenir la meilleure solution ou hypnose possible et ce dans la langue d\u2019\u00e9tude lorsque vous en faites la demande, lors de la conception de votre programme personnalis\u00e9.<\/span><\/p>\n<p style=\"font-weight: 400; text-align: left;\"><span style=\"color: #000080; font-family: arial, helvetica, sans-serif; font-size: 14px;\">Voici d\u2019autres raisons de lui faire confiance avec votre pratique des langues et\/ou de l\u2019hypnose&#8230;<\/span><br \/>\n<span style=\"color: #000080; font-family: arial, helvetica, sans-serif; font-size: 14px;\">Une grande habitude de l&rsquo;\u00e9tude et de l&rsquo;accompagnement de la personne en manque de confiance ou d&rsquo;estime de soi\u00a0<\/span><br \/>\n<span style=\"color: #000080; font-family: arial, helvetica, sans-serif; font-size: 14px;\">La connaissance des besoins de la personne en situation de handicap et\/ou d&rsquo;illettrisme\u00a0<\/span><br \/>\n<span style=\"color: #000080; font-family: arial, helvetica, sans-serif; font-size: 14px;\">Une empathie exceptionnelle\u00a0<\/span><br \/>\n<span style=\"color: #000080; font-family: arial, helvetica, sans-serif; font-size: 14px;\">Une joie de vivre communicative. <\/span><\/p>\n<p style=\"font-weight: 400; text-align: left;\"><span style=\"color: #000080; font-family: arial, helvetica, sans-serif; font-size: 14px;\"><strong>C\u2019est en nous engageant mutuellement \u00e0 donner le meilleur de nous-m\u00eames que notre bin\u00f4me devient efficace :<\/strong> <\/span><br \/>\n<span style=\"color: #000080; font-family: arial, helvetica, sans-serif; font-size: 14px;\">\u2192 Vous, en apprenant quotidiennement les notions pr\u00e9sent\u00e9es dans le programme pour atteindre votre objectif fix\u00e9 ensemble. <\/span><br \/>\n<span style=\"color: #000080; font-family: arial, helvetica, sans-serif; font-size: 14px;\">\u2192 L\u2019intervenante en vous apportant un soutien ind\u00e9fectible dans votre mise en pratique active des nouvelles comp\u00e9tences exerc\u00e9es \u00e0 votre rythme entre les entretiens individuels.<\/span><\/p>\n<p><span style=\"color: #000080; font-family: arial, helvetica, sans-serif; font-size: 14px;\"><span style=\"color: #333399;\"><strong><a style=\"color: #333399;\" href=\"https:\/\/www.leslanguessansstress.fr\/index.php\/2025\/10\/14\/livret-daccueil-du-stagiaire\/\" target=\"_blank\" rel=\"noopener\">Livret d&rsquo;accueil<\/a><\/strong><\/span> pour tout savoir de notre accueil, des prestations (programmes, prix, modalit\u00e9s) et de la m\u00e9thode. \u00a0<\/span><\/p>\n<h3 style=\"font-weight: 400; text-align: left;\"><span style=\"color: #000080; font-family: arial, helvetica, sans-serif; font-size: 14px;\">Quelques formations certifiantes pr\u00e9sent\u00e9es sur MON COMPTE FORMATION<\/span><\/h3>\n<p style=\"text-align: left;\"><span style=\"color: #0000ff; font-family: arial, helvetica, sans-serif; font-size: 14px;\"><a style=\"color: #0000ff;\" href=\"https:\/\/www.moncompteformation.gouv.fr\/espace-prive\/html\/#\/formation\/recherche\/resultats?q=%7B%22ou%22:%7B%22modality%22:%22EN_CENTRE_MIXTE%22,%22type%22:%22CP%22,%22ville%22:%7B%22nom%22:%22LA%20ROCHETTE%22,%22codePostal%22:%2273110%22,%22codeInsee%22:%2273215%22,%22coordonnee%22:%7B%22longitude%22:6.16651,%22latitude%22:45.452435%7D,%22eligibleCpf%22:true%7D%7D,%22debutPagination%22:1,%22nombreOccurences%22:10,%22contexteFormation%22:%22ACTIVITE_PROFESSIONNELLE%22,%22distance%22:%225%22,%22quoi%22:null,%22quoiReferentiel%22:%7B%22code%22:%2215234%22,%22libelle%22:%22ANGLAIS%22,%22type%22:%22FORMACODE%22,%22publics%22:%5B%22GD_PUBLIC%22%5D%7D,%22nomOrganisme%22:%22Les%20langues%20sans%20stress%20Neyret-Vachey%20Val\u00e9rie%22,%22conformiteReglementaire%22:null,%22endDate%22:null,%22startDate%22:null,%22evaluation%22:null,%22niveauSortie%22:null,%22minPrix%22:null,%22maxPrix%22:null,%22rythme%22:null,%22onlyWithAbondementsEligibles%22:null,%22durationHours%22:null,%22certifications%22:null%7D\" target=\"_blank\" rel=\"noopener\">ANGLAIS<\/a><\/span><br \/>\n<span style=\"color: #0000ff; font-family: arial, helvetica, sans-serif; font-size: 14px;\"><a style=\"color: #0000ff;\" href=\"https:\/\/www.moncompteformation.gouv.fr\/espace-prive\/html\/#\/formation\/recherche\/resultats?q=%7B%22ou%22:%7B%22modality%22:%22EN_CENTRE_MIXTE%22,%22type%22:%22CP%22,%22ville%22:%7B%22nom%22:%22LA%20ROCHETTE%22,%22codePostal%22:%2273110%22,%22codeInsee%22:%2273215%22,%22coordonnee%22:%7B%22longitude%22:6.16651,%22latitude%22:45.452435%7D,%22eligibleCpf%22:true%7D%7D,%22debutPagination%22:1,%22nombreOccurences%22:10,%22contexteFormation%22:%22ACTIVITE_PROFESSIONNELLE%22,%22distance%22:%225%22,%22quoi%22:null,%22quoiReferentiel%22:%7B%22code%22:%2215287%22,%22libelle%22:%22ALLEMAND%22,%22type%22:%22FORMACODE%22,%22publics%22:%5B%22GD_PUBLIC%22%5D%7D,%22nomOrganisme%22:%22Les%20langues%20sans%20stress%20Neyret-Vachey%20Val\u00e9rie%22,%22conformiteReglementaire%22:null,%22endDate%22:null,%22startDate%22:null,%22evaluation%22:null,%22niveauSortie%22:null,%22minPrix%22:null,%22maxPrix%22:null,%22rythme%22:null,%22onlyWithAbondementsEligibles%22:null,%22durationHours%22:null,%22certifications%22:null%7D\" target=\"_blank\" rel=\"noopener\">ALLEMAND<\/a><\/span><br \/>\n<span style=\"color: #0000ff; font-family: arial, helvetica, sans-serif; font-size: 14px;\"><a style=\"color: #0000ff;\" href=\"https:\/\/www.moncompteformation.gouv.fr\/espace-prive\/html\/#\/formation\/recherche\/resultats?q=%7B%22ou%22:%7B%22modality%22:%22EN_CENTRE_MIXTE%22,%22type%22:%22CP%22,%22ville%22:%7B%22nom%22:%22LA%20ROCHETTE%22,%22codePostal%22:%2273110%22,%22codeInsee%22:%2273215%22,%22coordonnee%22:%7B%22longitude%22:6.16651,%22latitude%22:45.452435%7D,%22eligibleCpf%22:true%7D%7D,%22debutPagination%22:1,%22nombreOccurences%22:10,%22contexteFormation%22:%22ACTIVITE_PROFESSIONNELLE%22,%22distance%22:%225%22,%22quoi%22:null,%22quoiReferentiel%22:%7B%22code%22:%2215228%22,%22libelle%22:%22ESPAGNOL%22,%22type%22:%22FORMACODE%22,%22publics%22:%5B%22GD_PUBLIC%22%5D%7D,%22nomOrganisme%22:%22Les%20langues%20sans%20stress%20Neyret-Vachey%20Val\u00e9rie%22,%22conformiteReglementaire%22:null,%22endDate%22:null,%22startDate%22:null,%22evaluation%22:null,%22niveauSortie%22:null,%22minPrix%22:null,%22maxPrix%22:null,%22rythme%22:null,%22onlyWithAbondementsEligibles%22:null,%22durationHours%22:null,%22certifications%22:null%7D\" target=\"_blank\" rel=\"noopener\">ESPAGNOL<\/a><\/span><br \/>\n<span style=\"color: #0000ff; font-family: arial, helvetica, sans-serif; font-size: 14px;\"><a style=\"color: #0000ff;\" href=\"https:\/\/www.moncompteformation.gouv.fr\/espace-prive\/html\/#\/formation\/recherche\/resultats?q=%7B%22ou%22:%7B%22modality%22:%22EN_CENTRE_MIXTE%22,%22type%22:%22CP%22,%22ville%22:%7B%22nom%22:%22LA%20ROCHETTE%22,%22codePostal%22:%2273110%22,%22codeInsee%22:%2273215%22,%22coordonnee%22:%7B%22longitude%22:6.16651,%22latitude%22:45.452435%7D,%22eligibleCpf%22:true%7D%7D,%22debutPagination%22:1,%22nombreOccurences%22:10,%22contexteFormation%22:%22ACTIVITE_PROFESSIONNELLE%22,%22distance%22:%225%22,%22quoi%22:null,%22quoiReferentiel%22:%7B%22code%22:%2215247%22,%22libelle%22:%22ITALIEN%22,%22type%22:%22FORMACODE%22,%22publics%22:%5B%22GD_PUBLIC%22%5D%7D,%22nomOrganisme%22:%22Les%20langues%20sans%20stress%20Neyret-Vachey%20Val\u00e9rie%22,%22conformiteReglementaire%22:null,%22endDate%22:null,%22startDate%22:null,%22evaluation%22:null,%22niveauSortie%22:null,%22minPrix%22:null,%22maxPrix%22:null,%22rythme%22:null,%22onlyWithAbondementsEligibles%22:null,%22durationHours%22:null,%22certifications%22:null%7D\" target=\"_blank\" rel=\"noopener\">ITALIEN<\/a><\/span><br \/>\n<span style=\"font-family: arial, helvetica, sans-serif; font-size: 14px;\"><span style=\"color: #000080;\"><a href=\"https:\/\/www.moncompteformation.gouv.fr\/espace-prive\/html\/#\/formation\/recherche\/resultats?q=%7B%22ou%22:%7B%22modality%22:%22EN_CENTRE_MIXTE%22,%22type%22:%22CP%22,%22ville%22:%7B%22nom%22:%22LA%20ROCHETTE%22,%22codePostal%22:%2273110%22,%22codeInsee%22:%2273215%22,%22coordonnee%22:%7B%22longitude%22:6.16651,%22latitude%22:45.452435%7D,%22eligibleCpf%22:true%7D%7D,%22debutPagination%22:1,%22nombreOccurences%22:10,%22contexteFormation%22:%22ACTIVITE_PROFESSIONNELLE%22,%22distance%22:%225%22,%22quoi%22:%22fran\u00e7ais%20le%20robert%22,%22quoiReferentiel%22:null,%22nomOrganisme%22:%22Les%20langues%20sans%20stress%20Neyret-Vachey%20Val\u00e9rie%22,%22conformiteReglementaire%22:null,%22endDate%22:null,%22startDate%22:null,%22evaluation%22:null,%22niveauSortie%22:null,%22minPrix%22:null,%22maxPrix%22:null,%22rythme%22:null,%22onlyWithAbondementsEligibles%22:null,%22durationHours%22:null,%22certifications%22:null%7D\" target=\"_blank\" rel=\"noopener\"><span style=\"color: #0000ff;\">FRAN\u00c7AIS<\/span><\/a> perfectionnement \u00e9crit langue maternelle ou FLE (fran\u00e7ais <\/span><span style=\"color: #000080;\">langue \u00e9trang\u00e8re) <\/span><\/span><br \/>\n<span style=\"font-family: arial, helvetica, sans-serif; color: #000080; font-size: 14px;\">Exemple de <a href=\"https:\/\/www.leslanguessansstress.fr\/index.php\/2025\/10\/14\/18613\/\" target=\"_blank\" rel=\"noopener\">programme \u00e0 personnaliser<\/a> \u00e0 volont\u00e9 avec adaptation du prix de la formation lorsque possible en augmentant ou r\u00e9duisant le nombre et la fr\u00e9quence des entretiens individuels autour d&rsquo;un socle d&rsquo;\u00e9tude des le\u00e7ons vers votre objectif de communication.\u00a0<\/span><\/p>\n<h4 style=\"font-weight: 400; text-align: left;\"><\/h4>\n<p style=\"text-align: left;\"><span style=\"font-family: arial, helvetica, sans-serif; font-size: 14px;\"><img loading=\"lazy\" decoding=\"async\" class=\"size-medium wp-image-10499 alignleft\" src=\"https:\/\/www.leslanguessansstress.fr\/wp-content\/uploads\/2020\/08\/photo-Val\u00e9rie-Neyret-Vachey-formatrice-m\u00e9diatrice-dateliers-de-conversation-en-5-langues-SPIEGEL-Allemagne-178x300.png\" alt=\"\" width=\"178\" height=\"300\" srcset=\"https:\/\/www.leslanguessansstress.fr\/wp-content\/uploads\/2020\/08\/photo-Val\u00e9rie-Neyret-Vachey-formatrice-m\u00e9diatrice-dateliers-de-conversation-en-5-langues-SPIEGEL-Allemagne-178x300.png 178w, https:\/\/www.leslanguessansstress.fr\/wp-content\/uploads\/2020\/08\/photo-Val\u00e9rie-Neyret-Vachey-formatrice-m\u00e9diatrice-dateliers-de-conversation-en-5-langues-SPIEGEL-Allemagne.png 452w\" sizes=\"auto, (max-width: 178px) 100vw, 178px\" \/><\/span><\/p>\n<h3 style=\"font-weight: 400; text-align: left;\"><span style=\"color: #000080; font-family: arial, helvetica, sans-serif; font-size: 14px;\">Vous avez des questions ou un projet \u00e0 me pr\u00e9senter en langues ou hypnose?\u00a0<\/span><\/h3>\n<p style=\"text-align: left;\"><span style=\"font-family: arial, helvetica, sans-serif; font-size: 14px;\"><span style=\"color: #000080;\"><a href=\"https:\/\/www.leslanguessansstress.fr\/index.php\/contact\/\" target=\"_blank\" rel=\"noopener\">Contactez-moi<\/a>!<\/span><\/span><\/p>\n<p style=\"text-align: left;\">\n","protected":false},"excerpt":{"rendered":"<p>Information plus lisible depuis un PC. Nos prestations pour \u00eatre au top avec les langues<\/p>\n","protected":false},"author":1,"featured_media":0,"parent":0,"menu_order":0,"comment_status":"closed","ping_status":"closed","template":"","meta":{"footnotes":""},"class_list":["post-18693","page","type-page","status-publish","hentry"],"_links":{"self":[{"href":"https:\/\/www.leslanguessansstress.fr\/index.php\/wp-json\/wp\/v2\/pages\/18693","targetHints":{"allow":["GET"]}}],"collection":[{"href":"https:\/\/www.leslanguessansstress.fr\/index.php\/wp-json\/wp\/v2\/pages"}],"about":[{"href":"https:\/\/www.leslanguessansstress.fr\/index.php\/wp-json\/wp\/v2\/types\/page"}],"author":[{"embeddable":true,"href":"https:\/\/www.leslanguessansstress.fr\/index.php\/wp-json\/wp\/v2\/users\/1"}],"replies":[{"embeddable":true,"href":"https:\/\/www.leslanguessansstress.fr\/index.php\/wp-json\/wp\/v2\/comments?post=18693"}],"version-history":[{"count":4,"href":"https:\/\/www.leslanguessansstress.fr\/index.php\/wp-json\/wp\/v2\/pages\/18693\/revisions"}],"predecessor-version":[{"id":18715,"href":"https:\/\/www.leslanguessansstress.fr\/index.php\/wp-json\/wp\/v2\/pages\/18693\/revisions\/18715"}],"wp:attachment":[{"href":"https:\/\/www.leslanguessansstress.fr\/index.php\/wp-json\/wp\/v2\/media?parent=18693"}],"curies":[{"name":"wp","href":"https:\/\/api.w.org\/{rel}","templated":true}]}}