{"id":18051,"date":"2026-04-20T12:30:56","date_gmt":"2026-04-20T10:30:56","guid":{"rendered":"https:\/\/www.leslanguessansstress.fr\/?page_id=18051"},"modified":"2026-04-28T08:02:54","modified_gmt":"2026-04-28T06:02:54","slug":"certification-cpf","status":"publish","type":"page","link":"https:\/\/www.leslanguessansstress.fr\/index.php\/certification-cpf\/","title":{"rendered":"Livret d&rsquo;accueil langues\/CPF"},"content":{"rendered":"<h1 style=\"text-align: center;\"><span style=\"font-size: 16px; font-family: arial, helvetica, sans-serif; color: #ff6600;\">Ecoutez, parlez et pratiquez, vous progressez d\u00e9j\u00e0!<\/span><\/h1>\n<p style=\"text-align: center;\"><span style=\"font-size: 16px; font-family: arial, helvetica, sans-serif;\"><span style=\"color: #000080;\"> \u00a0<a href=\"https:\/\/www.moncompteformation.gouv.fr\/espace-public\/les-acteurs-de-la-competence-linitiative-dune-charte-de-deontologie-au-cpf\" target=\"_blank\" rel=\"noopener\"><img loading=\"lazy\" decoding=\"async\" class=\"alignnone wp-image-16444\" src=\"https:\/\/www.leslanguessansstress.fr\/wp-content\/uploads\/2024\/08\/20240828-charte-de-deontologie-Qualiopi--300x271.jpg\" alt=\"\" width=\"123\" height=\"111\" srcset=\"https:\/\/www.leslanguessansstress.fr\/wp-content\/uploads\/2024\/08\/20240828-charte-de-deontologie-Qualiopi--300x271.jpg 300w, https:\/\/www.leslanguessansstress.fr\/wp-content\/uploads\/2024\/08\/20240828-charte-de-deontologie-Qualiopi-.jpg 370w\" sizes=\"auto, (max-width: 123px) 100vw, 123px\" \/><\/a> <\/span><span style=\"color: #000080;\"><strong><a href=\"https:\/\/travail-emploi.gouv.fr\/qualiopi-marque-de-certification-qualite-des-prestataires-de-formation\" target=\"_blank\" rel=\"noopener\"><img loading=\"lazy\" decoding=\"async\" class=\"wp-image-14383 alignnone\" src=\"https:\/\/www.leslanguessansstress.fr\/wp-content\/uploads\/2022\/10\/QUALIOPI-action-de-formation-renouvele\u0301-20221009-Les-langues-sans-stress--300x193.jpg\" alt=\"\" width=\"172\" height=\"111\" srcset=\"https:\/\/www.leslanguessansstress.fr\/wp-content\/uploads\/2022\/10\/QUALIOPI-action-de-formation-renouvele\u0301-20221009-Les-langues-sans-stress--300x193.jpg 300w, https:\/\/www.leslanguessansstress.fr\/wp-content\/uploads\/2022\/10\/QUALIOPI-action-de-formation-renouvele\u0301-20221009-Les-langues-sans-stress--1024x660.jpg 1024w, https:\/\/www.leslanguessansstress.fr\/wp-content\/uploads\/2022\/10\/QUALIOPI-action-de-formation-renouvele\u0301-20221009-Les-langues-sans-stress--768x495.jpg 768w, https:\/\/www.leslanguessansstress.fr\/wp-content\/uploads\/2022\/10\/QUALIOPI-action-de-formation-renouvele\u0301-20221009-Les-langues-sans-stress-.jpg 1504w\" sizes=\"auto, (max-width: 172px) 100vw, 172px\" \/><img loading=\"lazy\" decoding=\"async\" class=\"alignnone wp-image-14157\" src=\"https:\/\/www.leslanguessansstress.fr\/wp-content\/uploads\/2022\/10\/Mon-compte-formation-CPF-les-langues-sans-stress-300x159.jpg\" alt=\"\" width=\"209\" height=\"111\" srcset=\"https:\/\/www.leslanguessansstress.fr\/wp-content\/uploads\/2022\/10\/Mon-compte-formation-CPF-les-langues-sans-stress-300x159.jpg 300w, https:\/\/www.leslanguessansstress.fr\/wp-content\/uploads\/2022\/10\/Mon-compte-formation-CPF-les-langues-sans-stress.jpg 646w\" sizes=\"auto, (max-width: 209px) 100vw, 209px\" \/><\/a><br \/>\n<\/strong><\/span><\/span><\/p>\n<h3 style=\"font-weight: 400;\"><span style=\"font-size: 16px; color: #000080; font-family: arial, helvetica, sans-serif;\"><span style=\"caret-color: #ff6600;\">Le centre LES LANGUES SANS STRESS vous accueille depuis 2016 pour acqu\u00e9rir et d\u00e9velopper vos comp\u00e9tences en 5 langues gr\u00e2ce \u00e0 des ressources mentales ciblant votre bien-\u00eatre et l&rsquo;atteinte des objectifs. <\/span><\/span><\/h3>\n<div>\n<h1 style=\"font-weight: 400;\"><span style=\"color: #ff6600; font-size: 20px; font-family: arial, helvetica, sans-serif;\">Informations et modalit\u00e9s des prestations du centre de formation LES LANGUES SANS STRESS <span style=\"color: #ff99cc;\"><a style=\"color: #ff99cc;\" href=\"https:\/\/www.leslanguessansstress.fr\/wp-content\/uploads\/2024\/09\/QUALIOPI-2024-SEPT-10-76626-35518-Certificat-Qualiopi-processus-certifie-Cofrac-LES-LANGUES-SANS-STRESS.pdf\" target=\"_blank\" rel=\"noopener\">certifi\u00e9 Qualiopi<\/a><\/span><\/span><\/h1>\n<h4 style=\"font-weight: 400;\"><span style=\"color: #000080; font-size: 16px; font-family: arial, helvetica, sans-serif;\">Bienvenue dans un centre \u00e0 taille humaine, proposant une expertise locale avec un savoir-faire professionnel international en langues et accompagnement vers l&rsquo;atteinte de vos objectifs personnels, scolaires, professionnels et sportifs.\u00a0<\/span><\/h4>\n<p><span style=\"font-family: arial, helvetica, sans-serif; font-size: 16px;\"><strong style=\"color: #000080;\">D\u00e9couvrez dans ce Livret d&rsquo;Accueil tout ce que peut vous apporter notre centre de formation <\/strong><span style=\"color: #000080;\">:<\/span><\/span><\/p>\n<\/div>\n<div>\n<p style=\"font-weight: 400;\"><span style=\"color: #000080; font-family: arial, helvetica, sans-serif; font-size: 16px;\">1 \u2013 Contact et accueil \u00a0<\/span><br \/>\n<span style=\"color: #000080; font-family: arial, helvetica, sans-serif; font-size: 16px;\">2 \u2013 Accompagnement \u00a0<\/span><br \/>\n<span style=\"color: #000080; font-family: arial, helvetica, sans-serif; font-size: 16px;\">3 \u2013 Prestations \u00a0<\/span><br \/>\n<span style=\"color: #000080; font-family: arial, helvetica, sans-serif; font-size: 16px;\">4 \u2013 Modalit\u00e9s\u00a0<\/span><br \/>\n<span style=\"color: #000080; font-family: arial, helvetica, sans-serif; font-size: 16px;\">5 \u2013 Qualit\u00e9\u00a0<\/span><\/p>\n<h2 style=\"font-weight: 400;\"><span style=\"color: #ff6600; font-size: 20px; font-family: arial, helvetica, sans-serif;\">1 \u2013 Accueil et contact pour suivre nos prestations au top en langues sans stress<\/span><\/h2>\n<p><span style=\"font-family: arial, helvetica, sans-serif; font-size: 16px;\"><span style=\"color: #000080;\">Prestations inclusives ouvertes \u00e0 tout public<\/span><span style=\"color: #000080;\">. <\/span><\/span><br \/>\n<span style=\"font-family: arial, helvetica, sans-serif; font-size: 16px;\"><span style=\"color: #000080;\"><span style=\"color: #0000ff;\"><a style=\"color: #0000ff;\" href=\"https:\/\/www.leslanguessansstress.fr\/index.php\/2025\/12\/13\/concept-bien-etre-pour-apprendre-a-communiquer-sans-stress\/\" target=\"_blank\" rel=\"noopener\">Organigramme<\/a><\/span><br \/>\n<\/span><span style=\"color: #0000ff;\"><a style=\"color: #0000ff;\" href=\"https:\/\/www.leslanguessansstress.fr\/index.php\/2025\/08\/29\/accessibilite-handicap\/\" target=\"_blank\" rel=\"noopener\">Situation de handicap<\/a><\/span><\/span><\/p>\n<p style=\"font-weight: 400;\"><span style=\"color: #000080; font-family: arial, helvetica, sans-serif; font-size: 16px;\">Depuis <a href=\"https:\/\/www.moncompteformation.gouv.fr\/espace-prive\/html\/#\/\" target=\"_blank\" rel=\"noopener\">MON COMPTE FORMATION (CPF)<\/a><\/span><br \/>\n<span style=\"font-size: 16px; font-family: arial, helvetica, sans-serif;\"><span style=\"color: #000080;\">Pour l&rsquo;entreprise : contactpro@leslanguessansstress.fr \u00a0 \u00a0 <\/span><\/span><\/p>\n<p style=\"font-weight: 400;\"><span style=\"font-size: 16px; font-family: arial, helvetica, sans-serif;\"><span style=\"color: #000080;\">Du lundi au vendredi de 8 heures \u00e0 20 heures \u00e0 <a href=\"https:\/\/www.leslanguessansstress.fr\/index.php\/contact\/\" target=\"_blank\" rel=\"noopener\">nous contacter<\/a> pour le particulier. <\/span><\/span><br \/>\n<span style=\"font-size: 16px; font-family: arial, helvetica, sans-serif;\"><span style=\"color: #000080;\">T\u00e9l\u00e9phone : 06 98 01 18 09 <\/span><\/span><br \/>\n<span style=\"font-size: 16px; font-family: arial, helvetica, sans-serif;\"><span style=\"color: #000080;\">LES LANGUES SANS STRESS, 29 rue Maurice Rey <\/span><\/span><br \/>\n<span style=\"font-size: 16px; font-family: arial, helvetica, sans-serif;\"><span style=\"color: #000080;\">F-73110 Val Gelon-La Rochette<\/span><\/span><\/p>\n<h1 style=\"font-weight: 400;\"><span style=\"color: #ff6600; font-size: 20px; font-family: arial, helvetica, sans-serif;\">2 \u2013 L\u2019accompagnement personnalis\u00e9 au top en langues sans stress <\/span><\/h1>\n<h2 style=\"font-weight: 400;\"><span style=\"font-size: 20px; font-family: arial, helvetica, sans-serif; color: #000080;\">5 langues et bien plus\u00a0<\/span><\/h2>\n<p dir=\"ltr\" data-setdir=\"false\"><span style=\"color: #000080; font-family: arial, helvetica, sans-serif; font-size: 16px;\">Aux Langues sans stress, nous sommes persuad\u00e9s que m\u00eame si nos programmes sont au top et votre envie d&rsquo;apprendre les langues tr\u00e8s vive, \u00e7a ne fait pas tout. Alors, pour vous accompagner encore plus loin dans vos objectifs de communication ais\u00e9e, pratique fluide des langues et bien-\u00eatre au quotidien, nous proposons des prestations compl\u00e9mentaires.<\/span><\/p>\n<h2 style=\"font-weight: 400;\"><span style=\"font-size: 20px; font-family: arial, helvetica, sans-serif; color: #000080;\">Progressez chaque semaine en pratiquant vos comp\u00e9tences mentales et l\u2019oral, si vous d\u00e9veloppez votre communication \u00e0 l&rsquo;international avec un accompagnement bienveillant et pragmatique 100% personnalis\u00e9.\u00a0<\/span><\/h2>\n<p><span style=\"color: #ff6600; font-size: 16px; font-family: arial, helvetica, sans-serif;\"><a style=\"color: #ff6600;\" href=\"https:\/\/au-top-sans-stress.fr\/preparation-mentale\/\" target=\"_blank\" rel=\"noopener\">Pr\u00e9paration mentale<\/a> \u00a0<\/span><br \/>\n<span style=\"color: #000080; font-family: arial, helvetica, sans-serif; font-size: 16px;\">Accentuer vos atouts en \u00e9liminer les freins ralentissant votre progression vers l&rsquo;atteinte de l&rsquo;objectif fix\u00e9 et de d\u00e9passement de soi <\/span><\/p>\n<p><span style=\"font-size: 16px; color: #ff6600; font-family: arial, helvetica, sans-serif;\"><a style=\"color: #ff6600;\" href=\"https:\/\/au-top-sans-stress.fr\/developpement-personnel\/\" target=\"_blank\" rel=\"noopener\">D\u00e9veloppement personnel<\/a><\/span><br \/>\n<span style=\"font-size: 16px; font-family: arial, helvetica, sans-serif; color: #000080;\">Mieux vous connaitre et reconnaitre vos ressources est la base pour mieux vivre et prendre de bonnes d\u00e9cisions.<\/span><\/p>\n<p><span style=\"color: #000080; font-size: 16px; font-family: arial, helvetica, sans-serif;\"><span style=\"color: #ff6600;\"><a style=\"color: #ff6600;\" href=\"https:\/\/au-top-sans-stress.fr\/gestion-du-stress\/\" target=\"_blank\" rel=\"noopener\">Gestion du stress<\/a> <\/span>\u00a0<\/span><br \/>\n<span style=\"color: #000080; font-family: arial, helvetica, sans-serif; font-size: 16px;\">Apaiser l&rsquo;esprit et d\u00e9nouer les muscles facilite l&rsquo;apprentissage, le travail et les relations directes. <\/span><\/p>\n<\/div>\n<div><span style=\"color: #ff6600; font-size: 16px; font-family: arial, helvetica, sans-serif;\"><a style=\"color: #ff6600;\" href=\"https:\/\/au-top-sans-stress.fr\/1-besoin-1-solution\/\" target=\"_blank\" rel=\"noopener\">Visualiser et pratiquer l&rsquo;auto-hypnose<\/a><\/span><br \/>\n<span style=\"color: #000080; font-family: arial, helvetica, sans-serif; font-size: 16px;\">Apprendre \u00e0 utiliser ses propres capacit\u00e9s mentales et les d\u00e9velopper selon le besoin d\u00e9cel\u00e9.<\/span><\/p>\n<h3 style=\"font-weight: 400;\"><span style=\"color: #ff6600; font-size: 16px; font-family: arial, helvetica, sans-serif;\"><a style=\"color: #ff6600;\" href=\"https:\/\/www.leslanguessansstress.fr\/index.php\/2025\/12\/13\/2b-preparation-mentale-au-secours-de-la-pratique-orale-des-langues\/\" target=\"_blank\" rel=\"noopener\">Apprendre les langues sans stress<\/a><\/span><br \/>\n<span style=\"color: #000080; font-size: 16px; font-family: arial, helvetica, sans-serif;\">S&rsquo;immerger dans une situation linguistique sous hypnose ou dans une activit\u00e9 ludique conversationnelle antistress. \u00a0Voir ci-dessous pour les modalit\u00e9s en langues. <\/span><\/h3>\n<h4 style=\"font-weight: 400;\"><span style=\"font-family: arial, helvetica, sans-serif; font-size: 16px;\"><strong style=\"color: #000080;\"><img loading=\"lazy\" decoding=\"async\" class=\"wp-image-14125 aligncenter\" src=\"https:\/\/www.leslanguessansstress.fr\/wp-content\/uploads\/2022\/10\/programme-adapte-a-5-langues-sans-stress-CPF-300x35.jpg\" alt=\"\" width=\"308\" height=\"36\" srcset=\"https:\/\/www.leslanguessansstress.fr\/wp-content\/uploads\/2022\/10\/programme-adapte-a-5-langues-sans-stress-CPF-300x35.jpg 300w, https:\/\/www.leslanguessansstress.fr\/wp-content\/uploads\/2022\/10\/programme-adapte-a-5-langues-sans-stress-CPF.jpg 702w\" sizes=\"auto, (max-width: 308px) 100vw, 308px\" \/><\/strong><\/span><\/h4>\n<h2 style=\"font-weight: 400;\"><span style=\"color: #ff6600; font-size: 28px; font-family: arial, helvetica, sans-serif;\">3 \u2013 Nos prestations en 5 langues<\/span><\/h2>\n<h3 style=\"font-weight: 400;\"><span style=\"color: #0000ff; font-family: arial, helvetica, sans-serif; font-size: 14px;\"><span style=\"color: #3366ff;\">\u00a0<span style=\"font-size: 16px;\"> \u00a0 \u00a0\u2013 <a style=\"color: #3366ff;\" href=\"https:\/\/www.leslanguessansstress.fr\/index.php\/2025\/08\/07\/anglais-etc\/\" target=\"_blank\" rel=\"noopener\">ANGLAIS<\/a> + <a style=\"color: #3366ff;\" href=\"https:\/\/www.moncompteformation.gouv.fr\/espace-prive\/html\/#\/formation\/recherche\/resultats?q=%7B%22ou%22:%7B%22modality%22:%22EN_CENTRE_MIXTE%22,%22type%22:%22CP%22,%22ville%22:%7B%22nom%22:%22LA%20ROCHETTE%22,%22codePostal%22:%2273110%22,%22codeInsee%22:%2273215%22,%22coordonnee%22:%7B%22longitude%22:6.16651,%22latitude%22:45.452435%7D,%22eligibleCpf%22:true%7D%7D,%22debutPagination%22:1,%22nombreOccurences%22:10,%22contexteFormation%22:%22ACTIVITE_PROFESSIONNELLE%22,%22nomOrganisme%22:null,%22conformiteReglementaire%22:null,%22endDate%22:null,%22startDate%22:null,%22evaluation%22:null,%22niveauSortie%22:null,%22minPrix%22:null,%22maxPrix%22:null,%22rythme%22:null,%22onlyWithAbondementsEligibles%22:null,%22durationHours%22:null,%22certifications%22:null,%22distance%22:%225%22,%22quoi%22:null,%22quoiReferentiel%22:%7B%22code%22:%2215234%22,%22libelle%22:%22ANGLAIS%22,%22type%22:%22FORMACODE%22,%22publics%22:%5B%22GD_PUBLIC%22%5D%7D%7D\" target=\"_blank\" rel=\"noopener\">acc\u00e8s au <strong>CPF<\/strong><\/a><\/span><\/span><\/span><br \/>\n<span style=\"color: #ff9900; font-family: arial, helvetica, sans-serif; font-size: 16px;\"> \u00a0\u00a0\u00a0\u00a0 \u2013 <a style=\"color: #ff9900;\" href=\"https:\/\/www.leslanguessansstress.fr\/index.php\/2025\/07\/10\/allemand-2\/\" target=\"_blank\" rel=\"noopener\">ALLEMAND<\/a> + <a style=\"color: #ff9900;\" href=\"https:\/\/www.moncompteformation.gouv.fr\/espace-prive\/html\/#\/formation\/recherche\/resultats?q=%7B%22ou%22:%7B%22modality%22:%22EN_CENTRE_MIXTE%22,%22type%22:%22CP%22,%22ville%22:%7B%22nom%22:%22LA%20ROCHETTE%22,%22codePostal%22:%2273110%22,%22codeInsee%22:%2273215%22,%22coordonnee%22:%7B%22longitude%22:6.16651,%22latitude%22:45.452435%7D,%22eligibleCpf%22:true%7D%7D,%22debutPagination%22:1,%22nombreOccurences%22:10,%22contexteFormation%22:%22ACTIVITE_PROFESSIONNELLE%22,%22nomOrganisme%22:null,%22conformiteReglementaire%22:null,%22endDate%22:null,%22startDate%22:null,%22evaluation%22:null,%22niveauSortie%22:null,%22minPrix%22:null,%22maxPrix%22:null,%22rythme%22:null,%22onlyWithAbondementsEligibles%22:null,%22durationHours%22:null,%22certifications%22:null,%22distance%22:%225%22,%22quoi%22:null,%22quoiReferentiel%22:%7B%22code%22:%2215287%22,%22libelle%22:%22ALLEMAND%22,%22type%22:%22FORMACODE%22,%22publics%22:%5B%22GD_PUBLIC%22%5D%7D%7D\" target=\"_blank\" rel=\"noopener\">acc\u00e8s au <strong>CPF<\/strong><\/a><\/span><br \/>\n<span style=\"color: #ff0000; font-family: arial, helvetica, sans-serif; font-size: 16px;\"> \u00a0\u00a0\u00a0\u00a0 \u2013 <a style=\"color: #ff0000;\" href=\"https:\/\/www.leslanguessansstress.fr\/index.php\/2025\/02\/03\/espagnol\/\" target=\"_blank\" rel=\"noopener\">ESPAGNOL<\/a> + <a style=\"color: #ff0000;\" href=\"https:\/\/www.moncompteformation.gouv.fr\/espace-prive\/html\/#\/formation\/recherche\/resultats?q=%7B%22ou%22:%7B%22modality%22:%22EN_CENTRE_MIXTE%22,%22type%22:%22CP%22,%22ville%22:%7B%22nom%22:%22LA%20ROCHETTE%22,%22codePostal%22:%2273110%22,%22codeInsee%22:%2273215%22,%22coordonnee%22:%7B%22longitude%22:6.16651,%22latitude%22:45.452435%7D,%22eligibleCpf%22:true%7D%7D,%22debutPagination%22:1,%22nombreOccurences%22:10,%22contexteFormation%22:%22ACTIVITE_PROFESSIONNELLE%22,%22nomOrganisme%22:null,%22conformiteReglementaire%22:null,%22endDate%22:null,%22startDate%22:null,%22evaluation%22:null,%22niveauSortie%22:null,%22minPrix%22:null,%22maxPrix%22:null,%22rythme%22:null,%22onlyWithAbondementsEligibles%22:null,%22durationHours%22:null,%22certifications%22:null,%22distance%22:%225%22,%22quoi%22:null,%22quoiReferentiel%22:%7B%22code%22:%2215228%22,%22libelle%22:%22ESPAGNOL%22,%22type%22:%22FORMACODE%22,%22publics%22:%5B%22GD_PUBLIC%22%5D%7D%7D\" target=\"_blank\" rel=\"noopener\">acc\u00e8s au <strong>CPF<\/strong><\/a><\/span><br \/>\n<span style=\"color: #008000; font-family: arial, helvetica, sans-serif; font-size: 16px;\"> \u00a0\u00a0\u00a0\u00a0 \u2013 <a style=\"color: #008000;\" href=\"https:\/\/www.leslanguessansstress.fr\/index.php\/2025\/02\/04\/italien-courant-professionnel-cpf\/\" target=\"_blank\" rel=\"noopener\">ITALIEN<\/a> +\u00a0<a style=\"color: #008000;\" href=\"https:\/\/www.moncompteformation.gouv.fr\/espace-prive\/html\/#\/formation\/recherche\/resultats?q=%7B%22ou%22:%7B%22modality%22:%22EN_CENTRE_MIXTE%22,%22type%22:%22CP%22,%22ville%22:%7B%22nom%22:%22LA%20ROCHETTE%22,%22codePostal%22:%2273110%22,%22codeInsee%22:%2273215%22,%22coordonnee%22:%7B%22longitude%22:6.16651,%22latitude%22:45.452435%7D,%22eligibleCpf%22:true%7D%7D,%22debutPagination%22:1,%22nombreOccurences%22:10,%22contexteFormation%22:%22ACTIVITE_PROFESSIONNELLE%22,%22nomOrganisme%22:null,%22conformiteReglementaire%22:null,%22endDate%22:null,%22startDate%22:null,%22evaluation%22:null,%22niveauSortie%22:null,%22minPrix%22:null,%22maxPrix%22:null,%22rythme%22:null,%22onlyWithAbondementsEligibles%22:null,%22durationHours%22:null,%22certifications%22:null,%22distance%22:%225%22,%22quoi%22:%22italien%20%22,%22quoiReferentiel%22:null%7D\" target=\"_blank\" rel=\"noopener\">acc\u00e8s au <strong>CPF<\/strong><\/a><\/span><br \/>\n<span style=\"color: #0000ff; font-family: arial, helvetica, sans-serif; font-size: 16px;\"> \u00a0\u00a0\u00a0\u00a0 \u2013 <a style=\"color: #0000ff;\" href=\"https:\/\/www.leslanguessansstress.fr\/index.php\/2025\/07\/20\/francais-2\/\" target=\"_blank\" rel=\"noopener\">FLE fran\u00e7ais langue \u00e9trang\u00e8re<\/a>\u00a0+ <a style=\"color: #0000ff;\" href=\"https:\/\/www.moncompteformation.gouv.fr\/espace-prive\/html\/#\/formation\/recherche\/resultats?q=%7B%22ou%22:%7B%22modality%22:%22EN_CENTRE_MIXTE%22,%22type%22:%22CP%22,%22ville%22:%7B%22nom%22:%22LA%20ROCHETTE%22,%22codePostal%22:%2273110%22,%22codeInsee%22:%2273215%22,%22coordonnee%22:%7B%22longitude%22:6.16651,%22latitude%22:45.452435%7D,%22eligibleCpf%22:true%7D%7D,%22debutPagination%22:1,%22nombreOccurences%22:10,%22contexteFormation%22:%22ACTIVITE_PROFESSIONNELLE%22,%22nomOrganisme%22:null,%22conformiteReglementaire%22:null,%22endDate%22:null,%22startDate%22:null,%22evaluation%22:null,%22niveauSortie%22:null,%22minPrix%22:null,%22maxPrix%22:null,%22rythme%22:null,%22onlyWithAbondementsEligibles%22:null,%22durationHours%22:null,%22certifications%22:null,%22distance%22:%225%22,%22quoi%22:%22fran\u00e7ais%20%22,%22quoiReferentiel%22:null%7D\" target=\"_blank\" rel=\"noopener\">acc\u00e8s au <strong>CPF<\/strong><\/a><\/span><br \/>\n<span style=\"color: #0000ff; font-family: arial, helvetica, sans-serif; font-size: 16px;\">\u00a0 \u00a0 \u00a0 \u00a0 \u00a0<a href=\"https:\/\/www.leslanguessansstress.fr\/index.php\/2026\/01\/27\/francais-alphabetisation-cpf\/\" target=\"_blank\" rel=\"noopener\">FLE alphab\u00e9tisation<\/a><\/span><br \/>\n<span style=\"color: #0000ff; font-family: arial, helvetica, sans-serif; font-size: 16px;\"> \u00a0\u2192 <a style=\"color: #0000ff;\" href=\"https:\/\/www.leslanguessansstress.fr\/index.php\/2025\/02\/18\/francais\/\" target=\"_blank\" rel=\"noopener\">FRAN\u00c7AIS perfectionnement \u00e9crit<\/a>\u00a0+ <a style=\"color: #0000ff;\" href=\"https:\/\/www.moncompteformation.gouv.fr\/espace-prive\/html\/#\/formation\/recherche\/81794041400029_FRFLM\/81794041400029_FRFLM?contexteFormation=ACTIVITE_PROFESSIONNELLE\" target=\"_blank\" rel=\"noopener\">acc\u00e8s CPF 25h<\/a>&#8211;<a style=\"color: #0000ff;\" href=\"https:\/\/www.moncompteformation.gouv.fr\/espace-prive\/html\/#\/formation\/recherche\/81794041400029_7013-65\/81794041400029_7013-65?contexteFormation=ACTIVITE_PROFESSIONNELLE\" target=\"_blank\" rel=\"noopener\">CPF 65h<\/a><\/span><br \/>\n<span style=\"font-size: 16px;\"><span style=\"color: #0000ff; font-family: arial, helvetica, sans-serif;\">\u2192 <\/span><a href=\"https:\/\/www.leslanguessansstress.fr\/index.php\/2026\/02\/12\/alphabetisation-lutte-contre-lillettrisme\/\" target=\"_blank\" rel=\"noopener\"><span style=\"color: #0000ff; font-family: arial, helvetica, sans-serif;\">Fran\u00e7ais LIRE et \u00c9CRIRE : r\u00e9apprendre toutes les bases \u00e0 l&rsquo;\u00e2ge adulte quand c&rsquo;est notre langue maternelle<\/span><\/a><\/span><\/h3>\n<p><span style=\"font-size: 16px;\"><strong><span style=\"color: #000080; font-family: arial, helvetica, sans-serif;\"><span style=\"caret-color: #000080;\">D\u00e9couvrir<\/span> nos programmes adaptables \u00e0 vos besoins et \u00e0 votre niveau en :\u00a0<\/span><\/strong><\/span><\/p>\n<ul>\n<li><span style=\"font-size: 16px;\"><a href=\"https:\/\/www.leslanguessansstress.fr\/index.php\/2026\/03\/05\/5-langues-courantes-et-des-transactions-du-quotidien-a1-b2-c1\/\" target=\"_blank\" rel=\"noopener\"><span style=\"color: #993366; font-family: arial, helvetica, sans-serif;\"><strong>30 heures \/ 1500\u20ac<\/strong> &#8211; Parler une langue courante et des transactions du quotidien<\/span><\/a><\/span><\/li>\n<li><span style=\"color: #993366; font-family: arial, helvetica, sans-serif; font-size: 16px;\"><a style=\"color: #993366;\" href=\"https:\/\/www.leslanguessansstress.fr\/index.php\/2026\/01\/28\/tests-et-certifications-2026-en-langues-sans-stress\/\" target=\"_blank\" rel=\"noopener\">Communication courante en milieu professionnel \u00e9ligible CPF<\/a><br \/>\n<a style=\"color: #993366;\" href=\"https:\/\/www.leslanguessansstress.fr\/index.php\/2025\/08\/24\/5-langues-courantes-du-quotidien\/\" target=\"_blank\" rel=\"noopener\">Conversations du quotidien<\/a><br \/>\n<a style=\"color: #993366;\" href=\"https:\/\/www.leslanguessansstress.fr\/index.php\/2025\/08\/25\/voyager-avec-les-langues-sans-stress\/\" target=\"_blank\" rel=\"noopener\">Voyager sans stress<\/a><\/span><br \/>\n<span style=\"color: #993366; font-family: arial, helvetica, sans-serif; font-size: 16px;\"><a style=\"color: #993366;\" href=\"https:\/\/www.leslanguessansstress.fr\/index.php\/2026\/02\/07\/programme-tourisme\/\" target=\"_blank\" rel=\"noopener\">Communication courante secteur tourisme \u00e9ligible CPF<\/a><\/span><br \/>\n<span style=\"color: #993366; font-size: 16px;\"><span style=\"font-family: arial, helvetica, sans-serif;\"><a style=\"color: #993366;\" href=\"https:\/\/www.leslanguessansstress.fr\/index.php\/2025\/08\/25\/voyager-avec-les-langues-sans-stress\/\" target=\"_blank\" rel=\"noopener\">Communiquer en double immersion \u00e9libile CPF<br \/>\nAccueil polyglotte \u00e9ligible CPF<\/a><\/span><span style=\"font-family: arial, helvetica, sans-serif;\"><a style=\"color: #993366;\" href=\"https:\/\/www.leslanguessansstress.fr\/index.php\/2026\/02\/05\/jouer-pour-apprendre-a-parler-une-langue-etrangere-sans-stress\/\" target=\"_blank\" rel=\"noopener\">Atelier interactif et ludique<\/a><\/span><\/span><\/li>\n<li style=\"font-weight: 400;\"><span style=\"font-size: 16px;\"><a href=\"https:\/\/www.leslanguessansstress.fr\/index.php\/2026\/03\/06\/certifiez-vos-competences-en-langues-sans-stress-avec-le-test-cloe\/\" target=\"_blank\" rel=\"noopener\"><span style=\"color: #000080; font-family: arial, helvetica, sans-serif;\">Pr\u00e9paration 2026 \u00e0 la certification CLO\u00c9 en 5 langues<\/span><\/a><\/span><\/li>\n<li style=\"font-weight: 400;\"><span style=\"font-size: 16px;\"><a href=\"https:\/\/www.leslanguessansstress.fr\/index.php\/2026\/02\/21\/atelier-ludique-dexpression-orale-en-langues-sans-stress\/\" target=\"_blank\" rel=\"noopener\"><span style=\"color: #000080; font-family: arial, helvetica, sans-serif;\">Formation cours et atelier semi-individuel\u00a0<\/span><\/a><\/span><\/li>\n<li style=\"font-weight: 400;\"><span style=\"color: #000080; font-family: arial, helvetica, sans-serif; font-size: 16px;\"><a href=\"https:\/\/www.leslanguessansstress.fr\/index.php\/2026\/02\/16\/preparation-a-la-certification-de-vos-competences-linguistiques-cpf\/\" target=\"_blank\" rel=\"noopener\">Pr\u00e9paration \u00e0 la certification de vos comp\u00e9tences linguistiques CPF 2026\u00a0<\/a><\/span><\/li>\n<\/ul>\n<h2 style=\"font-weight: 400;\"><span style=\"color: #ff6600; font-size: 20px; font-family: arial, helvetica, sans-serif;\">Apprenez \u00e0 g\u00e9rer votre stress dans la langue d&rsquo;\u00e9tude pour parler avec naturel et confiance \u00a0<\/span><\/h2>\n<p style=\"font-weight: 400;\"><span style=\"color: #000080; font-family: arial, helvetica, sans-serif; font-size: 16px;\">Votre formation en langues sans stress est construite autour de cinq \u00e9l\u00e9ments ins\u00e9parables :<br \/>\n<strong>1<\/strong> \u2013 Vos objectifs fix\u00e9s r\u00e9alisables dans une dur\u00e9e courte pour rester motiv\u00e9 et plein d&rsquo;\u00e9nergie pour vos prises de parole.<br \/>\n<strong>2<\/strong> \u2013 Nos parcours personnalis\u00e9s \u00e0 vos besoins et accompagnement d\u00e9di\u00e9 avec entretiens individualis\u00e9s validant votre progression dans le programme con\u00e7u sur mesure.<br \/>\n<strong>3<\/strong> \u2013 <a href=\"https:\/\/www.leslanguessansstress.fr\/index.php\/2025\/12\/20\/methode-perseverance\/\" target=\"_blank\" rel=\"noopener\"><strong>Notre <\/strong><strong>m\u00e9thode infaillible<\/strong><\/a> est l&rsquo;apprentissage naturel dans un environnement favorable \u00e0 la pratique orale des langues. Notre approche antistress comprenant diverses ressources facilement adaptables \u00e0 votre profil d&rsquo;apprenant vous offre plus de confort et de rapidit\u00e9 \u00e0 exploiter la langue. \u00a0<\/span><br \/>\n<span style=\"color: #000080; font-family: arial, helvetica, sans-serif; font-size: 16px;\"><strong>4<\/strong> \u2013 L\u2019atelier mixte et moments interactifs d&rsquo;entrainement cibl\u00e9 avec jeux immersifs et conversation guid\u00e9e pour travailler chaque notion grammaticale et situation lexicale par niveau d&rsquo;\u00e9tude sans oublier la prononciation et la compr\u00e9hension de divers accents en immersion simple ou double (anglais+ 2e langue de votre choix). \u00a0<\/span><br \/>\n<span style=\"color: #000080; font-family: arial, helvetica, sans-serif; font-size: 16px;\"><strong>5<\/strong> \u2013 Nos ressources et <a href=\"https:\/\/www.leslanguessansstress.fr\/index.php\/2026\/02\/02\/motivation-a-apprendre-qind12\/\" target=\"_blank\" rel=\"noopener\">gratifications motivantes<\/a> avec un soutien ind\u00e9fectible vers l&rsquo;atteinte de vos objectifs tout au long du parcours choisi.<\/span><\/p>\n<p><span style=\"font-family: arial, helvetica, sans-serif; font-size: 16px;\"><span style=\"color: #000080;\">Certifications pr\u00e9par\u00e9es par niveau <\/span><a href=\"https:\/\/www.service-public.fr\/particuliers\/vosdroits\/F34739\"><strong>CECRL<\/strong><\/a><span style=\"color: #000080;\">\u00a0aux certificats :<\/span><a href=\"https:\/\/certifications-cloe.com\/\"><em><strong>CLO\u00c9<\/strong><\/em><\/a><em>,<\/em>\u2013<a href=\"https:\/\/brightlanguage.com\/fr\/test-bright\/\"><strong><em>BRIGHT<\/em><\/strong><\/a> \u00a0\u2013 <a href=\"https:\/\/www.etsglobal.org\/fr\/fr\/login?referrer=%2Ffr%2Ffr%2Ftest-type-family%2Ftest-toeic-listening-and-reading%3Futm_source%3Dgoogle%26utm_medium%3Dcpc%26utm_campaign%3D16638380043%26utm_content%3D134854684796%26gad_source%3D1%26gbraid%3D0AAAAADlVbModrHp7gMFkiDAuiVcWm71o1%26gclid%3DCjwKCAjw4ri0BhAvEiwA8oo6FyZfYI0H-z6iD9PDYc-ZwGA2whmT8GX-V4cD9NlNLabdiA-L1rQ1oRoCuDkQAvD_BwE\"><strong><em>TOEIC<\/em><\/strong><\/a> \u2013 <a href=\"https:\/\/certification.lerobert.com\/\"><strong><em>LE ROBERT<\/em><\/strong><\/a><\/span><br \/>\n<span style=\"font-family: arial, helvetica, sans-serif; font-size: 16px;\"><span style=\"color: #000080;\"><a href=\"https:\/\/www.leslanguessansstress.fr\/index.php\/2026\/03\/17\/exprimez-vous-selon-les-lecons-apprises\/\" target=\"_blank\" rel=\"noopener\">Pr\u00e9parez-vous \u00e0 l&rsquo;entretien oral<\/a> pendant le programme standard de votre <\/span><a class=\"enhancr_card_6698956330\" href=\"https:\/\/www.leslanguessansstress.fr\/index.php\/2025\/08\/27\/votre-formation-en-langues-sans-stress-eligible-au-cpf\/\">formation personnalisable<\/a><\/span><\/p>\n<h2 style=\"font-weight: 400;\"><span style=\"color: #ff6600; font-size: 20px; font-family: arial, helvetica, sans-serif;\">4 \u2013 Modalit\u00e9s g\u00e9n\u00e9rales de nos formations \u00e9ligibles CPF<\/span><\/h2>\n<p style=\"font-weight: 400;\"><span style=\"color: #000080; font-family: arial, helvetica, sans-serif; font-size: 16px;\"><strong>Programme d&rsquo;\u00e9tude :\u00a0<\/strong><\/span><br \/>\n<span style=\"font-family: arial, helvetica, sans-serif; font-size: 16px;\"><span style=\"color: #000080;\">Parcours standard-<a href=\"https:\/\/www.service-public.gouv.fr\/particuliers\/vosdroits\/F34739\" target=\"_blank\" rel=\"noopener\">CECRL<\/a> personnalisable aux besoins d\u00e9cel\u00e9s du stagiaire ou enti\u00e8rement con\u00e7u s<\/span><span style=\"color: #000080;\">ur mesure selon informations re\u00e7ues de l&rsquo;entreprise.<\/span><\/span><\/p>\n<p style=\"font-weight: 400;\"><span style=\"color: #000080; font-family: arial, helvetica, sans-serif; font-size: 16px;\"><strong>Pr\u00e9-requis :<\/strong><\/span><br \/>\n<span style=\"color: #000080; font-family: arial, helvetica, sans-serif; font-size: 16px;\">Aucun pr\u00e9requis de niveau, nous adaptons le programme \u00e0 vos besoins apr\u00e8s test de positionnement et entretien.<\/span><br \/>\n<span style=\"color: #000080; font-family: arial, helvetica, sans-serif; font-size: 16px;\">\u2022 Vouloir terminer le programme commenc\u00e9 dans les temps.<br \/>\n\u2022 \u00catre disponible selon agenda fix\u00e9 et actif quotidiennement dans l\u2019\u00e9tude ou la mise en pratique.<br \/>\n<\/span><span style=\"color: #000080; font-family: arial, helvetica, sans-serif; font-size: 16px;\"><span style=\"text-decoration: underline;\">Si formation financ\u00e9e par le CPF<\/span>\u00a0:<br \/>\n<\/span><span style=\"color: #000080; font-family: arial, helvetica, sans-serif; font-size: 16px;\">\u2022 Avoir des rudiments niveau A1 du CECRL.\u00a0<\/span><br \/>\n<span style=\"color: #000080; font-family: arial, helvetica, sans-serif; font-size: 16px;\">\u2022 Ne pas \u00eatre en situation d\u2019analphab\u00e9tisme.<br \/>\n\u2022 Disposer d\u2019un ordinateur avec Webcam, micro et syst\u00e8me audio ainsi que d\u2019une bonne connexion \u00e0 internet.<br \/>\n<\/span><br \/>\n<span style=\"color: #000080; font-family: arial, helvetica, sans-serif; font-size: 16px;\"><strong>Objectifs g\u00e9n\u00e9raux : <\/strong><\/span><br \/>\n<span style=\"color: #000080; font-family: arial, helvetica, sans-serif; font-size: 16px;\">Pouvoir interagir avec plaisir et naturel selon son propre niveau de communication dans la langue cible. <\/span><br \/>\n<span style=\"color: #000080; font-family: arial, helvetica, sans-serif; font-size: 16px;\">R\u00e9pondre \u00e0 ses besoins et objectifs d\u00e9termin\u00e9s en langue courante avec des \u00e9changes professionnels standards ou selon un secteur d&rsquo;activit\u00e9. <\/span><br \/>\n<span style=\"color: #000080; font-family: arial, helvetica, sans-serif; font-size: 16px;\">Se sentir plus \u00e0 l\u2019aise lors des rencontres internationales et voyages \u00e0 l\u2019\u00e9tranger. <\/span><br \/>\n<span style=\"color: #000080; font-family: arial, helvetica, sans-serif; font-size: 16px;\">Prendre de l&rsquo;assurance face \u00e0 un public.\u00a0<\/span><\/p>\n<ul>\n<li><span style=\"font-size: 16px; font-family: 'times new roman', times, serif;\"><em><span style=\"color: #ff6600;\">INFORMATION CONCERNANT LES ENTRETIENS \u00ab\u00a0FLASH\u00a0\u00bb<br \/>\n<span style=\"color: #000080;\">Si votre objectif est de suivre une \u00e0 cinq heures de cours, seulement pour pouvoir parler sans stress et r\u00e9pondre \u00e0 des questions avec assurance lors d&rsquo;un entretien, nous rappelons que parler couramment une langue demande organisation et volont\u00e9 de suivre une m\u00e9thode \u00e9prouv\u00e9e pendant quelques le\u00e7ons pour permettre la communication, selon l&rsquo;\u00e9cart d\u00e9cel\u00e9 entre le niveau d&rsquo;entr\u00e9e du participant et le niveau de ses objectifs fix\u00e9 \u00e0 atteindre \u00e0 la fin de la prestation. L&rsquo;hypnose ou la pr\u00e9paration mentale seules ne peuvent pas rem\u00e9dier \u00e0 un manque de connaissances essentielles dans la langue cible avant un entretien.\u00a0<\/span><\/span><\/em><\/span><span style=\"font-size: 16px; font-family: 'times new roman', times, serif;\"><em><span style=\"color: #000080;\">Pensez \u00e0 vous organiser en cons\u00e9quence car \u00a0un rendez-vous \u00ab\u00a0\u00e0 froid\u00a0\u00bb avec la formatrice \u00e0 quelques jours de l&rsquo;entretien peut accentuer votre stress au lieu de le r\u00e9duire lorsque vous r\u00e9alisez pendant le diagnostic en d\u00e9but de prestation, qu&rsquo;un travail grammatical\/lexical de plusieurs heures est encore \u00e0 produire pour valider le niveau vis\u00e9 !\u00a0<\/span><\/em><\/span><\/li>\n<\/ul>\n<p style=\"font-weight: 400;\"><span style=\"font-size: 16px; font-family: arial, helvetica, sans-serif;\"><strong><span style=\"color: #000080;\">Contenu : <\/span><\/strong><\/span><br \/>\n<span style=\"color: #000080; font-family: arial, helvetica, sans-serif; font-size: 16px;\">Nos programmes standards sont visibles depuis <a href=\"https:\/\/www.leslanguessansstress.fr\/index.php\/certification-cpf\/\" target=\"_blank\" rel=\"noopener\">langues<\/a> et <a href=\"https:\/\/www.moncompteformation.gouv.fr\/espace-prive\/html\/#\/\" target=\"_blank\" rel=\"noopener\">MON COMPTE FORMATION<\/a>. <\/span><br \/>\n<span style=\"color: #000080; font-family: arial, helvetica, sans-serif; font-size: 16px;\">Ils sont personnalisables \u00e0 r\u00e9ception de vos informations, (objectifs et contraintes). <\/span><br \/>\n<span style=\"color: #000080; font-family: arial, helvetica, sans-serif; font-size: 16px;\">Le niveau est adapt\u00e9 lors du diagnostic de vos besoins apr\u00e8s test de positionnement en d\u00e9but de session. <\/span><br \/>\n<span style=\"color: #000080; font-family: arial, helvetica, sans-serif; font-size: 16px;\">\u2665 Des <span style=\"text-decoration: underline;\">articles \u00ab\u00a0coup de pouce<\/span>\u00a0\u00bb apparaissent sur notre site tout au long de l&rsquo;ann\u00e9e pour attiser votre envie d&rsquo;aller plus loin en pratique orale.\u00a0<\/span><\/p>\n<p style=\"font-weight: 400;\"><span style=\"color: #000080; font-family: arial, helvetica, sans-serif; font-size: 16px;\"><strong>R\u00e9sultats attendus :\u00a0<\/strong><\/span><br \/>\n<span style=\"color: #000080; font-family: arial, helvetica, sans-serif; font-size: 16px;\">Attester de la progression de vos comp\u00e9tences linguistiques entre le niveau d\u2019entr\u00e9e et la fin du parcours. <\/span><br \/>\n<span style=\"color: #000080; font-family: arial, helvetica, sans-serif; font-size: 16px;\">Am\u00e9liorer votre employabilit\u00e9 en France et votre mobilit\u00e9 \u00e0 l&rsquo;\u00e9tranger. <\/span><br \/>\n<span style=\"color: #000080; font-family: arial, helvetica, sans-serif; font-size: 16px;\">Ressentir moins de stress pour une meilleure communication orale et \u00e9crite en \u00e9vitant les pi\u00e8ges de la traduction automatique.<br \/>\nCPF : voir information d\u00e9taill\u00e9e par certification pr\u00e9par\u00e9e CLO\u00c9, TOEIC, LE ROBERT. \u00a0<\/span><\/p>\n<p style=\"font-weight: 400;\"><span style=\"color: #000080; font-family: arial, helvetica, sans-serif; font-size: 16px;\"><strong>Validation de la formation : <\/strong><\/span><br \/>\n<span style=\"color: #000080; font-family: arial, helvetica, sans-serif; font-size: 16px;\">\u00c9margement de l\u2019\u00e9tude et des entretiens.\u00a0<\/span><br \/>\n<span style=\"color: #000080; font-family: arial, helvetica, sans-serif; font-size: 16px;\">Attestation de fin de formation ou certificat d\u2019ex\u00e9cution. <\/span><\/p>\n<p style=\"font-weight: 400;\"><span style=\"color: #000080; font-family: arial, helvetica, sans-serif; font-size: 16px;\"><strong>Certification : <\/strong><\/span><br \/>\n<span style=\"color: #000080; font-family: arial, helvetica, sans-serif; font-size: 16px;\">Obligatoire si financement CPF. \u00a0<\/span><\/p>\n<p style=\"font-weight: 400;\"><span style=\"color: #000080; font-family: arial, helvetica, sans-serif; font-size: 16px;\"><strong>Modalit\u00e9s<\/strong>\u00a0:<\/span><br \/>\n<span style=\"color: #000080; font-family: arial, helvetica, sans-serif; font-size: 16px;\">Pr\u00e9sentiel synchrone (ou \u00e0 distance asynchrone par mail ou e-learning avec Visio lorsque d\u00e9placements impossibles).<\/span><br \/>\n<span style=\"color: #000080; font-family: arial, helvetica, sans-serif; font-size: 16px;\">\u00c9tude guid\u00e9e et ateliers interactifs d&rsquo;entrainement cibl\u00e9 ponctu\u00e9s d&rsquo;entretiens individualis\u00e9s avec la formatrice. <\/span><br \/>\n<span style=\"color: #000080; font-family: arial, helvetica, sans-serif; font-size: 16px;\">Nous recommandons de suivre notre m\u00e9thode pour atteindre facilement les objectifs fix\u00e9s dans les temps impartis et attester votre progression pendant le bilan final.<\/span><br \/>\n<span style=\"color: #000080; font-family: arial, helvetica, sans-serif; font-size: 16px;\">CPF \u2014 validation au niveau A2 ou plus si <a href=\"https:\/\/www.leslanguessansstress.fr\/index.php\/2025\/09\/09\/certifiez-vos-acquis-et-renforcez-votre-employabilite\/\" target=\"_blank\" rel=\"noopener\">formation certifiante<\/a>.<\/span><\/p>\n<p style=\"font-weight: 400;\"><span style=\"color: #000080; font-family: arial, helvetica, sans-serif; font-size: 16px;\"><strong>Moyens et ressources p\u00e9dagogiques <\/strong>:<\/span><br \/>\n<span style=\"color: #000080; font-family: arial, helvetica, sans-serif; font-size: 16px;\">Apports th\u00e9oriques : pdf, audios, extraits de film, manuel ou plateforme e-learning et hypnose, s\u00e9ance dans la langue cible.<\/span><br \/>\n<span style=\"color: #000080; font-family: arial, helvetica, sans-serif; font-size: 16px;\">Mises en situation du quotidien en milieu socio-professionnel et des voyages. <\/span><br \/>\n<span style=\"color: #000080; font-family: arial, helvetica, sans-serif; font-size: 16px;\">\u00c9changes \u00e9crits et oraux par notion et contexte \u00e9tudi\u00e9s.\u00a0<\/span><br \/>\n<span style=\"color: #000080; font-family: arial, helvetica, sans-serif; font-size: 16px;\">Jeux de r\u00f4le et et activit\u00e9s ludiques favorisant les \u00e9changes spontan\u00e9s et la prise de parole assur\u00e9e en public. <\/span><\/p>\n<p style=\"font-weight: 400;\"><span style=\"color: #000080; font-family: arial, helvetica, sans-serif; font-size: 16px;\"><strong>D\u00e9lai d&rsquo;acc\u00e8s :\u00a0<\/strong><\/span><br \/>\n<span style=\"font-family: arial, helvetica, sans-serif; font-size: 16px;\"><span style=\"color: #000080;\">Le paiement en amont de la prestation r\u00e9serv\u00e9e ouvre son acc\u00e8s \u00e0 la date de d\u00e9but du parcours individuel (ou la convention entreprise sign\u00e9e et tamponn\u00e9e). <\/span><\/span><br \/>\n<span style=\"font-family: arial, helvetica, sans-serif; font-size: 16px;\"><span style=\"color: #000080;\">Le financement CPF impose un <\/span><a href=\"https:\/\/www.moncompteformation.gouv.fr\/espace-public\/comment-faire-valoir-mon-droit-de-retractation\">droit de retrait de 15 jours<\/a><span style=\"color: #000080;\">\u00a0avant de commencer la formation. <\/span><\/span><\/p>\n<p style=\"font-weight: 400;\"><span style=\"font-size: 16px; font-family: arial, helvetica, sans-serif;\"><strong><span style=\"color: #000080;\">Prix et financement :<\/span><\/strong><\/span><br \/>\n<span style=\"font-family: arial, helvetica, sans-serif;\"><span style=\"color: #000080;\"><span style=\"text-decoration: underline;\">Prix de la formation standard financ\u00e9e par le CPF <\/span><span style=\"text-decoration: underline;\">de 1500\u20ac depuis f\u00e9vrier 2026, incluant<\/span> :<\/span><\/span><br \/>\n<span style=\"font-family: arial, helvetica, sans-serif; color: #000080;\">1200\u20ac nets : manuel ou acc\u00e8s \u00e0 distance illimit\u00e9 dans la dur\u00e9e de la session pour \u00e9tude de 30 heures minimum \u00e0 votre rythme ponctu\u00e9e par 15 entretiens avec la formatrice. <\/span><br \/>\n<span style=\"font-family: arial, helvetica, sans-serif; color: #000080;\">300\u20ac nets : inscription au test de certification avec pr\u00e9paration \u00e0 votre rythme de 4 heures mimimum au format des questions du test \u00e9crit et 2 entretiens antistress et r\u00e9vision pr\u00e9-test oral. \u00a0 <\/span><br \/>\n<span style=\"font-family: arial, helvetica, sans-serif; color: #000080;\">150\u20ac nets : ajout optionnel de 2 heures d&rsquo;accompagnement face-\u00e0-face individuel avec la formatrice (pris dans le reste \u00e0 charge du stagiaire).\u00a0<\/span><br \/>\n<span style=\"font-family: arial, helvetica, sans-serif; font-size: 16px;\"><a href=\"https:\/\/www.leslanguessansstress.fr\/index.php\/prix-financement\/\">Prix adapt\u00e9 au programme standard ou sur-mesure<\/a><\/span><br \/>\n<span style=\"font-family: arial, helvetica, sans-serif; font-size: 16px;\"><span style=\"color: #000080;\">La plupart des financements sont accept\u00e9s :<\/span><\/span><br \/>\n<span style=\"font-family: arial, helvetica, sans-serif; font-size: 16px;\"><span style=\"color: #000080;\"><a href=\"https:\/\/www.service-public.gouv.fr\/particuliers\/vosdroits\/R46472\" target=\"_blank\" rel=\"noopener\">Particulier\/<\/a><a href=\"https:\/\/www.leslanguessansstress.fr\/index.php\/2025\/07\/24\/asso\/\" target=\"_blank\" rel=\"noopener\">association<\/a><a href=\"https:\/\/www.service-public.gouv.fr\/particuliers\/vosdroits\/R46472\" target=\"_blank\" rel=\"noopener\"><br \/>\n<span style=\"color: #0000ff;\">CPF autonome du salari\u00e9<\/span><\/a> &#8211; \u00a0<\/span><span style=\"color: #0000ff;\"><a style=\"color: #0000ff;\" href=\"https:\/\/www.leslanguessansstress.fr\/index.php\/2024\/06\/13\/offres-cpf-2024-2025\/\">Comment activer son CPF<\/a><\/span>\u00a0&#8211;\u00a0<span style=\"color: #000080;\"><span style=\"color: #000080;\"><span style=\"color: #0000ff;\"><a style=\"color: #0000ff;\" href=\"https:\/\/www.service-public.fr\/particuliers\/vosdroits\/F10705\">Vos droits CPF<\/a><\/span>\u00a0&#8211;\u00a0<span style=\"color: #0000ff;\"><a style=\"color: #0000ff;\" href=\"https:\/\/of.moncompteformation.gouv.fr\/aide\/quelles-sont-mes-obligations-concernant-le-passage-des-examens-ou-evaluations#:~:text=Vous%20devez%20donc%20fournir%2C%20avant,et%20des%20modalit%C3%A9s%20d'%C3%A9valuation.\">Modalit\u00e9s CPF<\/a><\/span>\u00a0&#8211;\u00a0V\u00e9rifiez\u00a0<span style=\"color: #0000ff;\"><a style=\"color: #0000ff;\" href=\"https:\/\/www.moncompteformation.gouv.fr\/espace-public\/consulter-mes-droits-formation\">votre solde CPF<\/a><\/span>.<\/span><\/span><\/span><br \/>\n<span style=\"font-family: arial, helvetica, sans-serif; font-size: 16px;\"><span style=\"color: #000080;\">Entreprise et leur <span style=\"color: #0000ff;\"><a style=\"color: #0000ff;\" href=\"https:\/\/dares.travail-emploi.gouv.fr\/definitions-et-concepts\/operateur-de-competences-opco\" target=\"_blank\" rel=\"noopener\">OPCO<\/a><\/span>,<\/span>\u00a0<span style=\"color: #0000ff;\"><a style=\"color: #0000ff;\" href=\"https:\/\/vivea.fr\/\">Viv\u00e9a<\/a><span style=\"color: #000080;\">\u00a0pour l&rsquo;agriculteur<\/span><\/span>, <span style=\"color: #000080;\"><span style=\"color: #0000ff;\"><a style=\"color: #0000ff;\" href=\"https:\/\/www.fiphfp.fr\/\" target=\"_blank\" rel=\"noopener\">Fiphfp<\/a><\/span>, <span style=\"color: #0000ff;\"><a style=\"color: #0000ff;\" href=\"https:\/\/www.agefiph.fr\/aides-financieres\" target=\"_blank\" rel=\"noopener\">Agefiph<\/a><\/span>, <\/span><a href=\"https:\/\/www.francetravail.fr\/accueil\/\" target=\"_blank\" rel=\"noopener\"><span style=\"color: #0000ff;\">France Travail<\/span><\/a> &#8211; <span style=\"color: #0000ff;\"><a style=\"color: #0000ff;\" href=\"https:\/\/www.cesu.urssaf.fr\/info\/accueil.html\" target=\"_blank\" rel=\"noopener\">CESU<\/a><\/span>&#8230;\u00a0<\/span><br \/>\n<span style=\"font-family: arial, helvetica, sans-serif; font-size: 16px;\"><span style=\"color: #000080;\"><span style=\"font-family: arial, helvetica, sans-serif;\">Certains financements sont cumulables ou peuvent \u00eatre abond\u00e9s par l&rsquo;entreprise ou France Travail.<\/span><br \/>\n<span style=\"font-family: arial, helvetica, sans-serif;\">Renseignement aupr\u00e8s de votre RH ou conseiller-emploi.<\/span> <\/span><\/span><\/p>\n<p style=\"font-weight: 400;\"><span style=\"color: #000080; font-family: arial, helvetica, sans-serif; font-size: 16px;\"><strong>Demande de devis :\u00a0<\/strong><\/span><br \/>\n<span style=\"font-family: arial, helvetica, sans-serif; font-size: 16px;\"><span style=\"color: #000080;\">Si financement CPF directement depuis votre interface MON COMPTE FORMATION. Nous r\u00e9pondons sous 24 heures. Si vous n&rsquo;avez pas re\u00e7u notre appel t\u00e9l\u00e9phonique ou email c&rsquo;est que <span style=\"color: #ff0000;\">votre demande n&rsquo;a pas aboutie<\/span>. Veuillez remettre \u00e0 jour vos informations IDENTIT\u00c9 NUM\u00c9RIQUE et FRANCE CONNECT PLUS (en vous munissant de vos identifiants AMELI ou IMPOTS.GOUV.FR). Les Bureaux de Poste et France Service peuvent vous venir en aide!<\/span><\/span><br \/>\n<span style=\"font-family: arial, helvetica, sans-serif; font-size: 16px;\"><span style=\"color: #000080;\">Pour toute autre demande, veuillez la d\u00e9tailler directement par courrier ou email \u00e0 les.langues.sans.stress@gmail.com et joindre le <a href=\"https:\/\/www.leslanguessansstress.fr\/wp-content\/uploads\/2026\/01\/ind-04-2026-Formulaire-PRISE-DE-CONTACT-RDV-.pdf\" target=\"_blank\" rel=\"noopener\">Formulaire contact et devis<\/a><\/span><span style=\"color: #000080;\">\u00a0rempli.<\/span><\/span><\/p>\n<p style=\"font-weight: 400;\"><span style=\"color: #000080; font-family: arial, helvetica, sans-serif; font-size: 16px;\"><strong>Dur\u00e9e :\u00a0<\/strong><br \/>\nSur mesure. <\/span><br \/>\n<span style=\"font-family: arial, helvetica, sans-serif; color: #000080; font-size: 16px;\">Dur\u00e9e conseill\u00e9e pour acqu\u00e9rir des notions de base ou les d\u00e9velopper : 30 heures d&rsquo;\u00e9tude r\u00e9parties entre 1 \u00e0 3 mois. Un perfectionnement tr\u00e8s cibl\u00e9 peut se faire en 10 heures. Une mise \u00e0 niveau compl\u00e8te en 65 heures selon programme-niveau-besoin d\u00e9tect\u00e9s, et jusqu&rsquo;\u00e0 120 heures pour absorber les 2 niveaux initiation A1 et seuil A2 si vous \u00eates d\u00e9butant ou en situation d&rsquo;illettrisme ou de handicap n\u00e9cessitant des am\u00e9nagements particuliers ou plusieurs situations concomitantes pouvant ralentir votre apprentissage des langues.\u00a0<\/span><\/p>\n<p style=\"font-weight: 400;\"><span style=\"color: #000080; font-family: arial, helvetica, sans-serif; font-size: 16px;\"><strong>Dates :<\/strong><\/span><br \/>\n<span style=\"color: #000080; font-family: arial, helvetica, sans-serif; font-size: 16px;\">Acc\u00e8s toute l&rsquo;ann\u00e9e sauf en p\u00e9riode de <a href=\"https:\/\/www.leslanguessansstress.fr\/index.php\/2025\/01\/04\/calendrier-conges-et-formation-de-lintervenante\/\" target=\"_blank\" rel=\"noopener\">cong\u00e9s, formations de l&rsquo;intervenante<\/a> et <span style=\"font-weight: 400; color: #0000ff;\"><a style=\"color: #0000ff;\" href=\"https:\/\/www.vacances-scolaires-gouv.com\/\" target=\"_blank\" rel=\"noopener\">jours f\u00e9ri\u00e9s<\/a><\/span><span style=\"font-weight: 400; color: #ff0000;\"><span style=\"color: #000080;\">.\u00a0<\/span><\/span><\/span><br \/>\n<span style=\"color: #000080; font-family: arial, helvetica, sans-serif; font-size: 16px;\">Sur-mesure avec agenda \u00e0 fixer ensemble en amont de la session. <\/span><br \/>\n<span style=\"color: #000080; font-family: arial, helvetica, sans-serif; font-size: 16px;\">Lors de la conception de sa formation, en confirmant son effort d&rsquo;\u00e9tude et les dates d&rsquo;entretiens, le stagiaire s&rsquo;engage s\u00e9rieusement \u00e0 les honorer. M\u00eame si une certaine flexibilit\u00e9 est propos\u00e9e, nous ne pouvons pas assurer de changement de calendrier apr\u00e8s le d\u00e9but de la formation s&rsquo;il n&rsquo;y a plus de disponibilit\u00e9s dans les plannings des programmes commenc\u00e9s en 5 langues, gestion du stress, d\u00e9veloppement personnel et pr\u00e9paration mentale. \u00a0<\/span><\/p>\n<p style=\"font-weight: 400;\"><span style=\"font-size: 16px; font-family: arial, helvetica, sans-serif;\"><strong><span style=\"color: #000080;\">Motivation :<\/span><\/strong><\/span><br \/>\n<span style=\"color: #000080; font-family: arial, helvetica, sans-serif; font-size: 16px;\">Nous privil\u00e9gions des objectifs \u00e0 la fois clairs, r\u00e9alistes et proches avec de nombreux bilans de progression pendant les entretiens individuels. La validation de votre programme apr\u00e8s 1 \u00e0 3 mois d&rsquo;\u00e9tude intensive est une p\u00e9riode charni\u00e8re favorable au maintien de votre motivation \u00e0 apprendre et de votre l&rsquo;engagement \u00e0 pratiquer vos acquis vers leur certification avec enthousiasme. L&rsquo;atelier de mise en pratique est propos\u00e9 apr\u00e8s certification pour approfondir vos acquis et prendre de l&rsquo;assurance \u00e0 l&rsquo;oral dans un espace convivial.\u00a0<\/span><\/p>\n<p style=\"font-weight: 400;\"><span style=\"font-size: 16px; font-family: arial, helvetica, sans-serif;\"><span style=\"color: #000080;\"><strong>Effort :<br \/>\n<\/strong><\/span><span style=\"color: #000080;\">De 20 minutes \u00e0 1 heure chaque jour en perfectionnement. Plus selon les besoins d\u00e9tect\u00e9s pour une communication fluide et naturelle dans le temps imparti de votre formation.<br \/>\n<\/span><span style=\"color: #000080;\">Mois 1 : accompagnement pas-\u00e0-pas intensif de d\u00e9couverte des le\u00e7ons et mise en place de la routine immersive \u2192 Bilan des connaissances essentielles.<br \/>\n<\/span><span style=\"color: #000080;\">Mois 2 : accompagnement espac\u00e9 de consolidation et d\u00e9veloppement des connaissances par contexte de vie et travail \u2192 Bilan interm\u00e9diaire selon programme.<br \/>\n<\/span><span style=\"color: #000080;\">Mois 3 : accompagnement al\u00e9atoire de renforcement et enrichissement selon besoins d\u00e9tect\u00e9s \u2192 Bilan final de progression.<\/span><\/span><\/p>\n<p><span style=\"font-size: 16px;\"><strong style=\"color: #000080; font-family: arial, helvetica, sans-serif; font-weight: 400;\"><span style=\"font-family: arial, helvetica, sans-serif;\"><span style=\"color: #000080;\">Accompagnement pr\u00e9sentiel synchrone avec formatrice :<br \/>\n<\/span><\/span><\/strong><span style=\"color: #000080; font-family: arial, helvetica, sans-serif;\"><span style=\"color: #000080;\">Atelier d&rsquo;oral : 45 minutes (double atelier si cours avec activit\u00e9s ludiques partag\u00e9es : 90 min.).<br \/>\n<\/span><\/span><span style=\"color: #000080; font-family: arial, helvetica, sans-serif;\"><span style=\"color: #000080;\">Entretien individuel : 20 minutes. Possible aussi de 45 minutes \u00e0 1 heure selon besoins d\u00e9tect\u00e9s ou exigence particuli\u00e8re.\u00a0<\/span><\/span><span style=\"color: #000080; font-family: arial, helvetica, sans-serif;\"><br \/>\n<\/span><span style=\"color: #000080; font-family: arial, helvetica, sans-serif;\">Adaptation de la dur\u00e9e et de la fr\u00e9quence des <span style=\"caret-color: #000080;\">accompagnements<\/span> selon contrat. \u00a0\u00a0<\/span><\/span><\/p>\n<p style=\"font-weight: 400;\"><span style=\"color: #000080; font-family: arial, helvetica, sans-serif; font-size: 16px;\"><strong>Lieu : <\/strong><\/span> <span style=\"font-size: 16px; font-family: arial, helvetica, sans-serif;\"><span style=\"color: #000080;\"><a href=\"https:\/\/www.google.com\/search?client=safari&amp;rls=en&amp;q=valgelon+la+rochette&amp;ie=UTF-8&amp;oe=UTF-8\" target=\"_blank\" rel=\"noopener\">Valgelon-La Rochette<\/a><\/span><span style=\"color: #000080;\">. <\/span><\/span> <span style=\"color: #000080; font-family: arial, helvetica, sans-serif; font-size: 16px;\">A domicile, en entreprise si les conditions sont favorables \u00e0 la mise en pratique des cours et prestations diverses par la formatrice. <\/span><\/p>\n<p style=\"font-weight: 400;\"><span style=\"color: #000080; font-family: arial, helvetica, sans-serif; font-size: 16px;\"><strong>Intervenante \u00a0:<\/strong><\/span><br \/>\n<span style=\"color: #000080; font-family: arial, helvetica, sans-serif; font-size: 16px;\">L&rsquo;intervenante, <a href=\"https:\/\/www.leslanguessansstress.fr\/index.php\/2026\/03\/31\/la-petite-histoire-du-centre-les-langues-sans-stress\/\" target=\"_blank\" rel=\"noopener\">Val\u00e9rie Neyret-Vachey,<\/a> enjou\u00e9e et dynamique, est une formatrice polyglotte certifi\u00e9e en 5 langues, pr\u00e9paration mentale et gestion du stress avec une longue exp\u00e9rience de la formation et du travail collaboratif multilingue en entreprise.\u00a0<\/span><\/p>\n<p style=\"font-weight: 400;\"><span style=\"color: #000080; font-family: arial, helvetica, sans-serif; font-size: 16px;\"><strong>Avis et r\u00e9sultats obtenus :<\/strong><\/span><br \/>\n<span style=\"font-family: arial, helvetica, sans-serif; font-size: 16px;\"><span style=\"color: #000080;\">Information sur les<\/span><a href=\"https:\/\/www.leslanguessansstress.fr\/index.php\/2024\/07\/23\/avis-satisfaction\/\">taux de r\u00e9ussite et avis de satisfaction client et apprenant<\/a>. <\/span><\/p>\n<p style=\"font-weight: 400;\"><span style=\"color: #000080; font-family: arial, helvetica, sans-serif; font-size: 16px;\"><strong>Accessibilit\u00e9 aux personnes handicap\u00e9es :<\/strong><\/span><br \/>\n<span style=\"color: #000080; font-family: arial, helvetica, sans-serif; font-size: 16px;\">Nos cours et l&rsquo;accompagnement peuvent \u00eatre adapt\u00e9s \u00e0 des <a style=\"color: #000080;\" href=\"https:\/\/www.leslanguessansstress.fr\/index.php\/2024\/11\/15\/accessibilite-handicap\/\">besoins\u00a0particuliers<\/a>\u00a0pr\u00e9sent\u00e9s en amont du parcours \u00e0 la r\u00e9f\u00e9rente Handicap Val\u00e9rie Neyret-Vachey par email \u00e0 contactpro@leslanguessansstress.fr et entretien\u00a0: <u>le contenu des \u00e9changes est confidentiel<\/u>. Votre RQTH ou document similaire peut \u00eatre requis pour demander un am\u00e9nagement au certificateur tel qu&rsquo;un tiers temps au moment du test ou autre sp\u00e9cificit\u00e9 d\u00e9taill\u00e9e.\u00a0<\/span><\/p>\n<p style=\"font-weight: 400;\"><span style=\"color: #ff6600; font-size: 20px; font-family: arial, helvetica, sans-serif;\">5 \u2013 Engagement qualit\u00e9, nos droits et devoirs respectifs\u00a0<\/span><\/p>\n<p><span style=\"font-size: 16px; color: #0000ff; font-family: arial, helvetica, sans-serif;\"><a style=\"color: #0000ff;\" href=\"https:\/\/www.leslanguessansstress.fr\/index.php\/2025\/04\/17\/reglement-interieur-signature\/\" target=\"_blank\" rel=\"noopener\">R\u00c8GLEMENT INT\u00c9RIEUR<\/a><\/span><br \/>\n<span style=\"font-family: arial, helvetica, sans-serif; color: #0000ff; font-size: 16px;\"><a style=\"color: #0000ff;\" href=\"https:\/\/www.economie.gouv.fr\/entreprises\/gerer-ses-ressources-humaines-et-ses-salaries\/formation-professionnelle-quelles-sont#:~:text=Depuis%20le%201er%20janvier%202025,sur%20le%20temps%20de%20travail.\" target=\"_blank\" rel=\"noopener\">CPF et obligations li\u00e9es<\/a><\/span><\/p>\n<p><span style=\"font-family: arial, helvetica, sans-serif; font-size: 16px;\"><strong><span style=\"color: #000080;\">DOCUMENTS QUALIT\u00c9<\/span><\/strong><\/span><\/p>\n<p><span style=\"font-family: arial, helvetica, sans-serif; color: #000080; font-size: 16px;\">Dans le cadre de l&rsquo;am\u00e9lioration continue, voici quelques informations que la formatrice rep\u00e8re au fil de ses lectures et \u00e9coutes qui peuvent \u00eatre d&rsquo;int\u00e9r\u00eat dans votre d\u00e9veloppement personnel ou linguistique. BONNE LECTURE :<\/span><\/p>\n<ul>\n<li><span style=\"font-family: arial, helvetica, sans-serif; font-size: 16px;\"><span style=\"color: #0000ff;\"><a style=\"color: #0000ff;\" href=\"https:\/\/www.leslanguessansstress.fr\/index.php\/2026\/01\/25\/actuellement-france-competences\/\" target=\"_blank\" rel=\"noopener\">J\u2019ai lu pour vous\u2026 Actualit\u00e9 travail formation<\/a><\/span><span style=\"color: #000080;\"> &#8211; g\u00e9n\u00e9ralit\u00e9s et monde qui avance!<\/span><\/span><\/li>\n<li><span style=\"font-family: arial, helvetica, sans-serif; font-size: 16px;\"><span style=\"color: #0000ff;\"><a style=\"color: #0000ff;\" href=\"https:\/\/www.leslanguessansstress.fr\/index.php\/2026\/01\/28\/japprends-je-pratique\/\" target=\"_blank\" rel=\"noopener\">J&rsquo;apprends, je pratique<\/a><\/span><span style=\"color: #000080;\">\u00a0les langues sans stress &#8211; actu&rsquo; en anglais, allemand, espagnol, italien et fran\u00e7ais<\/span><\/span><\/li>\n<li><span style=\"font-family: arial, helvetica, sans-serif; font-size: 16px;\"><span style=\"color: #000080;\"><span style=\"color: #0000ff;\"><a style=\"color: #0000ff;\" href=\"https:\/\/www.leslanguessansstress.fr\/?s=coup+de+pouce\" target=\"_blank\" rel=\"noopener\">Coup de pouce!<\/a><\/span> Cours gratuit ou information ax\u00e9e sur le d\u00e9veloppement de vos comp\u00e9tences linguistiques par langue<\/span><\/span><\/li>\n<li><span style=\"font-family: arial, helvetica, sans-serif; font-size: 16px;\"><span style=\"color: #000080;\"><a href=\"https:\/\/www.leslanguessansstress.fr\/index.php\/2026\/01\/11\/jai-teste-pour-vous\/\" target=\"_blank\" rel=\"noopener\">J&rsquo;ai test\u00e9 pour vous&#8230;<\/a> des ressources mentales \u00e0 s&rsquo;approprier vite et bien! <\/span><\/span><\/li>\n<li><span style=\"font-family: arial, helvetica, sans-serif; font-size: 16px;\"><span style=\"color: #000080;\"><span style=\"color: #0000ff;\"><a style=\"color: #0000ff;\" href=\"https:\/\/www.leslanguessansstress.fr\/index.php\/2026\/01\/28\/lhypnose-au-secours-de-votre-communication\/\" target=\"_blank\" rel=\"noopener\">S&rsquo;autohypnoser au quotidien<\/a><\/span>, \u00e7a s&rsquo;apprend pour se sentir mieux selon son besoin tr\u00e8s personnel.<\/span><\/span><\/li>\n<\/ul>\n<\/div>\n<p><span style=\"font-size: 16px;\"><span style=\"color: #000080;\">Divers formulaires et informations pour des \u00e9changes avec actions de contr\u00f4le ou d&rsquo;am\u00e9lioration des pratiques et de nos prestations. <\/span> <span style=\"color: #000080;\">Acc\u00e8s \u00e0 <a href=\"https:\/\/www.moncompteformation.gouv.fr\/espace-public\/les-acteurs-de-la-competence-linitiative-dune-charte-de-deontologie-au-cpf\" target=\"_blank\" rel=\"noopener\">Notre engagement Qualit\u00e9<\/a> :<\/span> <span style=\"color: #000080;\">Nous sommes, \u00a0l&rsquo;ensemble de l&rsquo;organisme de formation et l&rsquo;intervenante, totalement engag\u00e9s dans le maintien et le d\u00e9veloppement de la Qualit\u00e9 et respectons la <span style=\"color: #0000ff;\"><a style=\"color: #0000ff;\" href=\"https:\/\/www.leslanguessansstress.fr\/wp-content\/uploads\/2021\/11\/Affiche-Charte-de-deontologie-CPF-min.pdf\">Charte-de-d\u00e9ontologie-CPF<\/a><\/span>. Certains documents et formulaires sont disponibles sur simple demande verbale pendant les prestations pr\u00e9sentielles ou par email \u00e0 contactpro@leslanguessansstress.fr et d\u00e8s votre demande d&rsquo;information s&rsquo;il y a personnalisation de la prestation\/formation certifiante ou un accompagnement en pr\u00e9paration mentale ou hypnose.<\/span><\/span><\/p>\n<div>\n<div>\n<ol>\n<li><span style=\"font-family: arial, helvetica, sans-serif; font-size: 16px;\"><span style=\"color: #000080;\"><a href=\"https:\/\/www.leslanguessansstress.fr\/wp-content\/uploads\/2026\/01\/Formulaire-PRISE-DE-CONTACT-RDV-.docx\">Formulaire PRISE DE CONTACT &#8211; RDV<\/a> (format Word)<\/span><\/span><\/li>\n<li><span style=\"font-size: 16px; color: #0000ff; font-family: arial, helvetica, sans-serif;\"><a style=\"color: #0000ff;\" href=\"https:\/\/www.leslanguessansstress.fr\/index.php\/2022\/09\/16\/information-conditions-generales-de-vente-cgv\/\" target=\"_blank\" rel=\"noopener\">Conditions G\u00e9n\u00e9rales de Vente &#8211; CGV<\/a><\/span><\/li>\n<li><span style=\"font-size: 16px; color: #0000ff; font-family: arial, helvetica, sans-serif;\"><a style=\"color: #0000ff;\" href=\"https:\/\/www.leslanguessansstress.fr\/index.php\/2025\/02\/08\/asso\/\" target=\"_blank\" rel=\"noopener\">Information associative r\u00e9serv\u00e9e au particulier<\/a><\/span><\/li>\n<li><span style=\"font-family: arial, helvetica, sans-serif; font-size: 16px;\"><a href=\"https:\/\/www.leslanguessansstress.fr\/wp-content\/uploads\/2026\/01\/ind-30a-APPRECIATION-formation-A-CHAUD-2026.pdf\">ind 30a APPR\u00c9CIATION formation \u00c0 CHAUD 2026<\/a><\/span><\/li>\n<li><span style=\"font-size: 16px; color: #0000ff; font-family: arial, helvetica, sans-serif;\"><a href=\"https:\/\/www.leslanguessansstress.fr\/wp-content\/uploads\/2026\/01\/ind-30b-APPRECIATION-des-donneurs-dordre-financeurs-2026-.pdf\">ind 30b APPR\u00c9CIATION des donneurs d&rsquo;ordre : financeurs 2026<\/a><\/span><\/li>\n<li><span style=\"font-size: 16px; color: #0000ff; font-family: arial, helvetica, sans-serif;\"><a href=\"https:\/\/www.leslanguessansstress.fr\/wp-content\/uploads\/2026\/01\/ind-31-axes-AMELIORATION-proposes-2026.pdf\">ind 31 Formulaire d&rsquo;axes AM\u00c9LIORATION propos\u00e9s 2026<\/a><\/span><\/li>\n<li><span style=\"font-size: 16px; color: #0000ff; font-family: arial, helvetica, sans-serif;\"><a href=\"https:\/\/www.leslanguessansstress.fr\/wp-content\/uploads\/2026\/01\/ind-31-Formulaire-de-RECLAMATION-form.-B-2026.pdf\">ind 31 Formulaire de R\u00c9CLAMATION (form. B) 2026<\/a><\/span><\/li>\n<li><span style=\"font-size: 16px; color: #0000ff; font-family: arial, helvetica, sans-serif;\">Ind 30c FICHE e\u0301valuation a\u0300 FROID par le stagiaire<\/span><\/li>\n<\/ol>\n<\/div>\n<p><span style=\"font-size: 16px; font-family: arial, helvetica, sans-serif;\"><strong><span style=\"color: #ff6600;\">AVANT DE PARTIR&#8230;<\/span><\/strong><\/span><\/p>\n<p style=\"font-weight: 400;\"><span style=\"font-size: 16px; font-family: arial, helvetica, sans-serif;\"><span style=\"color: #000080;\"><span style=\"color: #ff6600;\">Modalit\u00e9s d&rsquo;inscription \u00e0 un parcours de langues sans stress<br \/>\nVotre inscription \u00e0 une prestation Les langues sans stress indique votre enti\u00e8re adh\u00e9sion au R\u00e8glement Int\u00e9rieur, \u00e0 nos modalit\u00e9s d&rsquo;\u00e9tude et d&rsquo;accompagnement dans la bienveillance mutuelle, \u00e0 l&rsquo;ensemble de nos conditions g\u00e9n\u00e9rales de vente d\u00e8s l&rsquo;entr\u00e9e dans nos locaux et\/ou le d\u00e9but d&rsquo;une prestation \u00e0 distance.<\/span><\/span><\/span><br \/>\n<span style=\"font-size: 16px; font-family: arial, helvetica, sans-serif;\"><span style=\"color: #000080;\"><span style=\"color: #ff6600;\"><a href=\"https:\/\/www.leslanguessansstress.fr\/wp-content\/uploads\/2025\/08\/01-AUJOURDHUI-Analyse-2025-_-AUTO-EVALUATION-besoins-et-objectifs-perso-professionnels-quotidien.pdf\">01 AUJOURD&rsquo;HUI Analyse 2025 _ AUTO \u00c9VALUATION besoins et objectifs<\/a><\/span><\/span><\/span><\/p>\n<div>\n<p><span style=\"color: #000080; font-family: arial, helvetica, sans-serif; font-size: 16px;\"><img loading=\"lazy\" decoding=\"async\" class=\"wp-image-2315 aligncenter\" src=\"https:\/\/www.leslanguessansstress.fr\/wp-content\/uploads\/2018\/05\/20180514_094442angleboutiqueexterne-e1614712160283-300x202.jpg\" sizes=\"auto, (max-width: 300px) 100vw, 300px\" srcset=\"https:\/\/www.leslanguessansstress.fr\/wp-content\/uploads\/2018\/05\/20180514_094442angleboutiqueexterne-e1614712160283-300x202.jpg 300w, https:\/\/www.leslanguessansstress.fr\/wp-content\/uploads\/2018\/05\/20180514_094442angleboutiqueexterne-e1614712160283-768x518.jpg 768w, https:\/\/www.leslanguessansstress.fr\/wp-content\/uploads\/2018\/05\/20180514_094442angleboutiqueexterne-e1614712160283-1024x690.jpg 1024w, https:\/\/www.leslanguessansstress.fr\/wp-content\/uploads\/2018\/05\/20180514_094442angleboutiqueexterne-e1614712160283-1536x1035.jpg 1536w, https:\/\/www.leslanguessansstress.fr\/wp-content\/uploads\/2018\/05\/20180514_094442angleboutiqueexterne-e1614712160283-2048x1380.jpg 2048w\" alt=\"Entr\u00e9e centre de formation\" width=\"285\" height=\"192\" \/><\/span><\/p>\n<\/div>\n<div>\n<div style=\"text-align: left;\"><\/div>\n<\/div>\n<p><span style=\"font-size: 16px; font-family: arial, helvetica, sans-serif;\"><img loading=\"lazy\" decoding=\"async\" class=\"alignnone size-full wp-image-13672 aligncenter\" src=\"https:\/\/www.leslanguessansstress.fr\/wp-content\/uploads\/2022\/05\/Les-langues-sans-stress-vous-remercient-.jpeg\" alt=\"\" width=\"259\" height=\"194\" \/><\/span><\/p>\n<\/div>\n<p>&nbsp;<\/p>\n<p style=\"font-weight: 400;\">\n","protected":false},"excerpt":{"rendered":"<p>Ecoutez, parlez et pratiquez, vous progressez d\u00e9j\u00e0! \u00a0 Le centre LES LANGUES SANS STRESS vous<\/p>\n","protected":false},"author":1,"featured_media":14157,"parent":0,"menu_order":0,"comment_status":"closed","ping_status":"closed","template":"","meta":{"footnotes":""},"class_list":["post-18051","page","type-page","status-publish","has-post-thumbnail","hentry"],"_links":{"self":[{"href":"https:\/\/www.leslanguessansstress.fr\/index.php\/wp-json\/wp\/v2\/pages\/18051","targetHints":{"allow":["GET"]}}],"collection":[{"href":"https:\/\/www.leslanguessansstress.fr\/index.php\/wp-json\/wp\/v2\/pages"}],"about":[{"href":"https:\/\/www.leslanguessansstress.fr\/index.php\/wp-json\/wp\/v2\/types\/page"}],"author":[{"embeddable":true,"href":"https:\/\/www.leslanguessansstress.fr\/index.php\/wp-json\/wp\/v2\/users\/1"}],"replies":[{"embeddable":true,"href":"https:\/\/www.leslanguessansstress.fr\/index.php\/wp-json\/wp\/v2\/comments?post=18051"}],"version-history":[{"count":67,"href":"https:\/\/www.leslanguessansstress.fr\/index.php\/wp-json\/wp\/v2\/pages\/18051\/revisions"}],"predecessor-version":[{"id":19321,"href":"https:\/\/www.leslanguessansstress.fr\/index.php\/wp-json\/wp\/v2\/pages\/18051\/revisions\/19321"}],"wp:featuredmedia":[{"embeddable":true,"href":"https:\/\/www.leslanguessansstress.fr\/index.php\/wp-json\/wp\/v2\/media\/14157"}],"wp:attachment":[{"href":"https:\/\/www.leslanguessansstress.fr\/index.php\/wp-json\/wp\/v2\/media?parent=18051"}],"curies":[{"name":"wp","href":"https:\/\/api.w.org\/{rel}","templated":true}]}}