{"id":15012,"date":"2025-05-05T07:37:43","date_gmt":"2025-05-05T05:37:43","guid":{"rendered":"https:\/\/www.leslanguessansstress.fr\/?page_id=15012"},"modified":"2025-11-05T18:51:59","modified_gmt":"2025-11-05T17:51:59","slug":"les-langues-sans-stress","status":"publish","type":"page","link":"https:\/\/www.leslanguessansstress.fr\/index.php\/register\/les-langues-sans-stress\/","title":{"rendered":"CPF"},"content":{"rendered":"<p><strong><span style=\"font-family: verdana, geneva, sans-serif; color: #000080;\">5 langues pour tous \u00a0<\/span><\/strong><br \/>\n<span style=\"font-family: verdana, geneva, sans-serif; color: #000080;\">Communiquer au quotidien et en voyages\u00a0<\/span><br \/>\n<span style=\"font-family: verdana, geneva, sans-serif; color: #000080;\">La formation professionnelle &#8211; financement OPCO &#8211; CPF \u00a0<\/span><br \/>\n<span style=\"font-family: verdana, geneva, sans-serif; color: #000080;\">S&rsquo;\u00e9panouir dans son m\u00e9tier en langues \u00e9trang\u00e8res <\/span><br \/>\n<span style=\"font-family: verdana, geneva, sans-serif; color: #000080;\">La certification des comp\u00e9tences<\/span><br \/>\n<span style=\"font-family: verdana, geneva, sans-serif; color: #000080;\">Interagir en double immersion et devenir bilingue \u00a0<\/span><\/p>\n<h3><img loading=\"lazy\" decoding=\"async\" class=\"alignnone wp-image-6545 aligncenter\" src=\"https:\/\/www.leslanguessansstress.fr\/wp-content\/uploads\/2019\/11\/image-gestion-du-stress-n\u00e9nuphar-300x193.png\" alt=\"\" width=\"222\" height=\"143\" srcset=\"https:\/\/www.leslanguessansstress.fr\/wp-content\/uploads\/2019\/11\/image-gestion-du-stress-n\u00e9nuphar-300x193.png 300w, https:\/\/www.leslanguessansstress.fr\/wp-content\/uploads\/2019\/11\/image-gestion-du-stress-n\u00e9nuphar-768x495.png 768w, https:\/\/www.leslanguessansstress.fr\/wp-content\/uploads\/2019\/11\/image-gestion-du-stress-n\u00e9nuphar-1024x660.png 1024w, https:\/\/www.leslanguessansstress.fr\/wp-content\/uploads\/2019\/11\/image-gestion-du-stress-n\u00e9nuphar-1200x774.png 1200w, https:\/\/www.leslanguessansstress.fr\/wp-content\/uploads\/2019\/11\/image-gestion-du-stress-n\u00e9nuphar.png 1518w\" sizes=\"auto, (max-width: 222px) 100vw, 222px\" \/><span style=\"font-family: verdana, geneva, sans-serif; color: #000080;\"><span style=\"font-size: 16px;\"><br \/>\n&#8211; <a href=\"https:\/\/www.leslanguessansstress.fr\/index.php\/langues-sans-stress\/\" target=\"_blank\" rel=\"noopener\">Apprendre une langue<\/a> avec motivation et la parler en public en d\u00e9passant les difficult\u00e9s habituelles. <\/span><\/span><\/h3>\n<h1 style=\"text-align: center;\"><img loading=\"lazy\" decoding=\"async\" class=\"alignnone wp-image-14125\" src=\"https:\/\/www.leslanguessansstress.fr\/wp-content\/uploads\/2022\/10\/programme-adapte-a-5-langues-sans-stress-CPF-300x35.jpg\" alt=\"\" width=\"386\" height=\"45\" srcset=\"https:\/\/www.leslanguessansstress.fr\/wp-content\/uploads\/2022\/10\/programme-adapte-a-5-langues-sans-stress-CPF-300x35.jpg 300w, https:\/\/www.leslanguessansstress.fr\/wp-content\/uploads\/2022\/10\/programme-adapte-a-5-langues-sans-stress-CPF.jpg 702w\" sizes=\"auto, (max-width: 386px) 100vw, 386px\" \/><\/h1>\n<h1 style=\"font-weight: 400;\"><span style=\"font-family: verdana, geneva, sans-serif; color: #000080;\">Am\u00e9liorez votre communication courante en 5 langues sans stress<\/span><\/h1>\n<p><span style=\"font-family: verdana, geneva, sans-serif; color: #000080;\">Nos cours sont disponibles \u00e0 tous les niveaux d&rsquo;entr\u00e9e et vous permettent de d\u00e9couvrir une langue pour la parler au quotidien avec naturel et plaisir, rafraichir vos anciens acquis, les d\u00e9velopper et en approfondir les th\u00e8mes avant d&rsquo;enrichir votre lexique selon vos besoins personnels ou professionnel de communication directe :<\/span><br \/>\n<span style=\"font-family: verdana, geneva, sans-serif; color: #000080;\"> 1 &#8211; Programmes ax\u00e9s sur un niveau \u00e0 atteindre entre d\u00e9butant et ma\u00eetrise autonome.<\/span><br \/>\n<span style=\"font-family: verdana, geneva, sans-serif; color: #000080;\"> 2 &#8211; Programmes selon objectifs de comp\u00e9tences cibl\u00e9es en communication instinctive entre aller faire un achat au coin de la rue et se pr\u00e9senter \u00e0 un entretien ou \u00e0 une n\u00e9gociation, aider un patient.\u00a0<\/span><\/p>\n<p><span style=\"color: #000080; font-family: verdana, geneva, sans-serif;\">Le stagiaire doit \u00e9tablir l&rsquo;objectif qu&rsquo;il souhaite atteindre avant de se lancer dans la formation. Voici comment se situer par rapport au syst\u00e8me de <\/span><span style=\"font-family: verdana, geneva, sans-serif; color: #0000ff;\"><span style=\"color: #000080;\">niveaux CECRL<\/span>.<\/span><\/p>\n<p><span style=\"font-family: verdana, geneva, sans-serif; color: #000080;\">Tous nos programmes sont personnalisables en amont de la formation pour s&rsquo;adapter au profil du stagiaire et peuvent \u00eatre financ\u00e9s par le CPF et certifi\u00e9s.<br \/>\nDes modules d&rsquo;initiation sont propos\u00e9s au candidat d\u00e9butant pour atteindre le niveau A2 du CECRL seuil de certification-CPF. \u00a0<\/span><\/p>\n<h2><img loading=\"lazy\" decoding=\"async\" class=\"alignnone size-medium wp-image-13669 aligncenter\" src=\"https:\/\/www.leslanguessansstress.fr\/wp-content\/uploads\/2022\/05\/Offre-de-formations-professionnelles-en-5-langues-sous-hypnose-pour-le-debutant-eligibles-CPF-300x188.jpeg\" alt=\"\" width=\"300\" height=\"188\" srcset=\"https:\/\/www.leslanguessansstress.fr\/wp-content\/uploads\/2022\/05\/Offre-de-formations-professionnelles-en-5-langues-sous-hypnose-pour-le-debutant-eligibles-CPF-300x188.jpeg 300w, https:\/\/www.leslanguessansstress.fr\/wp-content\/uploads\/2022\/05\/Offre-de-formations-professionnelles-en-5-langues-sous-hypnose-pour-le-debutant-eligibles-CPF-768x480.jpeg 768w, https:\/\/www.leslanguessansstress.fr\/wp-content\/uploads\/2022\/05\/Offre-de-formations-professionnelles-en-5-langues-sous-hypnose-pour-le-debutant-eligibles-CPF.jpeg 800w\" sizes=\"auto, (max-width: 300px) 100vw, 300px\" \/><\/h2>\n<h2 style=\"font-weight: 400;\"><span style=\"font-family: verdana, geneva, sans-serif; color: #000080; font-size: 28px;\">D\u00e9veloppez vos comp\u00e9tences dans un contexte professionnel en 5 langues sans stress avec le budget CPF\u00a0<\/span><\/h2>\n<p><span style=\"font-family: verdana, geneva, sans-serif; color: #000080;\">Par langue professionnelle, on se r\u00e9f\u00e8re \u00e0 une langue apprise \u00e0 des fins d&rsquo;\u00e9changes entre coll\u00e8gues et la hi\u00e9rarchie en entreprise et avec les partenaires, clients, et visiteurs selon vos fonctions dans l&rsquo;entreprise.\u00a0<\/span><span style=\"font-family: verdana, geneva, sans-serif; color: #000080;\">A partir du vocabulaire de base et la structure des phrases de la langue courante, le lexique courant est adapt\u00e9 au monde des \u00e9changes commerciaux et professionnels communs \u00e0 toutes les entreprises. Tous nos programmes peuvent commencer au niveau d\u00e9butant A1 en langue courante vers les niveaux interm\u00e9diaires et avanc\u00e9s.\u00a0<\/span><\/p>\n<p><img loading=\"lazy\" decoding=\"async\" class=\"alignnone size-full wp-image-10474 aligncenter\" src=\"https:\/\/www.leslanguessansstress.fr\/wp-content\/uploads\/2020\/08\/5-langues-sans-stress-de-sp\u00e9cialit\u00e9-m\u00e9tiers-activit\u00e9s-sociales-et-professionnelles-CPF-La-Rochette-Pontcharra-Maurienne-e1614702930817.png\" alt=\"\" width=\"296\" height=\"186\" \/><\/p>\n<h2 style=\"font-weight: 400;\"><span style=\"font-family: verdana, geneva, sans-serif; color: #000080;\">Am\u00e9liorez votre communication en langue selon un m\u00e9tier ou secteur d&rsquo;activit\u00e9<\/span><\/h2>\n<p><span style=\"font-family: verdana, geneva, sans-serif; color: #000080;\">La structure des phrases, les expressions et le lexique standard \u00e0 la communication courante en entreprise ne changent pas.\u00a0<\/span><span style=\"font-family: verdana, geneva, sans-serif; color: #000080;\">On fait ici r\u00e9f\u00e9rence \u00e0 un lexique choisi dans un contexte professionnel en lien avec le m\u00e9tier ou le secteur d&rsquo;activit\u00e9 vis\u00e9 pour enrichir votre communication de mots et expressions tr\u00e8s particuli\u00e8rement utilis\u00e9s pendant vos fonctions et relations habituelles. Tous nos programmes peuvent commencer par une initiation ou rafraichissement au niveau d\u00e9butant A1 en langue courante vers les niveaux interm\u00e9diaires et avanc\u00e9s. <\/span><\/p>\n<p><span style=\"font-family: verdana, geneva, sans-serif; color: #000080;\">Tous les programmes professionnels sont accessibles entre les niveaux A1 et B2\/C1.<\/span><\/p>\n<p><img loading=\"lazy\" decoding=\"async\" class=\"alignnone wp-image-16988 aligncenter\" src=\"https:\/\/www.leslanguessansstress.fr\/wp-content\/uploads\/2024\/11\/Certifier-vos-5-langues-sabs-stress-avec-les-tests-CLOE-LE-ROBERT-et-TOEIC-300x86.jpg\" alt=\"\" width=\"321\" height=\"92\" srcset=\"https:\/\/www.leslanguessansstress.fr\/wp-content\/uploads\/2024\/11\/Certifier-vos-5-langues-sabs-stress-avec-les-tests-CLOE-LE-ROBERT-et-TOEIC-300x86.jpg 300w, https:\/\/www.leslanguessansstress.fr\/wp-content\/uploads\/2024\/11\/Certifier-vos-5-langues-sabs-stress-avec-les-tests-CLOE-LE-ROBERT-et-TOEIC-1024x295.jpg 1024w, https:\/\/www.leslanguessansstress.fr\/wp-content\/uploads\/2024\/11\/Certifier-vos-5-langues-sabs-stress-avec-les-tests-CLOE-LE-ROBERT-et-TOEIC-768x221.jpg 768w, https:\/\/www.leslanguessansstress.fr\/wp-content\/uploads\/2024\/11\/Certifier-vos-5-langues-sabs-stress-avec-les-tests-CLOE-LE-ROBERT-et-TOEIC.jpg 1048w\" sizes=\"auto, (max-width: 321px) 100vw, 321px\" \/><\/p>\n<h2 style=\"font-weight: 400;\"><span style=\"font-family: verdana, geneva, sans-serif; color: #000080;\">Certifier son niveau de ma\u00eetrise sans stress en langues professionnelles\u00a0<\/span><\/h2>\n<p><span style=\"font-family: verdana, geneva, sans-serif; color: #000080;\">En fonction de vos objectifs de certification et vos besoins d\u00e9cel\u00e9s, <\/span><span style=\"font-family: verdana, geneva, sans-serif; color: #000080;\">le programme de la formation professionnelle sera personnalis\u00e9 \u00e0 votre niveau et \u00e0 vos contraintes avec un module de p<\/span><span style=\"font-family: verdana, geneva, sans-serif; color: #000080;\">r\u00e9paration au format des questions du test de certification choisi dans la langue cible. \u00a0\u00a0<\/span><\/p>\n<p><img loading=\"lazy\" decoding=\"async\" class=\"alignnone wp-image-16989 aligncenter\" src=\"https:\/\/www.leslanguessansstress.fr\/wp-content\/uploads\/2024\/11\/France-Competences--300x72.jpg\" alt=\"\" width=\"325\" height=\"78\" srcset=\"https:\/\/www.leslanguessansstress.fr\/wp-content\/uploads\/2024\/11\/France-Competences--300x72.jpg 300w, https:\/\/www.leslanguessansstress.fr\/wp-content\/uploads\/2024\/11\/France-Competences--1024x246.jpg 1024w, https:\/\/www.leslanguessansstress.fr\/wp-content\/uploads\/2024\/11\/France-Competences--768x185.jpg 768w, https:\/\/www.leslanguessansstress.fr\/wp-content\/uploads\/2024\/11\/France-Competences-.jpg 1248w\" sizes=\"auto, (max-width: 325px) 100vw, 325px\" \/><br \/>\n<span style=\"font-family: verdana, geneva, sans-serif; color: #000080;\"><a href=\"https:\/\/www.francecompetences.fr\/\" target=\"_blank\" rel=\"noopener\">FRANCE COMP\u00c9TENCES<\/a> est actuellement la seule structure fran\u00e7aise d&rsquo;\u00e9tat r\u00e9f\u00e9rant les programmes et les tests de certification en vigueur. <\/span><span style=\"font-family: verdana, geneva, sans-serif; color: #000080;\">Depuis 2023, le certificat est remis au candidat d\u00e8s que les r\u00e9sultats ont atteint ou d\u00e9pass\u00e9 le niveau Seuil A2 du CECRL. <\/span><br \/>\n<span style=\"font-family: verdana, geneva, sans-serif; color: #000080;\">Lorsque le r\u00e9sultat se situe entre A1 et A2 le candidat re\u00e7oit une attestation de niveau des acquis. Il pourra ensuite d\u00e9velopper ses acquis pour certifier le niveau A2.\u00a0<\/span><br \/>\n<span style=\"font-family: verdana, geneva, sans-serif; color: #000080;\">Selon le test choisi, la validit\u00e9 du Certificat se situe entre 2 ans et \u00e0 vie.<\/span><\/p>\n<p><span style=\"color: #0000ff;\"><a style=\"color: #0000ff;\" href=\"https:\/\/www.leslanguessansstress.fr\/index.php\/2024\/10\/01\/niveaux-de-competences-pro\/\" target=\"_blank\" rel=\"noopener\"><span style=\"font-family: verdana, geneva, sans-serif;\">Comprendre les niveaux CECRL de A1 \u00e0 C2 en langues professionnelles<\/span><\/a><\/span><\/p>\n<p><img loading=\"lazy\" decoding=\"async\" class=\"alignnone wp-image-16991 aligncenter\" src=\"https:\/\/www.leslanguessansstress.fr\/wp-content\/uploads\/2024\/11\/CPF-Mon-Compte-Formation--300x300.png\" alt=\"\" width=\"220\" height=\"220\" srcset=\"https:\/\/www.leslanguessansstress.fr\/wp-content\/uploads\/2024\/11\/CPF-Mon-Compte-Formation--300x300.png 300w, https:\/\/www.leslanguessansstress.fr\/wp-content\/uploads\/2024\/11\/CPF-Mon-Compte-Formation--150x150.png 150w, https:\/\/www.leslanguessansstress.fr\/wp-content\/uploads\/2024\/11\/CPF-Mon-Compte-Formation-.png 472w\" sizes=\"auto, (max-width: 220px) 100vw, 220px\" \/><\/p>\n<p><span style=\"font-family: verdana, geneva, sans-serif;\"><strong><span style=\"color: #000080;\"><img loading=\"lazy\" decoding=\"async\" class=\"alignnone wp-image-14125 aligncenter\" src=\"https:\/\/www.leslanguessansstress.fr\/wp-content\/uploads\/2022\/10\/programme-adapte-a-5-langues-sans-stress-CPF-300x35.jpg\" alt=\"\" width=\"437\" height=\"51\" srcset=\"https:\/\/www.leslanguessansstress.fr\/wp-content\/uploads\/2022\/10\/programme-adapte-a-5-langues-sans-stress-CPF-300x35.jpg 300w, https:\/\/www.leslanguessansstress.fr\/wp-content\/uploads\/2022\/10\/programme-adapte-a-5-langues-sans-stress-CPF.jpg 702w\" sizes=\"auto, (max-width: 437px) 100vw, 437px\" \/><\/span><\/strong><\/span><\/p>\n<p><span style=\"color: #000080; font-family: verdana, geneva, sans-serif;\">Nos programmes de langues pour apprendre ou perfectionner et pratiquer l&rsquo;oral intens\u00e9ment : <\/span><\/p>\n<p><span style=\"color: #000080; font-family: verdana, geneva, sans-serif;\"><span style=\"color: #00ccff;\">FRAN\u00c7AIS<\/span> \u2192 courant perfectionnement des \u00e9crits &#8211; FLE courant et professionnel &#8211; <a href=\"https:\/\/www.moncompteformation.gouv.fr\/espace-prive\/html\/#\/formation\/recherche\/modalite\/localite\/resultats?q=%7B%22ou%22:%7B%22modality%22:%22EN_CENTRE_MIXTE%22,%22type%22:%22CP%22,%22ville%22:%7B%22nom%22:%22LA%20ROCHETTE%22,%22codePostal%22:%2273110%22,%22codeInsee%22:%2273215%22,%22coordonnee%22:%7B%22longitude%22:6.16651,%22latitude%22:45.452435%7D,%22eligibleCpf%22:true%7D%7D,%22debutPagination%22:1,%22nombreOccurences%22:10,%22contexteFormation%22:%22ACTIVITE_PROFESSIONNELLE%22,%22quoi%22:%22les%20langues%20sans%20stress%22,%22quoiReferentiel%22:null,%22certifications%22:null,%22distance%22:500,%22nomOrganisme%22:%22Les%20langues%20sans%20stress%20Neyret-Vachey%20Val\u00e9rie%22,%22conformiteReglementaire%22:null,%22endDate%22:null,%22startDate%22:null,%22evaluation%22:null,%22niveauSortie%22:null,%22prix%22:null,%22rythme%22:null,%22onlyWithAbondementsEligibles%22:false,%22durationHours%22:null%7D\" target=\"_blank\" rel=\"noopener\">CPF<\/a><\/span><\/p>\n<p><span style=\"color: #000080; font-family: verdana, geneva, sans-serif;\"><span style=\"color: #3366ff;\">ANGLAIS<\/span> \u2192 courant &#8211; voyages &#8211; professionnel &#8211; m\u00e9tiers &#8211; <a href=\"https:\/\/www.moncompteformation.gouv.fr\/espace-prive\/html\/#\/formation\/recherche\/modalite\/localite\/resultats?q=%7B%22ou%22:%7B%22modality%22:%22EN_CENTRE_MIXTE%22,%22type%22:%22CP%22,%22ville%22:%7B%22nom%22:%22LA%20ROCHETTE%22,%22codePostal%22:%2273110%22,%22codeInsee%22:%2273215%22,%22coordonnee%22:%7B%22longitude%22:6.16651,%22latitude%22:45.452435%7D,%22eligibleCpf%22:true%7D%7D,%22debutPagination%22:1,%22nombreOccurences%22:10,%22contexteFormation%22:%22ACTIVITE_PROFESSIONNELLE%22,%22quoi%22:%22anglais%22,%22quoiReferentiel%22:null,%22certifications%22:null,%22distance%22:5,%22nomOrganisme%22:%22Les%20langues%20sans%20stress%20Neyret-Vachey%20Val\u00e9rie%22,%22conformiteReglementaire%22:null,%22endDate%22:null,%22startDate%22:null,%22evaluation%22:null,%22niveauSortie%22:null,%22prix%22:null,%22rythme%22:null,%22onlyWithAbondementsEligibles%22:false,%22durationHours%22:null%7D\" target=\"_blank\" rel=\"noopener\">CPF<\/a>\u00a0<\/span><br \/>\n<span style=\"color: #000080; font-family: verdana, geneva, sans-serif;\"><span style=\"color: #ffcc00;\">ALLEMAND<\/span> \u2192 courant &#8211; voyages &#8211; professionnel &#8211; m\u00e9tiers &#8211; <span style=\"color: #0000ff;\"><a style=\"color: #0000ff;\" href=\"https:\/\/www.moncompteformation.gouv.fr\/espace-prive\/html\/#\/formation\/recherche\/modalite\/localite\/resultats?q=%7B%22ou%22:%7B%22modality%22:%22EN_CENTRE_MIXTE%22,%22type%22:%22CP%22,%22ville%22:%7B%22nom%22:%22LA%20ROCHETTE%22,%22codePostal%22:%2273110%22,%22codeInsee%22:%2273215%22,%22coordonnee%22:%7B%22longitude%22:6.16651,%22latitude%22:45.452435%7D,%22eligibleCpf%22:true%7D%7D,%22debutPagination%22:1,%22nombreOccurences%22:10,%22contexteFormation%22:%22ACTIVITE_PROFESSIONNELLE%22,%22quoiReferentiel%22:%7B%22code%22:%2215228%22,%22libelle%22:%22ESPAGNOL%22,%22type%22:%22FORMACODE%22,%22publics%22:%5B%22GD_PUBLIC%22%5D%7D,%22quoi%22:null,%22certifications%22:null,%22distance%22:5,%22nomOrganisme%22:null,%22conformiteReglementaire%22:null,%22endDate%22:null,%22startDate%22:null,%22evaluation%22:null,%22niveauSortie%22:null,%22prix%22:null,%22rythme%22:null,%22onlyWithAbondementsEligibles%22:false,%22durationHours%22:null%7D\" target=\"_blank\" rel=\"noopener\">CPF<\/a><\/span><\/span><br \/>\n<span style=\"color: #000080; font-family: verdana, geneva, sans-serif;\"><span style=\"color: #ff0000;\">ESPAGNOL<\/span> \u2192 courant &#8211; voyages &#8211; professionnel &#8211; m\u00e9tiers &#8211; <a href=\"https:\/\/www.moncompteformation.gouv.fr\/espace-prive\/html\/#\/formation\/recherche\/modalite\/localite\/resultats?q=%7B%22ou%22:%7B%22modality%22:%22EN_CENTRE_MIXTE%22,%22type%22:%22CP%22,%22ville%22:%7B%22nom%22:%22LA%20ROCHETTE%22,%22codePostal%22:%2273110%22,%22codeInsee%22:%2273215%22,%22coordonnee%22:%7B%22longitude%22:6.16651,%22latitude%22:45.452435%7D,%22eligibleCpf%22:true%7D%7D,%22debutPagination%22:1,%22nombreOccurences%22:10,%22contexteFormation%22:%22ACTIVITE_PROFESSIONNELLE%22,%22quoiReferentiel%22:%7B%22code%22:%2215228%22,%22libelle%22:%22ESPAGNOL%22,%22type%22:%22FORMACODE%22,%22publics%22:%5B%22GD_PUBLIC%22%5D%7D,%22quoi%22:null,%22certifications%22:null,%22distance%22:5,%22nomOrganisme%22:null,%22conformiteReglementaire%22:null,%22endDate%22:null,%22startDate%22:null,%22evaluation%22:null,%22niveauSortie%22:null,%22prix%22:null,%22rythme%22:null,%22onlyWithAbondementsEligibles%22:false,%22durationHours%22:null%7D\" target=\"_blank\" rel=\"noopener\">CPF<\/a><\/span><br \/>\n<span style=\"color: #000080; font-family: verdana, geneva, sans-serif;\"><span style=\"color: #339966;\">ITALIEN<\/span> \u2192 courant &#8211; voyages &#8211; professionnel &#8211; m\u00e9tiers &#8211; <span style=\"color: #0000ff;\"><a style=\"color: #0000ff;\" href=\"https:\/\/www.moncompteformation.gouv.fr\/espace-prive\/html\/#\/formation\/recherche\/modalite\/localite\/resultats?q=%7B%22ou%22:%7B%22modality%22:%22EN_CENTRE_MIXTE%22,%22type%22:%22CP%22,%22ville%22:%7B%22nom%22:%22LA%20ROCHETTE%22,%22codePostal%22:%2273110%22,%22codeInsee%22:%2273215%22,%22coordonnee%22:%7B%22longitude%22:6.16651,%22latitude%22:45.452435%7D,%22eligibleCpf%22:true%7D%7D,%22debutPagination%22:1,%22nombreOccurences%22:10,%22contexteFormation%22:%22ACTIVITE_PROFESSIONNELLE%22,%22quoiReferentiel%22:%7B%22code%22:%2215247%22,%22libelle%22:%22ITALIEN%22,%22type%22:%22FORMACODE%22,%22publics%22:%5B%22GD_PUBLIC%22%5D%7D,%22quoi%22:null,%22certifications%22:null,%22distance%22:5%7D\" target=\"_blank\" rel=\"noopener\">CPF<\/a><\/span><\/span><\/p>\n<h2 style=\"font-weight: 400;\"><span style=\"font-family: verdana, geneva, sans-serif; color: #000080; font-size: 16px;\"><span style=\"color: #000080; font-family: verdana, geneva, sans-serif;\"><a href=\"https:\/\/www.leslanguessansstress.fr\/index.php\/2025\/01\/18\/apprendre-les-langues-sans-stress-sous-hypnose\/\" target=\"_blank\" rel=\"noopener\"><span style=\"text-decoration: underline;\">Nos programmes en 5 langues incluant l&rsquo;hypnose de relaxation<\/span><\/a> <\/span><\/span><br \/>\n<span style=\"font-family: verdana, geneva, sans-serif; color: #000080; font-size: 16px;\">Pr\u00e9paration \u00e0 la prise de parole sans stress (visualisation ou hypnose)<\/span><br \/>\n<span style=\"font-family: verdana, geneva, sans-serif; color: #000080; font-size: 16px;\">L&rsquo;entretien professionnel sous hypnose CPF\u00a0<\/span><\/h2>\n<p><img loading=\"lazy\" decoding=\"async\" class=\"alignnone wp-image-15071 aligncenter\" src=\"https:\/\/www.leslanguessansstress.fr\/wp-content\/uploads\/2023\/09\/5-COURS-BILINGUES-ANGLAIS-et-espagnol-ou-italien-ou-allemand-ou-FLE-300x60.jpg\" alt=\"\" width=\"405\" height=\"81\" srcset=\"https:\/\/www.leslanguessansstress.fr\/wp-content\/uploads\/2023\/09\/5-COURS-BILINGUES-ANGLAIS-et-espagnol-ou-italien-ou-allemand-ou-FLE-300x60.jpg 300w, https:\/\/www.leslanguessansstress.fr\/wp-content\/uploads\/2023\/09\/5-COURS-BILINGUES-ANGLAIS-et-espagnol-ou-italien-ou-allemand-ou-FLE.jpg 686w\" sizes=\"auto, (max-width: 405px) 100vw, 405px\" \/><\/p>\n<p><span style=\"color: #000080; font-family: verdana, geneva, sans-serif;\">Nos programmes en deux langues pour prendre confiance \u00e0 l&rsquo;oral et renforcer l&rsquo;\u00e9crit plus rapidement et sans difficult\u00e9 dans la plupart des situations du quotidien et d\u00e9velopper votre communication professionnelle :<\/span><\/p>\n<h2 style=\"font-weight: 400;\"><span style=\"font-family: verdana, geneva, sans-serif; color: #000080; font-size: 20px;\">Immersion bilingue du niveau A1 \u00e0 B2 en 5 langues professionnelles pour consolider l&rsquo;anglais et vous initier ou perfectionner votre communication dans une seconde langue de votre choix<\/span><\/h2>\n<p><span style=\"color: #000080; font-family: verdana, geneva, sans-serif; font-size: 16px;\">Anglais + au choix : allemand, espagnol, italien, fran\u00e7ais, FLE dans un contexte d&rsquo;\u00e9changes professionnels.<\/span><\/p>\n<h3><span style=\"font-family: verdana, geneva, sans-serif; color: #000080; font-size: 16px;\">L&rsquo;anglais est essentiel o\u00f9 que vous soyez, mais pouvoir comprendre votre environnement et interagir dans la langue du pays ou de l&rsquo;interlocuteur fera certainement la diff\u00e9rence en votre faveur!<\/span><\/h3>\n<ul>\n<li><span style=\"font-family: verdana, geneva, sans-serif; color: #000080;\"><span style=\"color: #3366ff;\">anglais<\/span>\/<span style=\"color: #008000;\">italien<\/span>\u00a0 \u2192 bases &#8211; courant &#8211; professionnel &#8211; CPF<\/span><\/li>\n<li><span style=\"font-family: verdana, geneva, sans-serif; color: #000080;\"><span style=\"color: #3366ff;\">anglais<\/span>\/<span style=\"color: #008000;\"><span style=\"color: #ff0000;\">espagnol <span style=\"color: #333333;\">\u2192 bases &#8211; courant &#8211; professionnel &#8211; CPF<\/span><\/span><span style=\"color: #333333;\">\u00a0\u00a0<\/span><\/span><\/span><\/li>\n<li><span style=\"font-family: verdana, geneva, sans-serif; color: #000080;\"><span style=\"color: #3366ff;\">anglais<\/span>\/<span style=\"color: #f2a530;\">allemand <span style=\"color: #333333;\">\u2192 bases &#8211; courant &#8211; professionnel &#8211; CPF\u00a0<\/span><\/span><\/span><\/li>\n<li><span style=\"font-family: verdana, geneva, sans-serif; color: #000080;\"><span style=\"color: #3366ff;\">anglais<\/span>\/<span style=\"color: #0000ff;\">F.L.E <span style=\"color: #333333;\">\u2192 bases &#8211; courant &#8211; professionnel &#8211; CPF \u00a0<\/span><\/span><\/span><\/li>\n<\/ul>\n<p>&nbsp;<\/p>\n<h5><span style=\"color: #000080; font-family: verdana, geneva, sans-serif; font-size: 16px;\">Modalit\u00e9s des cours et formations<\/span><\/h5>\n<p><span style=\"font-family: verdana, geneva, sans-serif; color: #000080;\">Nous vous invitons \u00e0 consulter <a href=\"https:\/\/www.leslanguessansstress.fr\/index.php\/2023\/11\/27\/livret-daccueil-du-stagiaire\/\" target=\"_blank\" rel=\"noopener\"><strong>LE LIVRET D&rsquo;ACCUEIL DU STAGIAIRE<\/strong><\/a> avant toute inscription afin de conna\u00eetre les modalit\u00e9s de votre formation, comment nous pouvons vous aider dans votre choix des ressources et le r\u00e8glement int\u00e9rieur de notre \u00e9tablissement.<\/span><\/p>\n<h5><span style=\"color: #000080; font-family: verdana, geneva, sans-serif; font-size: 14px;\"><a href=\"https:\/\/www.leslanguessansstress.fr\/index.php\/prix-financement\/\" target=\"_blank\" rel=\"noopener\">Prix et financement des parcours linguistiques<\/a>\u00a0<\/span><\/h5>\n<blockquote><p>&nbsp;<\/p><\/blockquote>\n<p><span style=\"font-family: verdana, geneva, sans-serif; color: #000080;\"><img loading=\"lazy\" decoding=\"async\" class=\"size-medium wp-image-10251 aligncenter\" src=\"https:\/\/www.leslanguessansstress.fr\/wp-content\/uploads\/2020\/08\/handicap-reconnu-aux-langues-sans-stress-\u00e0-la-rochette-pr\u00e8s-de-pontcharra-e1614707557454-300x124.png\" alt=\"\" width=\"300\" height=\"124\" srcset=\"https:\/\/www.leslanguessansstress.fr\/wp-content\/uploads\/2020\/08\/handicap-reconnu-aux-langues-sans-stress-\u00e0-la-rochette-pr\u00e8s-de-pontcharra-e1614707557454-300x124.png 300w, https:\/\/www.leslanguessansstress.fr\/wp-content\/uploads\/2020\/08\/handicap-reconnu-aux-langues-sans-stress-\u00e0-la-rochette-pr\u00e8s-de-pontcharra-e1614707557454.png 686w\" sizes=\"auto, (max-width: 300px) 100vw, 300px\" \/><\/span><\/p>\n<p><span style=\"font-family: verdana, geneva, sans-serif; color: #000080;\">\u00a0* S&rsquo;il y a situation de handicap ou d&rsquo;illettrisme nous vous accompagnons individuellement m\u00eame en atelier mixte avec bienveillance et discr\u00e9tion quant \u00e0 votre situation. Faites-nous part de vos besoins en amont de la formation. Quelle que soit la langue choisie et le niveau, vous pouvez apprendre avec plaisir et profiter de notre accompagnement d\u00e9di\u00e9!<\/span><\/p>\n","protected":false},"excerpt":{"rendered":"<p>5 langues pour tous \u00a0 Communiquer au quotidien et en voyages\u00a0 La formation professionnelle &#8211;<\/p>\n","protected":false},"author":1,"featured_media":0,"parent":2593,"menu_order":0,"comment_status":"closed","ping_status":"closed","template":"","meta":{"footnotes":""},"class_list":["post-15012","page","type-page","status-publish","hentry"],"_links":{"self":[{"href":"https:\/\/www.leslanguessansstress.fr\/index.php\/wp-json\/wp\/v2\/pages\/15012","targetHints":{"allow":["GET"]}}],"collection":[{"href":"https:\/\/www.leslanguessansstress.fr\/index.php\/wp-json\/wp\/v2\/pages"}],"about":[{"href":"https:\/\/www.leslanguessansstress.fr\/index.php\/wp-json\/wp\/v2\/types\/page"}],"author":[{"embeddable":true,"href":"https:\/\/www.leslanguessansstress.fr\/index.php\/wp-json\/wp\/v2\/users\/1"}],"replies":[{"embeddable":true,"href":"https:\/\/www.leslanguessansstress.fr\/index.php\/wp-json\/wp\/v2\/comments?post=15012"}],"version-history":[{"count":67,"href":"https:\/\/www.leslanguessansstress.fr\/index.php\/wp-json\/wp\/v2\/pages\/15012\/revisions"}],"predecessor-version":[{"id":18688,"href":"https:\/\/www.leslanguessansstress.fr\/index.php\/wp-json\/wp\/v2\/pages\/15012\/revisions\/18688"}],"up":[{"embeddable":true,"href":"https:\/\/www.leslanguessansstress.fr\/index.php\/wp-json\/wp\/v2\/pages\/2593"}],"wp:attachment":[{"href":"https:\/\/www.leslanguessansstress.fr\/index.php\/wp-json\/wp\/v2\/media?parent=15012"}],"curies":[{"name":"wp","href":"https:\/\/api.w.org\/{rel}","templated":true}]}}