{"id":11531,"date":"2025-12-16T10:20:05","date_gmt":"2025-12-16T09:20:05","guid":{"rendered":"https:\/\/www.leslanguessansstress.fr\/?page_id=11531"},"modified":"2025-12-16T16:18:49","modified_gmt":"2025-12-16T15:18:49","slug":"accueil","status":"publish","type":"page","link":"https:\/\/www.leslanguessansstress.fr\/index.php\/accueil\/","title":{"rendered":"Bienvenue"},"content":{"rendered":"<p style=\"text-align: left;\"><em><span style=\"font-size: 14px; color: #333333;\"><span style=\"font-family: verdana, geneva, sans-serif;\">Information \u00e0 lire de pr\u00e9f\u00e9rence depuis un ordinateur <\/span><\/span><\/em><\/p>\n<h1 style=\"font-weight: 400;\"><span style=\"font-size: 20px; color: #d65804;\"><span style=\"font-family: verdana, geneva, sans-serif;\"><span style=\"caret-color: #ff6600;\"><span style=\"font-size: 24px;\">Bienvenue Au Top avec Les Langues Sans Stress<\/span> <\/span><\/span><\/span><\/h1>\n<h2 style=\"font-weight: 400;\"><span style=\"font-family: arial, helvetica, sans-serif;\">\ud83c\udfeb<span style=\"color: #000080;\"> Cours de langue et entretiens individualis\u00e9s\u00a0<\/span><\/span><\/h2>\n<p style=\"font-weight: 400;\"><span style=\"font-family: arial, helvetica, sans-serif; color: #000080; font-size: 14px;\">Maximisez votre pratique immersive dans notre \u00e9cole \u00e0 Val Gelon-La Rochette. Pour les plus \u00e9loign\u00e9s, nous proposons une \u00e9tude mixte e-learning \u00e0 votre rythme avec atelier de mise en pratique cibl\u00e9e par situation ou th\u00e8me grammatical suivis d\u2019entretiens sur place ou en Visio.\u00a0<\/span><\/p>\n<p style=\"font-weight: 400;\"><span style=\"font-family: arial, helvetica, sans-serif; color: #000080; font-size: 14px;\">Vous pouvez vous exprimer selon votre niveau et vos connaissances face \u00e0 un formatrice d\u00e9di\u00e9e \u00e0 votre \u00e9coute qui propose une correction explicative avec patience et qui peut apporter un soutien personnalis\u00e9 en pr\u00e9paration mentale, gestion du stress et hypnose sur simple demande.<\/span><\/p>\n<h3 style=\"font-weight: 400;\"><span style=\"font-family: arial, helvetica, sans-serif; color: #ff6600; font-size: 14px;\">NOUVEAU<\/span><br \/>\n<span style=\"font-family: arial, helvetica, sans-serif; color: #000080; font-size: 14px;\">Cours d\u2019anglais ludique en pr\u00e9sentiel, niveau faux d\u00e9butant \u00e0 interm\u00e9diaire, tous les lundis en fin d\u2019apr\u00e8s-midi \u00e0 partir de mi-janvier 2026 pour embellir vos conversations courantes et travailler ensemble la prise de parole en public sans stress. Certaines s\u00e9ances peuvent inclure des prestations sous hypnose de relaxation pour une pratique fluide de l\u2019anglais (4 \u00e0 8 pers.).\u00a0<\/span><\/h3>\n<h2 style=\"font-weight: 400;\"><span style=\"font-family: arial, helvetica, sans-serif; color: #000080; font-size: 16px;\">\ud83d\udc69\u200d\ud83c\udfeb Cours particuliers<\/span><\/h2>\n<p style=\"font-weight: 400;\"><span style=\"font-family: arial, helvetica, sans-serif; color: #000080; font-size: 14px;\">En pr\u00e9sentiel ou en ligne, enti\u00e8rement personnalis\u00e9s et flexibles.<\/span><\/p>\n<h3 style=\"font-weight: 400;\"><span style=\"font-family: arial, helvetica, sans-serif; color: #000080; font-size: 16px;\">\ud83d\udc65 Cours semi-priv\u00e9s<\/span><\/h3>\n<p style=\"font-weight: 400;\"><span style=\"font-family: arial, helvetica, sans-serif; color: #000080; font-size: 14px;\">Id\u00e9al pour \u00e9tudier avec un ami, un coll\u00e8gue, votre partenaire ou un membre de votre famille de m\u00eame niveau.\u00a0<\/span><\/p>\n<h2 style=\"font-weight: 400;\"><span style=\"font-family: arial, helvetica, sans-serif; color: #000080; font-size: 16px;\">\ud83c\udfac Cours en ligne<\/span><\/h2>\n<p style=\"font-weight: 400;\"><span style=\"font-family: arial, helvetica, sans-serif; color: #000080; font-size: 14px;\">Profitez de notre partenariat avec la plateforme e-learning MOSALINGUA pour des cours pas-\u00e0-pas dans la langue de votre choix ou d\u2019HYPNOLEDGE pour apprendre ou approfondir une langue sous hypnose au niveau d\u00e9butant, interm\u00e9diaire et avanc\u00e9, en anglais, allemand, espagnol, italien ou fran\u00e7ais langue \u00e9trang\u00e8re \u00e0 un tarif sp\u00e9cial (abonnement mensuel reconductible).<\/span><\/p>\n<h2 style=\"font-weight: 400;\"><span style=\"font-family: arial, helvetica, sans-serif; color: #000080; font-size: 16px;\">\ud83c\udf81 Ch\u00e8que cadeau \u2013 choisissez le montant<\/span><\/h2>\n<p style=\"font-weight: 400;\"><span style=\"font-family: arial, helvetica, sans-serif; color: #000080; font-size: 14px;\">S\u00e9lectionnez le montant et laissez le destinataire choisir le parcours d&rsquo;apprentissage de la langue qui lui conviendrait le mieux ou des s\u00e9ances d\u2019hypnose.<\/span><\/p>\n<p style=\"font-weight: 400;\">\n<p>&nbsp;<\/p>\n<h1 style=\"font-weight: 400;\"><span style=\"font-size: 20px; color: #d65804;\"><span style=\"font-family: verdana, geneva, sans-serif;\"><span style=\"caret-color: #ff6600;\"><span style=\"color: #000080;\">1) Organisme de formation certifi\u00e9 Qualiopi pour une pr\u00e9paration cibl\u00e9e \u00a0<\/span><\/span><\/span><\/span><br \/>\n<span style=\"font-size: 20px; color: #000080;\"><span style=\"font-family: verdana, geneva, sans-serif;\"><span style=\"caret-color: #ff6600;\">2) Ateliers conviviaux en adh\u00e9rant \u00e0 l&rsquo;association\u00a0<\/span><\/span><\/span><\/h1>\n<h2 style=\"font-weight: 400;\"><span style=\"color: #ff6600; font-family: verdana, geneva, sans-serif; font-size: 20px;\"><span style=\"text-decoration: underline;\">Atout Les langues sans stress<\/span>\u00a0:\u00a0<\/span><\/h2>\n<p style=\"font-weight: 400;\"><span style=\"color: #000080; font-family: verdana, geneva, sans-serif; font-size: 14px;\">Une \u00e9coute franche des besoins et contraintes autant que des freins ou blocages ressentis par l&rsquo;apprenant pour une approche p\u00e9dagogique participative, efficiente et centr\u00e9e sur l\u2019apprenant avec des ressources mentales adaptatives et un accompagnement empathique non intrusif par une formatrice polyglotte multicertifi\u00e9e. \u00a0<\/span><\/p>\n<p style=\"font-weight: 400;\"><span style=\"color: #000080; font-family: verdana, geneva, sans-serif; font-size: 14px;\">Une place particuli\u00e8re est faite \u00e0 l&rsquo;apprenant en situation de handicap et\/ou en situation d&rsquo;illettrisme et\/ou angoiss\u00e9, phobique (&#8230;) et qui veut avancer vers ses objectifs individuels de d\u00e9veloppement en exploitant sa particularit\u00e9 avec des ressources et un accompagnement tr\u00e8s personnalis\u00e9s.\u00a0<\/span><\/p>\n<h2 style=\"text-align: left;\"><span style=\"font-size: 16px; font-family: verdana, geneva, sans-serif;\"><span style=\"color: #000080;\">Prestations privil\u00e9gi\u00e9es d&rsquo;accompagnement anti stress et formations con\u00e7ues sur mesure avec entretiens individualis\u00e9s :<\/span><\/span><\/h2>\n<p style=\"text-align: center;\"><span style=\"font-size: 16px;\"><span style=\"color: #000080; font-family: verdana, geneva, sans-serif;\"> <a href=\"https:\/\/www.moncompteformation.gouv.fr\/espace-public\/les-acteurs-de-la-competence-linitiative-dune-charte-de-deontologie-au-cpf\" target=\"_blank\" rel=\"noopener\"><img loading=\"lazy\" decoding=\"async\" class=\"alignnone wp-image-16444\" src=\"https:\/\/www.leslanguessansstress.fr\/wp-content\/uploads\/2024\/08\/20240828-charte-de-deontologie-Qualiopi--300x271.jpg\" alt=\"\" width=\"123\" height=\"111\" srcset=\"https:\/\/www.leslanguessansstress.fr\/wp-content\/uploads\/2024\/08\/20240828-charte-de-deontologie-Qualiopi--300x271.jpg 300w, https:\/\/www.leslanguessansstress.fr\/wp-content\/uploads\/2024\/08\/20240828-charte-de-deontologie-Qualiopi-.jpg 370w\" sizes=\"auto, (max-width: 123px) 100vw, 123px\" \/><\/a> <\/span><span style=\"color: #000080; font-family: verdana, geneva, sans-serif;\"><strong><a href=\"https:\/\/travail-emploi.gouv.fr\/qualiopi-marque-de-certification-qualite-des-prestataires-de-formation\" target=\"_blank\" rel=\"noopener\"><img loading=\"lazy\" decoding=\"async\" class=\"wp-image-14383 alignnone\" src=\"https:\/\/www.leslanguessansstress.fr\/wp-content\/uploads\/2022\/10\/QUALIOPI-action-de-formation-renouvele\u0301-20221009-Les-langues-sans-stress--300x193.jpg\" alt=\"\" width=\"172\" height=\"111\" srcset=\"https:\/\/www.leslanguessansstress.fr\/wp-content\/uploads\/2022\/10\/QUALIOPI-action-de-formation-renouvele\u0301-20221009-Les-langues-sans-stress--300x193.jpg 300w, https:\/\/www.leslanguessansstress.fr\/wp-content\/uploads\/2022\/10\/QUALIOPI-action-de-formation-renouvele\u0301-20221009-Les-langues-sans-stress--1024x660.jpg 1024w, https:\/\/www.leslanguessansstress.fr\/wp-content\/uploads\/2022\/10\/QUALIOPI-action-de-formation-renouvele\u0301-20221009-Les-langues-sans-stress--768x495.jpg 768w, https:\/\/www.leslanguessansstress.fr\/wp-content\/uploads\/2022\/10\/QUALIOPI-action-de-formation-renouvele\u0301-20221009-Les-langues-sans-stress-.jpg 1504w\" sizes=\"auto, (max-width: 172px) 100vw, 172px\" \/><\/a><br \/>\n<\/strong><\/span><\/span><span style=\"font-size: 20px; color: #ff6600;\"><strong><span style=\"font-family: verdana, geneva, sans-serif;\">Accueil<\/span><\/strong><\/span><br \/>\n<span style=\"color: #000080; font-family: verdana, geneva, sans-serif; font-size: 16px;\">Centre Les langues sans stress, 29 rue Maurice Rey, 73110 Val Gelon-La Rochette \u00a0<\/span><\/p>\n<p><img loading=\"lazy\" decoding=\"async\" class=\"alignnone wp-image-15551 aligncenter\" src=\"https:\/\/www.leslanguessansstress.fr\/wp-content\/uploads\/2023\/12\/Preparation-aux-entretiens-CPF--300x200.jpeg\" alt=\"\" width=\"215\" height=\"143\" srcset=\"https:\/\/www.leslanguessansstress.fr\/wp-content\/uploads\/2023\/12\/Preparation-aux-entretiens-CPF--300x200.jpeg 300w, https:\/\/www.leslanguessansstress.fr\/wp-content\/uploads\/2023\/12\/Preparation-aux-entretiens-CPF--1024x682.jpeg 1024w, https:\/\/www.leslanguessansstress.fr\/wp-content\/uploads\/2023\/12\/Preparation-aux-entretiens-CPF--768x512.jpeg 768w, https:\/\/www.leslanguessansstress.fr\/wp-content\/uploads\/2023\/12\/Preparation-aux-entretiens-CPF-.jpeg 1280w\" sizes=\"auto, (max-width: 215px) 100vw, 215px\" \/><\/p>\n<h1 style=\"text-align: center;\"><span style=\"font-family: tahoma, arial, helvetica, sans-serif; font-size: 20px; color: #000080;\">ENTREPRISE &#8211; PROFESSIONNEL INDIVIDUEL &#8211; PARTICULIER &#8211; CLUB SPORTIF\u00a0<\/span><\/h1>\n<h4 style=\"font-weight: 400;\"><span style=\"font-size: 16px; color: #d65804;\"><span style=\"font-family: verdana, geneva, sans-serif;\"><span style=\"caret-color: #ff6600;\">Situ\u00e9 pr\u00e8s des majeures entreprises de La Rochette, le centre de formation LES LANGUES SANS STRESS certifi\u00e9 Qualiopi favorise les entretiens pr\u00e9sentiels et en Visioconf\u00e9rence pour d\u00e9velopper vos comp\u00e9tences et votre aisance en communication avec la pratique immersive des langues \u00e9trang\u00e8res,<\/span><\/span><span style=\"font-family: verdana, geneva, sans-serif;\"><span style=\"caret-color: #ff6600;\"> une gestion du stress et de la pr\u00e9paration mentale adapt\u00e9es au profil du stagiaire autant qu&rsquo;aux besoins de l&rsquo;entreprise.<\/span><\/span><\/span><\/h4>\n<h2 style=\"font-weight: 400;\"><span style=\"color: #000080; font-family: verdana, geneva, sans-serif; font-size: 20px;\"><span style=\"caret-color: #ff6600;\">Conception de formations et dispositifs p\u00e9dagogiques sur mesure :\u00a0<\/span><\/span><\/h2>\n<h2 style=\"font-weight: 400;\"><span style=\"color: #000080; font-family: verdana, geneva, sans-serif; font-size: 20px;\"><span style=\"caret-color: #ff6600;\">Gestion de projet linguistique et conseil\u00a0<\/span><\/span><\/h2>\n<p><span style=\"font-family: verdana, geneva, sans-serif; color: #000080; font-size: 14px;\">Apprentissage et pratique tous niveaux des langues ax\u00e9es communication directe\u00a0<\/span><br \/>\n<span style=\"font-family: verdana, geneva, sans-serif; color: #000080; font-size: 14px;\">Initiation, approfondissement des acquis et am\u00e9lioration de l&rsquo;interaction en r\u00e9union\u00a0<\/span><br \/>\n<span style=\"font-family: verdana, geneva, sans-serif; color: #000080; font-size: 14px;\">Pr\u00e9paration entretiens et examens ou certification <\/span><br \/>\n<span style=\"font-family: verdana, geneva, sans-serif; color: #000080; font-size: 14px;\">Formation certifiante \u00e9ligible au CPF et m\u00e9thode, modalit\u00e9s des cours \u00e0 d\u00e9couvrir dans <a href=\"https:\/\/www.leslanguessansstress.fr\/index.php\/2025\/10\/14\/livret-daccueil-du-stagiaire\/\" target=\"_blank\" rel=\"noopener\">LE LIVRET D&rsquo;ACCUEIL<\/a>\u00a0<\/span><\/p>\n<ul>\n<li><span style=\"text-decoration: underline;\"><span style=\"font-family: verdana, geneva, sans-serif; color: #000080; font-size: 14px; text-decoration: underline;\">Liens directs vers MON COMPTE FORMATION<\/span><\/span><br \/>\n<span style=\"font-family: verdana, geneva, sans-serif; color: #000080; font-size: 14px;\">Listes non exhaustive des programmes standards personnalisables \u00e0 vos besoins, contraintes et profil d&rsquo;apprenant avec\/sans hypnose \u00a0<\/span><br \/>\n<span style=\"color: #0000ff;\"><a style=\"color: #0000ff;\" href=\"https:\/\/www.moncompteformation.gouv.fr\/espace-prive\/html\/#\/formation\/recherche\/resultats?q=%7B%22ou%22:%7B%22modality%22:%22EN_CENTRE_MIXTE%22,%22type%22:%22CP%22,%22ville%22:%7B%22nom%22:%22LA%20ROCHETTE%22,%22codePostal%22:%2273110%22,%22codeInsee%22:%2273215%22,%22coordonnee%22:%7B%22longitude%22:6.16651,%22latitude%22:45.452435%7D,%22eligibleCpf%22:true%7D%7D,%22debutPagination%22:1,%22nombreOccurences%22:10,%22contexteFormation%22:%22ACTIVITE_PROFESSIONNELLE%22,%22distance%22:%225%22,%22quoi%22:null,%22quoiReferentiel%22:%7B%22code%22:%2215234%22,%22libelle%22:%22ANGLAIS%22,%22type%22:%22FORMACODE%22,%22publics%22:%5B%22GD_PUBLIC%22%5D%7D,%22nomOrganisme%22:%22Les%20langues%20sans%20stress%20Neyret-Vachey%20Val\u00e9rie%22,%22conformiteReglementaire%22:null,%22endDate%22:null,%22startDate%22:null,%22evaluation%22:null,%22niveauSortie%22:null,%22minPrix%22:null,%22maxPrix%22:null,%22rythme%22:null,%22onlyWithAbondementsEligibles%22:null,%22durationHours%22:null,%22certifications%22:null%7D\" target=\"_blank\" rel=\"noopener\"><span style=\"font-family: verdana, geneva, sans-serif; font-size: 14px;\">ANGLAIS<\/span><\/a><\/span><br \/>\n<span style=\"color: #0000ff;\"><a style=\"color: #0000ff;\" href=\"https:\/\/www.moncompteformation.gouv.fr\/espace-prive\/html\/#\/formation\/recherche\/resultats?q=%7B%22ou%22:%7B%22modality%22:%22EN_CENTRE_MIXTE%22,%22type%22:%22CP%22,%22ville%22:%7B%22nom%22:%22LA%20ROCHETTE%22,%22codePostal%22:%2273110%22,%22codeInsee%22:%2273215%22,%22coordonnee%22:%7B%22longitude%22:6.16651,%22latitude%22:45.452435%7D,%22eligibleCpf%22:true%7D%7D,%22debutPagination%22:1,%22nombreOccurences%22:10,%22contexteFormation%22:%22ACTIVITE_PROFESSIONNELLE%22,%22distance%22:%225%22,%22quoi%22:null,%22quoiReferentiel%22:%7B%22code%22:%2215287%22,%22libelle%22:%22ALLEMAND%22,%22type%22:%22FORMACODE%22,%22publics%22:%5B%22GD_PUBLIC%22%5D%7D,%22nomOrganisme%22:%22Les%20langues%20sans%20stress%20Neyret-Vachey%20Val\u00e9rie%22,%22conformiteReglementaire%22:null,%22endDate%22:null,%22startDate%22:null,%22evaluation%22:null,%22niveauSortie%22:null,%22minPrix%22:null,%22maxPrix%22:null,%22rythme%22:null,%22onlyWithAbondementsEligibles%22:null,%22durationHours%22:null,%22certifications%22:null%7D\" target=\"_blank\" rel=\"noopener\"><span style=\"font-family: verdana, geneva, sans-serif; font-size: 14px;\">ALLEMAND <\/span><\/a><\/span><br \/>\n<span style=\"color: #0000ff;\"><a style=\"color: #0000ff;\" href=\"https:\/\/www.moncompteformation.gouv.fr\/espace-prive\/html\/#\/formation\/recherche\/resultats?q=%7B%22ou%22:%7B%22modality%22:%22EN_CENTRE_MIXTE%22,%22type%22:%22CP%22,%22ville%22:%7B%22nom%22:%22LA%20ROCHETTE%22,%22codePostal%22:%2273110%22,%22codeInsee%22:%2273215%22,%22coordonnee%22:%7B%22longitude%22:6.16651,%22latitude%22:45.452435%7D,%22eligibleCpf%22:true%7D%7D,%22debutPagination%22:1,%22nombreOccurences%22:10,%22contexteFormation%22:%22ACTIVITE_PROFESSIONNELLE%22,%22distance%22:%225%22,%22quoi%22:null,%22quoiReferentiel%22:%7B%22code%22:%2215228%22,%22libelle%22:%22ESPAGNOL%22,%22type%22:%22FORMACODE%22,%22publics%22:%5B%22GD_PUBLIC%22%5D%7D,%22nomOrganisme%22:%22Les%20langues%20sans%20stress%20Neyret-Vachey%20Val\u00e9rie%22,%22conformiteReglementaire%22:null,%22endDate%22:null,%22startDate%22:null,%22evaluation%22:null,%22niveauSortie%22:null,%22minPrix%22:null,%22maxPrix%22:null,%22rythme%22:null,%22onlyWithAbondementsEligibles%22:null,%22durationHours%22:null,%22certifications%22:null%7D\" target=\"_blank\" rel=\"noopener\"><span style=\"font-family: verdana, geneva, sans-serif; font-size: 14px;\">ESPAGNOL <\/span><\/a><\/span><br \/>\n<span style=\"color: #0000ff;\"><a style=\"color: #0000ff;\" href=\"https:\/\/www.moncompteformation.gouv.fr\/espace-prive\/html\/#\/formation\/recherche\/resultats?q=%7B%22ou%22:%7B%22modality%22:%22EN_CENTRE_MIXTE%22,%22type%22:%22CP%22,%22ville%22:%7B%22nom%22:%22LA%20ROCHETTE%22,%22codePostal%22:%2273110%22,%22codeInsee%22:%2273215%22,%22coordonnee%22:%7B%22longitude%22:6.16651,%22latitude%22:45.452435%7D,%22eligibleCpf%22:true%7D%7D,%22debutPagination%22:1,%22nombreOccurences%22:10,%22contexteFormation%22:%22ACTIVITE_PROFESSIONNELLE%22,%22distance%22:%225%22,%22quoi%22:null,%22quoiReferentiel%22:%7B%22code%22:%2215247%22,%22libelle%22:%22ITALIEN%22,%22type%22:%22FORMACODE%22,%22publics%22:%5B%22GD_PUBLIC%22%5D%7D,%22nomOrganisme%22:%22Les%20langues%20sans%20stress%20Neyret-Vachey%20Val\u00e9rie%22,%22conformiteReglementaire%22:null,%22endDate%22:null,%22startDate%22:null,%22evaluation%22:null,%22niveauSortie%22:null,%22minPrix%22:null,%22maxPrix%22:null,%22rythme%22:null,%22onlyWithAbondementsEligibles%22:null,%22durationHours%22:null,%22certifications%22:null%7D\" target=\"_blank\" rel=\"noopener\"><span style=\"font-family: verdana, geneva, sans-serif; font-size: 14px;\">ITALIEN <\/span><\/a><\/span><br \/>\n<span style=\"font-family: verdana, geneva, sans-serif; color: #000080; font-size: 14px;\"><a href=\"https:\/\/www.moncompteformation.gouv.fr\/espace-prive\/html\/#\/formation\/recherche\/resultats?q=%7B%22ou%22:%7B%22modality%22:%22EN_CENTRE_MIXTE%22,%22type%22:%22CP%22,%22ville%22:%7B%22nom%22:%22LA%20ROCHETTE%22,%22codePostal%22:%2273110%22,%22codeInsee%22:%2273215%22,%22coordonnee%22:%7B%22longitude%22:6.16651,%22latitude%22:45.452435%7D,%22eligibleCpf%22:true%7D%7D,%22debutPagination%22:1,%22nombreOccurences%22:10,%22contexteFormation%22:%22ACTIVITE_PROFESSIONNELLE%22,%22distance%22:%225%22,%22quoi%22:%22fran\u00e7ais%20le%20robert%22,%22quoiReferentiel%22:null,%22nomOrganisme%22:%22Les%20langues%20sans%20stress%20Neyret-Vachey%20Val\u00e9rie%22,%22conformiteReglementaire%22:null,%22endDate%22:null,%22startDate%22:null,%22evaluation%22:null,%22niveauSortie%22:null,%22minPrix%22:null,%22maxPrix%22:null,%22rythme%22:null,%22onlyWithAbondementsEligibles%22:null,%22durationHours%22:null,%22certifications%22:null%7D\" target=\"_blank\" rel=\"noopener\"><span style=\"color: #0000ff;\">FRAN\u00c7AIS<\/span><\/a> perfectionnemenet \u00e9crit langue maternelle ou FLE (fran\u00e7ais <\/span><span style=\"font-family: verdana, geneva, sans-serif; color: #000080; font-size: 14px;\">langue \u00e9trang\u00e8re) <\/span><\/li>\n<\/ul>\n<p><span style=\"font-family: verdana, geneva, sans-serif; color: #000080; font-size: 14px;\">Votre programme linguistique sera con\u00e7u en amont de votre session d&rsquo;apr\u00e8s les informations que vous aurez partag\u00e9es avec notre administraiton pour vous faire PARLER couramment et sans traduire depuis ou vers le fran\u00e7ais! Nous prenons en compte les besoins d\u00e9cel\u00e9s pour atteindre l&rsquo;objectif fix\u00e9 avec des situations de la vie de tous les jours en communication courante et des \u00e9changes professionnels ou commerciaux habituels. Certains programmes sont plus cibl\u00e9s m\u00e9tiers ou fonctions dans l&rsquo;entreprise, voyages professionnels ou d&rsquo;agr\u00e9ment, expatriation, etc. <\/span><br \/>\n<span style=\"font-family: verdana, geneva, sans-serif; color: #000080; font-size: 14px;\">Tous les niveaux du CECRL sont accessibles de l&rsquo;initation au perfectionnement. <\/span><\/p>\n<p><span style=\"font-family: verdana, geneva, sans-serif; color: #000080; font-size: 14px;\">Votre accompagnatrice d\u00e9di\u00e9e est formatrice hypnoth\u00e9rapeute-pr\u00e9paratrice mentale polyglotte qui vous immerge dans la langue d&rsquo;\u00e9tude pour d\u00e9jouer des freins et blocages divers vers une expression fluide et assur\u00e9e en public. <\/span><\/p>\n<p><span style=\"font-family: verdana, geneva, sans-serif; color: #000080; font-size: 14px;\"><span style=\"text-decoration: underline;\">Vos entretiens sont divis\u00e9s en 3 parties<\/span> : <\/span><br \/>\n<span style=\"font-family: verdana, geneva, sans-serif; color: #000080; font-size: 14px;\">1 &#8211; <strong>Mise en pratique imm\u00e9diate des notions derni\u00e8rement apprises<\/strong> : oui, vous devez apprendre entre les RDV&#8230; Sinon vous tournez en rond avec les m\u00eames fautes, vieilles notions au lieu de les d\u00e9velopper.<br \/>\nLa formatrice n&rsquo;apprend pas \u00e0 votre place, pas plus que l&rsquo;aide IA&#8230;<br \/>\nR\u00e9visez, faites pleins de phrases en reprenant les structures apprises, les fautes sont les bien-venues! <\/span><br \/>\n<span style=\"font-family: verdana, geneva, sans-serif; color: #000080; font-size: 14px;\">2 &#8211; <strong>Correction explicative<\/strong> des erreurs de grammaire et faux-amis vers un enrichissement lexical\/grammatical selon le contexte et le niveau de l&rsquo;\u00e9change.\u00a0<\/span><br \/>\n<span style=\"font-family: verdana, geneva, sans-serif; color: #000080; font-size: 14px;\">3 &#8211; <strong>Hypnose immersive<\/strong> dans la langue d&rsquo;\u00e9tude (si option choisie).<\/span><\/p>\n<p><span style=\"font-family: verdana, geneva, sans-serif; color: #000080; font-size: 14px;\">Votre formatrice vous soutient dans votre apprentissage actif et vous pourrez rapidement constater une am\u00e9lioration dans la compr\u00e9hension et l&rsquo;expression orales.<\/span><\/p>\n<p><span style=\"font-family: verdana, geneva, sans-serif; color: #000080; font-size: 16px;\">Information sur le choix de nos tests de certification en 5 langues sans stress<\/span><\/p>\n<p><img loading=\"lazy\" decoding=\"async\" class=\"alignnone wp-image-17885\" src=\"https:\/\/www.leslanguessansstress.fr\/wp-content\/uploads\/2025\/04\/5-langues-sans-stress-a-La-Rochette-Qualiopi-CPF-300x48.png\" alt=\"\" width=\"388\" height=\"62\" srcset=\"https:\/\/www.leslanguessansstress.fr\/wp-content\/uploads\/2025\/04\/5-langues-sans-stress-a-La-Rochette-Qualiopi-CPF-300x48.png 300w, https:\/\/www.leslanguessansstress.fr\/wp-content\/uploads\/2025\/04\/5-langues-sans-stress-a-La-Rochette-Qualiopi-CPF-768x123.png 768w, https:\/\/www.leslanguessansstress.fr\/wp-content\/uploads\/2025\/04\/5-langues-sans-stress-a-La-Rochette-Qualiopi-CPF.png 934w\" sizes=\"auto, (max-width: 388px) 100vw, 388px\" \/><br \/>\n<span style=\"font-family: verdana, geneva, sans-serif; color: #000080; font-size: 14px;\"><strong>CLO\u00c9<\/strong> \u21d2 5 langues au choix, \u00a0 QCM 1 heure + entretien en Visio 15 minutes, <\/span><br \/>\n<span style=\"font-family: verdana, geneva, sans-serif; color: #000080; font-size: 14px;\">Certification \u00e9ligible au CPF par langue, <strong>validit\u00e9 \u00e0 vie<\/strong><\/span><br \/>\n<span style=\"font-family: verdana, geneva, sans-serif; color: #000080; font-size: 14px;\"><span style=\"color: #3366ff;\"><strong>Anglais<\/strong><\/span> : <a href=\"https:\/\/www.francecompetences.fr\/recherche\/rs\/6435\/\" target=\"_blank\" rel=\"noopener\">RS6435 enregistrement jusqu&rsquo;au 15-11-2026<\/a><\/span><br \/>\n<span style=\"font-family: verdana, geneva, sans-serif; color: #000080; font-size: 14px;\"><span style=\"color: #bf9900;\"><strong>Allemand<\/strong><\/span> : <a href=\"https:\/\/www.francecompetences.fr\/recherche\/rs\/6436\/\" target=\"_blank\" rel=\"noopener\">RS6436 enregistrement jusqu&rsquo;au 15-11-2026<\/a><\/span><br \/>\n<span style=\"font-family: verdana, geneva, sans-serif; color: #000080; font-size: 14px;\"><span style=\"color: #ff0000;\"><strong>Espagnol<\/strong><\/span> : <\/span><a href=\"https:\/\/www.francecompetences.fr\/recherche\/rs\/6437\/\" target=\"_blank\" rel=\"noopener\"><span style=\"font-family: verdana, geneva, sans-serif; color: #000080; font-size: 14px;\">RS6437 enregistrement jusqu&rsquo;au 15-11-2026<\/span><\/a><br \/>\n<span style=\"font-family: verdana, geneva, sans-serif; color: #000080; font-size: 14px;\"><span style=\"color: #008000;\"><strong>Italien<\/strong><\/span> : <a href=\"https:\/\/www.francecompetences.fr\/recherche\/rs\/6439\/\" target=\"_blank\" rel=\"noopener\">RS6439 enregistrement jusqu&rsquo;au 15-11-2026<\/a><\/span><br \/>\n<span style=\"font-family: verdana, geneva, sans-serif; color: #000080; font-size: 14px;\"><span style=\"color: #0000ff;\"><strong>FLE<\/strong><\/span> :\u00a0<\/span><a href=\"https:\/\/www.francecompetences.fr\/recherche\/rs\/6438\/\" target=\"_blank\" rel=\"noopener\"><span style=\"font-family: verdana, geneva, sans-serif; color: #000080; font-size: 14px;\">RS6438 \u00a0enregistrement jusqu&rsquo;au 15-11-2026<\/span><\/a><\/p>\n<p><img loading=\"lazy\" decoding=\"async\" class=\"alignnone wp-image-14185\" src=\"https:\/\/www.leslanguessansstress.fr\/wp-content\/uploads\/2022\/10\/FRANCAIS-ludique-et-sans-stress-FLE-CPF-300x198.jpg\" alt=\"\" width=\"119\" height=\"78\" srcset=\"https:\/\/www.leslanguessansstress.fr\/wp-content\/uploads\/2022\/10\/FRANCAIS-ludique-et-sans-stress-FLE-CPF-300x198.jpg 300w, https:\/\/www.leslanguessansstress.fr\/wp-content\/uploads\/2022\/10\/FRANCAIS-ludique-et-sans-stress-FLE-CPF.jpg 700w\" sizes=\"auto, (max-width: 119px) 100vw, 119px\" \/><br \/>\n<span style=\"font-family: verdana, geneva, sans-serif; color: #000080; font-size: 14px;\"><span style=\"color: #0000ff;\"><strong>LE ROBERT<\/strong><\/span> \u21d2 Fran\u00e7ais perfectionnement \u00e9crit, QCM 1 heure,<strong> validit\u00e9 \u00e0 vie<\/strong><\/span><br \/>\n<span style=\"font-family: verdana, geneva, sans-serif; color: #000080; font-size: 14px;\">Certification \u00e9ligible au CPF <a href=\"https:\/\/www.francecompetences.fr\/recherche\/rs\/7013\/\" target=\"_blank\" rel=\"noopener\">RS7013 enregistement jusqu&rsquo;au 31-01-2030<\/a>\u00a0<\/span><\/p>\n<p><img loading=\"lazy\" decoding=\"async\" class=\"alignnone wp-image-18656\" src=\"https:\/\/www.leslanguessansstress.fr\/wp-content\/uploads\/2025\/11\/Flag-of-the-USA-300x158.png\" alt=\"\" width=\"118\" height=\"62\" srcset=\"https:\/\/www.leslanguessansstress.fr\/wp-content\/uploads\/2025\/11\/Flag-of-the-USA-300x158.png 300w, https:\/\/www.leslanguessansstress.fr\/wp-content\/uploads\/2025\/11\/Flag-of-the-USA.png 500w\" sizes=\"auto, (max-width: 118px) 100vw, 118px\" \/><br \/>\n<span style=\"font-family: verdana, geneva, sans-serif; color: #000080; font-size: 14px;\"><span style=\"color: #3366ff;\"><strong>TOEIC<\/strong> English<\/span> \u21d2 \u00ab\u00a0American English writing\/listening\u00a0\u00bb ou \u00ab\u00a04 skills\u00a0\u00bb- validit\u00e9 2 ans<\/span><br \/>\n<span style=\"font-family: verdana, geneva, sans-serif; color: #000080; font-size: 14px;\">Certification \u00e9ligible au CPF <a href=\"https:\/\/www.francecompetences.fr\/recherche\/rs\/7229\/\" target=\"_blank\" rel=\"noopener\">RS7229 enregistrement jusqu&rsquo;au 18-07-2030<\/a> (4 skills test automatis\u00e9 de 4 heures)<\/span><\/p>\n<p>&nbsp;<\/p>\n<h2 style=\"font-weight: 400;\"><span style=\"color: #000080; font-family: verdana, geneva, sans-serif; font-size: 20px;\"><span style=\"caret-color: #ff6600;\">Animation d&rsquo;ateliers de pratique de la communication directe en langues sans stress\u00a0<\/span><\/span><\/h2>\n<pre><span style=\"font-family: verdana, geneva, sans-serif; color: #000080; font-size: 14px;\">5 langues de la d\u00e9couverte au perfectionnement pour enfants, adultes, professionnels : anglais , espagnol , italien , allemand , fran\u00e7ais grammaire-orthographe-syntaxe-lexique et FLE : fran\u00e7ais langue \u00e9trang\u00e8re,<\/span>\r\n<span style=\"font-family: verdana, geneva, sans-serif; color: #000080; font-size: 14px;\">Communication non violente, <\/span>\r\n<span style=\"font-family: verdana, geneva, sans-serif; color: #000080; font-size: 14px;\">Gestion du stress, <\/span>\r\n<span style=\"font-family: verdana, geneva, sans-serif; color: #000080; font-size: 14px;\">D\u00e9veloppement de l'estime de soi<\/span>\r\n<span style=\"font-family: verdana, geneva, sans-serif; color: #000080; font-size: 14px;\">Stage 2 jours pour apprendre \u00e0 g\u00e9rer et pr\u00e9venir le stress en entreprise  <\/span>\r\n<span style=\"font-family: verdana, geneva, sans-serif; color: #000080; font-size: 14px;\">Hypnose de relaxation et hypnose th\u00e9rapeutique <span style=\"font-size: 16px; font-family: verdana, geneva, sans-serif;\"><span style=\"color: #000080;\">\u2192 <a href=\"https:\/\/au-top-sans-stress.fr\/1-besoin-1-solution\/\" target=\"_blank\" rel=\"noopener\">ma pratique de l'hypnose en 5 langues<\/a><\/span><\/span><\/span>\r\n<span style=\"font-family: verdana, geneva, sans-serif; color: #000080; font-size: 14px;\">Massages relaxants t\u00eate et mains (allong\u00e9), sur v\u00eatements AMMA et AME (assis)<\/span>\r\n<span style=\"font-family: verdana, geneva, sans-serif; color: #000080; font-size: 14px;\">Stage auto massage de relaxation et\/ou autohypnose-massage<\/span>\r\n<span style=\"font-size: 14px;\"><a href=\"https:\/\/www.leslanguessansstress.fr\/index.php\/gerer-le-stress\/\" target=\"_blank\" rel=\"noopener\"><span style=\"color: #ff6600;\"><img loading=\"lazy\" decoding=\"async\" class=\"size-medium wp-image-14528 aligncenter\" src=\"https:\/\/www.leslanguessansstress.fr\/wp-content\/uploads\/2022\/02\/Patience-et-perse\u0301ve\u0301rence-atouts-langues-sans-stress-300x173.jpeg\" alt=\"\" width=\"300\" height=\"173\" srcset=\"https:\/\/www.leslanguessansstress.fr\/wp-content\/uploads\/2022\/02\/Patience-et-perse\u0301ve\u0301rence-atouts-langues-sans-stress-300x173.jpeg 300w, https:\/\/www.leslanguessansstress.fr\/wp-content\/uploads\/2022\/02\/Patience-et-perse\u0301ve\u0301rence-atouts-langues-sans-stress-1024x590.jpeg 1024w, https:\/\/www.leslanguessansstress.fr\/wp-content\/uploads\/2022\/02\/Patience-et-perse\u0301ve\u0301rence-atouts-langues-sans-stress-768x443.jpeg 768w, https:\/\/www.leslanguessansstress.fr\/wp-content\/uploads\/2022\/02\/Patience-et-perse\u0301ve\u0301rence-atouts-langues-sans-stress.jpeg 1280w\" sizes=\"auto, (max-width: 300px) 100vw, 300px\" \/><\/span><\/a><\/span><\/pre>\n<h2 style=\"font-weight: 400;\"><span style=\"color: #000080; font-family: verdana, geneva, sans-serif; font-size: 20px;\"><span style=\"caret-color: #ff6600;\">D\u00e9veloppement personnel<\/span><\/span><br \/>\n<span style=\"color: #000080; font-family: verdana, geneva, sans-serif; font-size: 20px;\"><span style=\"caret-color: #ff6600;\">Accompagnement en pr\u00e9paration mentale du sportif et du leadership <\/span><\/span><\/h2>\n<p><span style=\"font-family: verdana, geneva, sans-serif; color: #000080; font-size: 14px;\">Percevoir l\u2019importance des dimensions psychologique et mentale dans l\u2019activit\u00e9 des athl\u00e8tes et des personnes qui souhaitent d\u00e9velopper leurs comp\u00e9tences selon un objectif d\u00e9termin\u00e9.\u00a0<\/span><br \/>\n<span style=\"font-family: verdana, geneva, sans-serif; color: #000080; font-size: 14px;\">Accompagnement adapt\u00e9 au sportif, au comp\u00e9titeur individuel, aux besoins d&rsquo;un club et de tout interm\u00e9diaire ou partenaire de projet.<\/span><br \/>\n<span style=\"font-family: verdana, geneva, sans-serif; color: #000080; font-size: 14px;\">Adaptation de l&rsquo;accompagnement sportif au leadership, au groupe de l&rsquo;entreprise, \u00e0 l&rsquo;artiste et \u00e0 l&rsquo;individuel professionnel.<\/span><br \/>\n<span style=\"font-family: verdana, geneva, sans-serif; color: #000080; font-size: 14px;\">D\u00e9veloppement des comp\u00e9tences et des id\u00e9es innovantes selon un objectif d\u00e9termin\u00e9. <\/span><br \/>\n<span style=\"font-family: verdana, geneva, sans-serif; color: #000080; font-size: 14px;\">D\u00e9veloppement personnel, renforcement de la confiance en soi, r\u00e9flexion sur les choix de vie et prises de d\u00e9cision. <\/span><br \/>\n<span style=\"font-family: verdana, geneva, sans-serif; color: #000080; font-size: 14px;\">Ecoute et accompagnement avec hypnoth\u00e9rapie pour r\u00e9soudre une situation particuli\u00e8re ou vers l&rsquo;am\u00e9lioration du bien-\u00eatre. <\/span><\/p>\n<h2><a href=\"https:\/\/au-top-sans-stress.fr\/\" target=\"_blank\" rel=\"noopener\"><span style=\"font-family: verdana, geneva, sans-serif; color: #000080; font-size: 14px;\">Bienvenue au top sans stress\u00a0<\/span><\/a><span style=\"font-size: 14px;\"><a href=\"https:\/\/www.leslanguessansstress.fr\/index.php\/preparation-mentale\/\" target=\"_blank\" rel=\"noopener\"><img loading=\"lazy\" decoding=\"async\" class=\"wp-image-15970 aligncenter\" src=\"https:\/\/www.leslanguessansstress.fr\/wp-content\/uploads\/2024\/03\/objectifs-en-langues-sans-stress--300x300.png\" alt=\"\" width=\"191\" height=\"191\" srcset=\"https:\/\/www.leslanguessansstress.fr\/wp-content\/uploads\/2024\/03\/objectifs-en-langues-sans-stress--300x300.png 300w, https:\/\/www.leslanguessansstress.fr\/wp-content\/uploads\/2024\/03\/objectifs-en-langues-sans-stress--1024x1024.png 1024w, https:\/\/www.leslanguessansstress.fr\/wp-content\/uploads\/2024\/03\/objectifs-en-langues-sans-stress--150x150.png 150w, https:\/\/www.leslanguessansstress.fr\/wp-content\/uploads\/2024\/03\/objectifs-en-langues-sans-stress--768x768.png 768w, https:\/\/www.leslanguessansstress.fr\/wp-content\/uploads\/2024\/03\/objectifs-en-langues-sans-stress-.png 1280w\" sizes=\"auto, (max-width: 191px) 100vw, 191px\" \/><\/a><\/span><\/h2>\n<h2 style=\"font-weight: 400;\"><span style=\"color: #ff6600; font-family: verdana, geneva, sans-serif; font-size: 20px;\">Processus d&rsquo;inscription \u00e0 une prestation Au top avec Les langues sans stress, prix et financement<\/span><\/h2>\n<p style=\"font-weight: 400;\"><span style=\"color: #000080; font-family: verdana, geneva, sans-serif; font-size: 14px;\"><a href=\"https:\/\/www.leslanguessansstress.fr\/index.php\/prix-financement\/\" target=\"_blank\" rel=\"noopener\">Prix et financement des prestations gestion du stress, langues et hypnose<\/a>\u00a0<\/span><\/p>\n<p style=\"font-weight: 400;\"><span style=\"color: #000080; font-family: verdana, geneva, sans-serif; font-size: 14px;\"><a href=\"https:\/\/www.leslanguessansstress.fr\/wp-content\/uploads\/2025\/06\/ASSO-inscription-2025-2026.pdf\" target=\"_blank\" rel=\"noopener\">Adh\u00e9sion \u00e0 l&rsquo;association<\/a> LES LANGUES SANS STRESS Loi 1901 pour des \u00e9changes conviviaux en ateliers langues et\/ou hypnose et gestion du stress\u00a0<\/span><\/p>\n<p style=\"font-weight: 400;\"><span style=\"color: #000080; font-family: verdana, geneva, sans-serif; font-size: 14px;\"><a href=\"https:\/\/www.leslanguessansstress.fr\/index.php\/contact\/\" target=\"_blank\" rel=\"noopener\">Contact pour demande d\u00e9taill\u00e9e<\/a> (situation besoins) pour recevoir un devis-programme sur-mesure avec proposition dates de session et agenda des entretiens individualis\u00e9s selon informations re\u00e7ues\u00a0<\/span><\/p>\n<p style=\"font-weight: 400;\"><span style=\"color: #000080; font-family: verdana, geneva, sans-serif; font-size: 14px;\"><strong>Vous avez d\u00e9j\u00e0 rep\u00e9r\u00e9 une formation sp\u00e9cifique \u00e9ligible au CPF ?<\/strong> <\/span><br \/>\n<span style=\"color: #000080; font-family: verdana, geneva, sans-serif; font-size: 14px;\"><a href=\"https:\/\/www.moncompteformation.gouv.fr\/espace-prive\/html\/#\/\" target=\"_blank\" rel=\"noopener\">MON COMPTE FORMATION<\/a> formations \u00e9ligibles CPF (devis\/programmes personnalisables si demande d\u00e9taill\u00e9e)<\/span><br \/>\n<span style=\"color: #000080; font-family: verdana, geneva, sans-serif; font-size: 14px;\">Je re\u00e7ois votre demande \u00ab\u00a0formation \u00e9ligible CPF\u00a0\u00bb imm\u00e9diatement, soit entre 2 \u00e0 5 minutes! <\/span><br \/>\n<span style=\"color: #000080; font-family: verdana, geneva, sans-serif; font-size: 14px;\">Si vous ne recevez pas de mes nouvelles dans la journ\u00e9e, c&rsquo;est que <span style=\"text-decoration: underline;\">votre inscription n&rsquo;a pas abouti sur MON COMPTE FORMATION et que vous devez mettre \u00e0 jour vos donn\u00e9es personnelles<\/span>. Si besoin faites-vous aider gratuitement par votre bureau communal France Service pour gagner du temps dans les d\u00e9marches Identit\u00e9 Num\u00e9rique. \u00a0<\/span><\/p>\n<h3><strong><span style=\"color: #000080; font-family: verdana, geneva, sans-serif;\"><span style=\"font-size: 14px;\">&#8211; <\/span><\/span><span style=\"color: #000080; font-family: verdana, geneva, sans-serif;\"><span style=\"font-size: 14px;\">Vous avez besoin de conseil ou de personnaliser la formation ?<\/span><\/span><\/strong><\/h3>\n<p><span style=\"color: #000080; font-family: verdana, geneva, sans-serif;\"><span style=\"font-weight: 400; font-size: 14px;\"><a href=\"https:\/\/www.leslanguessansstress.fr\/index.php\/contact\/\" target=\"_blank\" rel=\"noopener\">Contactez-moi<\/a> en d\u00e9crivant <\/span><span style=\"font-size: 14px;\">votre<\/span><span style=\"font-weight: 400; font-size: 14px;\"> besoin ou vos attentes, je serai ravie de vous venir en aide dans le choix des modalit\u00e9s et ressources et vous expliquerai tout le processus \u00e0 suivre. \u00a0<\/span><\/span><\/p>\n<h3><strong><span style=\"color: #000080; font-family: verdana, geneva, sans-serif;\"><span style=\"font-size: 14px;\">&#8211; <\/span><\/span><span style=\"color: #000080; font-family: verdana, geneva, sans-serif;\"><span style=\"font-size: 14px;\">Vous \u00eates ind\u00e9cis sur votre besoin ou autre chose ? <\/span><\/span><\/strong><br \/>\n<span style=\"font-weight: 400; font-size: 14px;\">Contactez l&rsquo;un de nos partenaires en amont du choix de la formation : <\/span><\/h3>\n<p><span style=\"color: #000080; font-family: verdana, geneva, sans-serif;\"><span style=\"font-weight: 400; font-size: 14px;\"><a href=\"https:\/\/www.onisep.fr\/metier\/des-metiers-selon-mes-gouts\/j-aime-les-langues\" target=\"_blank\" rel=\"noopener\">Quelles langues pour quels m\u00e9tiers<\/a> ; <\/span><\/span><br \/>\n<span style=\"color: #000080; font-family: verdana, geneva, sans-serif;\"><span style=\"font-weight: 400; font-size: 14px;\"><a href=\"https:\/\/www.francetravail.fr\/candidat\/en-formation\/mes-aides-financieres\/jai-repere-des-formations-intere.html\" target=\"_blank\" rel=\"noopener\">Comment financer ma formation<\/a> ; <\/span><\/span><br \/>\n<span style=\"color: #000080; font-family: verdana, geneva, sans-serif;\"><span style=\"font-weight: 400; font-size: 14px;\"><a href=\"https:\/\/www.moncompteformation.gouv.fr\/espace-prive\/html\/#\/formation\/recherche\" target=\"_blank\" rel=\"noopener\">Mon compte formation<\/a> ; <\/span><\/span><br \/>\n<span style=\"color: #000080; font-family: verdana, geneva, sans-serif;\"><span style=\"font-weight: 400; font-size: 14px;\"><a href=\"https:\/\/www.francetravail.fr\/actualites\/a-laffiche\/2025\/france-travail-une-nouvelle-page.html\" target=\"_blank\" rel=\"noopener\">France Travail<\/a> ; <\/span><\/span><br \/>\n<span style=\"color: #000080; font-family: verdana, geneva, sans-serif;\"><span style=\"font-weight: 400; font-size: 14px;\"><a href=\"https:\/\/www.moncompteformation.gouv.fr\/espace-prive\/html\/#\/conseil\" target=\"_blank\" rel=\"noopener\">Conseil en \u00e9volution<\/a> ; <\/span><\/span><br \/>\n<span style=\"color: #000080; font-family: verdana, geneva, sans-serif;\"><span style=\"font-weight: 400; font-size: 14px;\"><a href=\"https:\/\/www.1jeune1solution.gouv.fr\/\" target=\"_blank\" rel=\"noopener\">Tremplin des jeunes<\/a> ; <\/span><\/span><br \/>\n<span style=\"color: #000080; font-family: verdana, geneva, sans-serif;\"><span style=\"font-weight: 400; font-size: 14px;\"><a href=\"https:\/\/politiques-sociales.caissedesdepots.fr\/\" target=\"_blank\" rel=\"noopener\">Caisse des D\u00e9p\u00f4ts<\/a>\u00a0<\/span><\/span><\/p>\n<p>&nbsp;<\/p>\n<p><span style=\"font-family: verdana, geneva, sans-serif;\"><span style=\"color: #000080;\">1 Information compl\u00e8te des formations, m\u00e9thode, cours et certification, financements dont le CPF \u2192<\/span> <span style=\"font-size: 20px;\"><a href=\"https:\/\/www.leslanguessansstress.fr\/index.php\/2025\/10\/14\/livret-daccueil-du-stagiaire\/\" target=\"_blank\" rel=\"noopener\">Livret d&rsquo;Accueil<\/a> <\/span><\/span><br \/>\n<span style=\"font-size: 16px; font-family: verdana, geneva, sans-serif;\"><span style=\"color: #000080;\">2 Gestion du stress \u2192 stage entreprise &#8211; massage de relaxation &#8211; repos du corps, r\u00e9veil des sens (non m\u00e9dicaux) \u00a0<\/span><\/span><br \/>\n<span style=\"font-size: 16px; font-family: verdana, geneva, sans-serif;\"><span style=\"color: #000080;\">3 Pr\u00e9paration mentale du sportif et leadership \u2192 <a href=\"https:\/\/au-top-sans-stress.fr\/preparation-mentale\/\" target=\"_blank\" rel=\"noopener\">au-top-sans-stress.fr<\/a> <\/span><\/span><br \/>\n<span style=\"font-size: 16px; font-family: verdana, geneva, sans-serif;\"><span style=\"color: #000080;\">4 Prestations de d\u00e9veloppement personnel<br \/>\n5 Ateliers de pratique ludique : langues &#8211; hypnose \u00a0<\/span><\/span><\/p>\n","protected":false},"excerpt":{"rendered":"<p>Information \u00e0 lire de pr\u00e9f\u00e9rence depuis un ordinateur Bienvenue Au Top avec Les Langues Sans<\/p>\n","protected":false},"author":3,"featured_media":13163,"parent":0,"menu_order":0,"comment_status":"closed","ping_status":"closed","template":"template-home.php","meta":{"footnotes":""},"class_list":["post-11531","page","type-page","status-publish","has-post-thumbnail","hentry"],"_links":{"self":[{"href":"https:\/\/www.leslanguessansstress.fr\/index.php\/wp-json\/wp\/v2\/pages\/11531","targetHints":{"allow":["GET"]}}],"collection":[{"href":"https:\/\/www.leslanguessansstress.fr\/index.php\/wp-json\/wp\/v2\/pages"}],"about":[{"href":"https:\/\/www.leslanguessansstress.fr\/index.php\/wp-json\/wp\/v2\/types\/page"}],"author":[{"embeddable":true,"href":"https:\/\/www.leslanguessansstress.fr\/index.php\/wp-json\/wp\/v2\/users\/3"}],"replies":[{"embeddable":true,"href":"https:\/\/www.leslanguessansstress.fr\/index.php\/wp-json\/wp\/v2\/comments?post=11531"}],"version-history":[{"count":37,"href":"https:\/\/www.leslanguessansstress.fr\/index.php\/wp-json\/wp\/v2\/pages\/11531\/revisions"}],"predecessor-version":[{"id":14259,"href":"https:\/\/www.leslanguessansstress.fr\/index.php\/wp-json\/wp\/v2\/pages\/11531\/revisions\/14259"}],"wp:featuredmedia":[{"embeddable":true,"href":"https:\/\/www.leslanguessansstress.fr\/index.php\/wp-json\/wp\/v2\/media\/13163"}],"wp:attachment":[{"href":"https:\/\/www.leslanguessansstress.fr\/index.php\/wp-json\/wp\/v2\/media?parent=11531"}],"curies":[{"name":"wp","href":"https:\/\/api.w.org\/{rel}","templated":true}]}}